{"id":1638,"date":"2024-04-26T05:01:04","date_gmt":"2024-04-26T05:01:04","guid":{"rendered":"https:\/\/kolibrici.hr\/index.php\/nasa-prica-2\/"},"modified":"2024-04-26T05:01:46","modified_gmt":"2024-04-26T05:01:46","slug":"nasa-prica-2","status":"publish","type":"page","link":"https:\/\/kolibrici.hr\/index.php\/nasa-prica-2\/","title":{"rendered":"NA\u0160A PRI\u010cA"},"content":{"rendered":"<div class=\"\" style=\"\" >\n  \n    <section class=\"u-clearfix u-section-1\" id=\"carousel_9582\">\n      <div class=\"u-clearfix u-sheet u-valign-middle-md u-valign-middle-sm u-valign-middle-xs u-sheet-1\">\n        <div class=\"u-expanded-width-md u-expanded-width-sm u-expanded-width-xs u-gradient u-radius-20 u-shape u-shape-round u-shape-1\"><\/div>\n        <img decoding=\"async\" class=\"u-image u-image-round u-radius-20 u-image-1\" src=\"https:\/\/kolibrici.hr\/wp-content\/uploads\/2024\/04\/25-1310x640-1.jpg\" data-image-width=\"1310\" data-image-height=\"640\">\n        <div class=\"u-container-style u-group u-group-1\">\n          <div class=\"u-container-layout u-valign-top u-container-layout-1\">\n            <h3 class=\"u-text u-text-body-alt-color u-text-default u-text-1\">MATE<br>\n            <\/h3>\n            <p class=\"u-text u-text-body-alt-color u-text-2\"> \u201d Bila sam izgubljena, morala&nbsp;sam odlu\u010diti ho\u0107e li ostati na<br>respiratoru ili \u0107e ga skinuti s&nbsp;njega i prepustiti ga sudbini. Ako ga skinem s aparata, oti\u0161li bismo ku\u0107i i \u010dekali trenutak kada \u0107e Mate prestati disati\u201d\n            <\/p>\n            <a href=\"https:\/\/kolibrici.hr\/index.php\/mate-2\/\" class=\"u-active-white u-border-2 u-border-white u-btn u-btn-round u-button-style u-hover-white u-none u-radius-50 u-btn-1\">Pro\u010ditaj vi\u0161e<\/a>\n          <\/div>\n        <\/div>\n      <\/div>\n    <\/section>\n    <section class=\"u-clearfix u-section-2\" id=\"carousel_e9db\">\n      <div class=\"u-clearfix u-sheet u-valign-middle-md u-valign-middle-sm u-valign-middle-xs u-sheet-1\">\n        <div class=\"u-expanded-width-md u-expanded-width-sm u-expanded-width-xs u-gradient u-radius-20 u-shape u-shape-round u-shape-1\"><\/div>\n        <img decoding=\"async\" class=\"u-image u-image-round u-radius-20 u-image-1\" src=\"https:\/\/kolibrici.hr\/wp-content\/uploads\/2024\/04\/Obitelj-Zulj1.jpg\" data-image-width=\"640\" data-image-height=\"480\">\n        <div class=\"u-container-style u-group u-group-1\">\n          <div class=\"u-container-layout u-valign-top u-container-layout-1\">\n            <h3 class=\"u-text u-text-body-alt-color u-text-default u-text-1\">SONJA<br>\n            <\/h3>\n            <p class=\"u-text u-text-body-alt-color u-text-2\"> Nevjerojatna je to pri\u010da o hrabrosti i po\u017ertvovnosti roditelja male&nbsp;<b>Sonje<\/b>&nbsp;koja boluje od iznimno rijetke bolesti Marshall-Smith sindroma.\n            <\/p>\n            <a href=\"https:\/\/kolibrici.hr\/index.php\/sonja-2\/\" class=\"u-active-white u-border-2 u-border-white u-btn u-btn-round u-button-style u-hover-white u-none u-radius-50 u-btn-1\">Pro\u010ditaj vi\u0161e<\/a>\n          <\/div>\n        <\/div>\n      <\/div>\n    <\/section>\n    <section class=\"u-clearfix u-section-3\" id=\"carousel_9516\">\n      <div class=\"u-clearfix u-sheet u-valign-middle-md u-valign-middle-sm u-valign-middle-xs u-sheet-1\">\n        <div class=\"u-expanded-width-md u-expanded-width-sm u-expanded-width-xs u-gradient u-radius-20 u-shape u-shape-round u-shape-1\"><\/div>\n        <img decoding=\"async\" class=\"u-image u-image-round u-radius-20 u-image-1\" src=\"https:\/\/kolibrici.hr\/wp-content\/uploads\/2024\/04\/Anamarija-Cindric1.jpg\" data-image-width=\"640\" data-image-height=\"480\">\n        <div class=\"u-container-style u-group u-group-1\">\n          <div class=\"u-container-layout u-valign-top u-container-layout-1\">\n            <h3 class=\"u-text u-text-body-alt-color u-text-default u-text-1\">LEONA<\/h3>\n            <p class=\"u-text u-text-body-alt-color u-text-2\">Anamarija Bobinac postala je majka nakon savr\u0161ene trudno\u0107e i jo\u0161 lak\u0161eg poroda zdrave k\u0107eri - Leone Mihali\u0107.&nbsp;<\/p>\n            <a href=\"https:\/\/kolibrici.hr\/index.php\/leona-2\/\" class=\"u-active-white u-border-2 u-border-white u-btn u-btn-round u-button-style u-hover-white u-none u-radius-50 u-btn-1\">Pro\u010ditaj vi\u0161e<\/a>\n          <\/div>\n        <\/div>\n      <\/div>\n    <\/section>\n    <section class=\"u-clearfix u-section-4\" id=\"carousel_5215\">\n      <div class=\"u-clearfix u-sheet u-valign-middle-md u-valign-middle-sm u-valign-middle-xs u-sheet-1\">\n        <div class=\"u-expanded-width-md u-expanded-width-sm u-expanded-width-xs u-gradient u-radius-20 u-shape u-shape-round u-shape-1\"><\/div>\n        <img decoding=\"async\" class=\"u-image u-image-round u-radius-20 u-image-1\" src=\"https:\/\/kolibrici.hr\/wp-content\/uploads\/2024\/04\/Emili.jpg\" data-image-width=\"630\" data-image-height=\"420\">\n        <div class=\"u-container-style u-group u-group-1\">\n          <div class=\"u-container-layout u-valign-top u-container-layout-1\">\n            <h3 class=\"u-text u-text-body-alt-color u-text-default u-text-1\">EMILI<\/h3>\n            <p class=\"u-text u-text-body-alt-color u-text-2\">Vidjeti nju kako se smije unato\u010d cijevi koja joj viri iz usta, kako se veseli kada joj pri\u0111em, kada joj pjevam, kada se igramo igra\u010dkicama, kako onda iskop\u010dati aparat koji ju dr\u017ei na \u017eivotu?&nbsp;<\/p>\n            <a href=\"https:\/\/kolibrici.hr\/index.php\/emili-6\/\" class=\"u-active-white u-border-2 u-border-white u-btn u-btn-round u-button-style u-hover-white u-none u-radius-50 u-btn-1\">Pro\u010ditaj vi\u0161e<\/a>\n          <\/div>\n        <\/div>\n      <\/div>\n    <\/section>\n    <section class=\"u-clearfix u-section-5\" id=\"carousel_a5b5\">\n      <div class=\"u-clearfix u-sheet u-valign-middle-md u-valign-middle-sm u-valign-middle-xs u-sheet-1\">\n        <div class=\"u-expanded-width-md u-expanded-width-sm u-expanded-width-xs u-gradient u-radius-20 u-shape u-shape-round u-shape-1\"><\/div>\n        <img decoding=\"async\" class=\"u-image u-image-round u-radius-20 u-image-1\" src=\"https:\/\/kolibrici.hr\/wp-content\/uploads\/2024\/04\/angel-569230_960_720-300x300-1.jpg\" data-image-width=\"300\" data-image-height=\"300\">\n        <div class=\"u-container-style u-group u-group-1\">\n          <div class=\"u-container-layout u-valign-top u-container-layout-1\">\n            <h3 class=\"u-text u-text-body-alt-color u-text-default u-text-1\">ARNA FRANA<\/h3>\n            <p class=\"u-text u-text-body-alt-color u-text-2\">Do 8. svibnja 2006. moj je \u017eivot bio sasvim obi\u010dan \u2013 i tada sam rodila Arnu Franu. Do tada sam imala malu obitelj, curicu od dvije godine, ideju kako je lijepo da ne\u0107e biti velika dobna razlika me\u0111u njima dvjema.<\/p>\n            <a href=\"https:\/\/kolibrici.hr\/index.php\/arna-frana-2\/\" class=\"u-active-white u-border-2 u-border-white u-btn u-btn-round u-button-style u-hover-white u-none u-radius-50 u-btn-1\">Pro\u010ditaj vi\u0161e<\/a>\n          <\/div>\n        <\/div>\n      <\/div>\n    <\/section>\n    <section class=\"u-clearfix u-section-6\" id=\"carousel_7a07\">\n      <div class=\"u-clearfix u-sheet u-valign-middle-md u-valign-middle-sm u-valign-middle-xs u-sheet-1\">\n        <div class=\"u-expanded-width-md u-expanded-width-sm u-expanded-width-xs u-gradient u-radius-20 u-shape u-shape-round u-shape-1\"><\/div>\n        <img decoding=\"async\" class=\"u-image u-image-round u-radius-20 u-image-1\" src=\"https:\/\/kolibrici.hr\/wp-content\/uploads\/2024\/04\/hero-nikola.jpg\" data-image-width=\"620\" data-image-height=\"350\">\n        <div class=\"u-container-style u-group u-group-1\">\n          <div class=\"u-container-layout u-valign-top u-container-layout-1\">\n            <h3 class=\"u-text u-text-body-alt-color u-text-default u-text-1\">NIKOLA<\/h3>\n            <p class=\"u-text u-text-body-alt-color u-text-2\">Jedna od osniva\u010dica udruge Kolibri\u0107i, Anamarija Bartolin\u010di\u0107, mislila je da njezin Nikola zbog preranog poro\u0111aja ne\u0107e pre\u017eivjeti. No ono \u0161to je mogla biti tragedija, za Anamariju je postalo izazov.&nbsp;<\/p>\n            <a href=\"https:\/\/kolibrici.hr\/index.php\/nikola-2\/\" class=\"u-active-white u-border-2 u-border-white u-btn u-btn-round u-button-style u-hover-white u-none u-radius-50 u-btn-1\">Pro\u010ditaj vi\u0161e<\/a>\n          <\/div>\n        <\/div>\n      <\/div>\n    <\/section>\n    \n    \n    \n    \n  \n<\/div>","protected":false},"excerpt":{"rendered":"<p>MATE \u201d Bila sam izgubljena, morala&nbsp;sam odlu\u010diti ho\u0107e li ostati narespiratoru ili \u0107e ga skinuti s&nbsp;njega i prepustiti ga sudbini. Ako ga skinem s aparata, oti\u0161li bismo ku\u0107i i \u010dekali trenutak kada \u0107e Mate prestati disati\u201d Pro\u010ditaj vi\u0161e SONJA Nevjerojatna je to pri\u010da o hrabrosti i po\u017ertvovnosti roditelja male&nbsp;Sonje&nbsp;koja boluje od iznimno rijetke bolesti Marshall-Smith [&hellip;]<\/p>\n","protected":false},"author":1,"featured_media":0,"parent":0,"menu_order":25,"comment_status":"closed","ping_status":"closed","template":"","meta":{"footnotes":""},"_links":{"self":[{"href":"https:\/\/kolibrici.hr\/index.php\/wp-json\/wp\/v2\/pages\/1638"}],"collection":[{"href":"https:\/\/kolibrici.hr\/index.php\/wp-json\/wp\/v2\/pages"}],"about":[{"href":"https:\/\/kolibrici.hr\/index.php\/wp-json\/wp\/v2\/types\/page"}],"author":[{"embeddable":true,"href":"https:\/\/kolibrici.hr\/index.php\/wp-json\/wp\/v2\/users\/1"}],"replies":[{"embeddable":true,"href":"https:\/\/kolibrici.hr\/index.php\/wp-json\/wp\/v2\/comments?post=1638"}],"version-history":[{"count":1,"href":"https:\/\/kolibrici.hr\/index.php\/wp-json\/wp\/v2\/pages\/1638\/revisions"}],"predecessor-version":[{"id":1775,"href":"https:\/\/kolibrici.hr\/index.php\/wp-json\/wp\/v2\/pages\/1638\/revisions\/1775"}],"wp:attachment":[{"href":"https:\/\/kolibrici.hr\/index.php\/wp-json\/wp\/v2\/media?parent=1638"}],"curies":[{"name":"wp","href":"https:\/\/api.w.org\/{rel}","templated":true}]}}