{"id":1660,"date":"2024-04-26T05:01:26","date_gmt":"2024-04-26T05:01:26","guid":{"rendered":"https:\/\/kolibrici.hr\/index.php\/pravo-na-uvecani-djecji-2\/"},"modified":"2024-04-26T05:01:50","modified_gmt":"2024-04-26T05:01:50","slug":"pravo-na-uvecani-djecji-2","status":"publish","type":"page","link":"https:\/\/kolibrici.hr\/index.php\/pravo-na-uvecani-djecji-2\/","title":{"rendered":"Pravo na uve\u0107ani dje\u010dji"},"content":{"rendered":"<div class=\"\" style=\"\" >\n  \n    <section class=\"u-align-left u-clearfix u-section-1\" id=\"sec-4dc5\">\n      <div class=\"u-clearfix u-sheet u-sheet-1\">\n        <div class=\"fr-view u-clearfix u-rich-text u-text u-text-1\">\n          <h1 style=\"text-align: left;\">\n            <span class=\"u-text-palette-3-base\">Pravo na uve\u0107ani dje\u010dji doplatak<\/span>\n          <\/h1>\n          <p id=\"isPasted\">\n            <span class=\"u-text-palette-3-base\">Tko su korisnici prava<\/span>\n          <\/p>\n          <p>Pravo na doplatak za djecu mo\u017ee ostvariti roditelj, posvojitelj, skrbnik, o\u010duh, ma\u0107eha, baka, djed i osoba kojoj je, na temelju rje\u0161enja nadle\u017enog tijela za poslove socijalne skrbi, dijete povjereno na \u010duvanje i odgoj za svu djecu koju uzdr\u017eava, pod uvjetima utvr\u0111enim Zakonom;<\/p>\n          <p>korisnik doplatka za djecu mo\u017ee biti i punoljetno dijete bez oba roditelja koje je na redovitom \u0161kolovanju.<\/p>\n          <p>Doplatak za djecu pripada za djecu ro\u0111enu u braku, izvan braka, za posvojenu djecu ili pastor\u010dad, a kada djeca nemaju roditelje i za uzdr\u017eavanu unu\u010dad i drugu djecu bez roditelja.<\/p>\n          <p>\n            <span class=\"u-text-palette-3-base\">Vrste uve\u0107anog dje\u010djeg doplatka<\/span>\n          <\/p>\n          <p>Uve\u0107ani dje\u010dji doplatak za dijete s lak\u0161im o\u0161te\u0107enjem zdravlja<\/p>\n          <p>Uve\u0107ani dje\u010dji doplatak za dijete s te\u017eim o\u0161te\u0107enjem zdravlja<\/p>\n          <p>\n            <span class=\"u-text-palette-3-base\">Iznos uve\u0107anog dje\u010djeg doplatka za dijete s lak\u0161im o\u0161te\u0107enjem zdravlja<\/span>\n          <\/p>\n          <p>25% ve\u0107a svota od pripadaju\u0107e svote doplatka i mjese\u010dno mo\u017ee iznositi 374,18 kn, 311,81 kn ili 249,45 kn).<\/p>\n          <p>\n            <span class=\"u-text-palette-3-base\">Iznos uve\u0107anog dje\u010djeg doplatka za dijete s te\u017eim o\u0161te\u0107enjem zdravlja<\/span>\n          <\/p>\n          <p>25 % od prora\u010dunske osnovice i mjese\u010dno iznosi 831, 50 kn<\/p>\n        <\/div>\n        <blockquote class=\"u-text u-text-2\"> Dijete s te\u017eim ili te\u0161kim invaliditetom<br>Dono\u0161enjem Zakona o izmjenama i dopunama Zakona o doplatku za djecu (\u201eNarodne Novine\u201c broj: 82\/15.),&nbsp;izmijenjena je odredba, prema kojoj za dijete s te\u017eim o\u0161te\u0107enjem zdravlja, utvr\u0111enim prema posebnim propisima pripada doplatak za djecu do kraja kalendarske godine u kojoj navr\u0161ava 27 godina \u017eivota. Prema novoj odredbi pravo na doplatak za dijete s te\u017eim ili te\u0161kim invaliditetom, utvr\u0111enim prema posebnim propisima, pripada od dana podno\u0161enja zahtjeva za ostvarivanje prava na doplatak i traje sve dok taj invaliditet postoji.<br>Pravo na doplatak za dijete s te\u017eim ili te\u0161kim invaliditetom pripada pod uvjetom da je invaliditet nastao prije 18. godine \u017eivota ili za vrijeme redovitog \u0161kolovanja djeteta.\n        <\/blockquote>\n      <\/div>\n    <\/section>\n    <section class=\"u-align-left u-clearfix u-section-2\" id=\"sec-04b8\">\n      <div class=\"u-clearfix u-sheet u-valign-middle u-sheet-1\">\n        <div class=\"fr-view u-clearfix u-rich-text u-text u-text-1\">\n          <p style=\"text-align: left;\">\n            <span class=\"u-text-palette-3-base\">Doplatak za djecu ne pripada korisniku:<\/span>\n          <\/p>\n          <ul style=\"box-sizing: border-box; margin: 0px 0px 20px 7px; padding: 0px; border: 0px rgb(0, 0, 0); font-style: normal; font-variant-ligatures: normal; font-variant-caps: normal; font-variant-numeric: inherit; font-variant-east-asian: inherit; font-weight: 400; font-stretch: inherit; font-size: 15px; line-height: inherit; font-family: &quot;open sans&quot;, Helvetica, Arial, sans-serif; vertical-align: baseline; list-style: outside disc; color: rgb(0, 0, 0); letter-spacing: normal; orphans: 2; text-align: start; text-indent: 0px; text-transform: none; white-space: normal; widows: 2; word-spacing: 0px; -webkit-text-stroke-width: 0px; background-color: rgb(248, 248, 248); text-decoration-thickness: initial; text-decoration-style: initial; text-decoration-color: initial;\">\n            <li style=\"box-sizing: border-box; margin: 0px 0px 0px 1em; padding: 3px 0px; border: 0px rgb(0, 0, 0); font: inherit; vertical-align: baseline;\">za vrijeme dok se dijete nalazi na \u0161kolovanju u inozemstvu osim ako me\u0111unarodnim ugovorom ili pravilima Europske unije o koordinaciji sustava socijalne sigurnosti nije druk\u010dije odre\u0111eno;<\/li>\n            <li style=\"box-sizing: border-box; margin: 0px 0px 0px 1em; padding: 3px 0px; border: 0px rgb(0, 0, 0); font: inherit; vertical-align: baseline;\">za dijete koje je stalno smje\u0161teno u ustanovi u kojoj ima uzdr\u017eavanje na teret dr\u017eavnog prora\u010duna;<\/li>\n            <li style=\"box-sizing: border-box; margin: 0px 0px 0px 1em; padding: 3px 0px; border: 0px rgb(0, 0, 0); font: inherit; vertical-align: baseline;\">pravo na doplatak za djecu prestaje stupanjem tog djeteta u brak.<\/li>\n          <\/ul>\n          <p>&nbsp;<\/p>\n          <p>\n            <span class=\"u-text-palette-3-base\" style=\"font-weight: 700;\">Podno\u0161enje zahtjeva<\/span>\n          <\/p>\n          <p>\n            <span class=\"u-text-palette-3-base\" style=\"font-weight: 700;\">&nbsp;VA\u017dNO!!!<\/span>\n          <\/p>\n          <p>Pravo na doplatak ostvaruje se na osnovi zahtjeva podnesenog do 1. o\u017eujka. Ako se zahtjev za nastavno ostvarivanje prava ne podnese do 1. o\u017eujka teku\u0107e godine, pravo se mo\u017ee ostvariti, ali ne nastavno od 1. o\u017eujka, ve\u0107 od datuma kada je zahtjev podnesen.<\/p>\n          <p>Zahtjev se podnosi nadle\u017enoj podru\u010dnoj slu\u017ebi Zavoda prema mjestu prebivali\u0161ta podnositelja zahtjeva. Zahtjev se mo\u017ee dostaviti osobno ili po\u0161tom, mo\u017ee se podnijeti i usmeno u zapisnik. &nbsp;Uz zahtjev se podnosi odre\u0111ena DOKUMENTACIJA, ovisno o tome &nbsp;je li podnositelj zahtjeva ve\u0107 korisnik doplatka za djecu ili zahtjev podnosi prvi put.<\/p>\n          <ul style=\"box-sizing: border-box; margin: 0px 0px 20px 7px; padding: 0px; border: 0px rgb(0, 0, 0); font-style: normal; font-variant-ligatures: normal; font-variant-caps: normal; font-variant-numeric: inherit; font-variant-east-asian: inherit; font-weight: 400; font-stretch: inherit; font-size: 15px; line-height: inherit; font-family: &quot;open sans&quot;, Helvetica, Arial, sans-serif; vertical-align: baseline; list-style: outside disc; color: rgb(0, 0, 0); letter-spacing: normal; orphans: 2; text-align: start; text-indent: 0px; text-transform: none; white-space: normal; widows: 2; word-spacing: 0px; -webkit-text-stroke-width: 0px; background-color: rgb(248, 248, 248); text-decoration-thickness: initial; text-decoration-style: initial; text-decoration-color: initial;\">\n            <li style=\"box-sizing: border-box; margin: 0px 0px 0px 1em; padding: 3px 0px; border: 0px rgb(0, 0, 0); font: inherit; vertical-align: baseline;\">\n              <span class=\"u-text-palette-3-base\">Uz zahtjev za prvo priznavanje prava na doplatak za djecu (NOVI KORISNICI):<\/span>\n            <\/li>\n          <\/ul>\n          <p>Podaci za identifikaciju podnositelja zahtjeva, djece i \u010dlanova ku\u0107anstva: preslika osobne iskaznice, preslika potvrde iz matica ili elektroni\u010dki zapis iz matica e-Gra\u0111ani &nbsp;(potvrda o ro\u0111enju, vjen\u010danju, razvodu)<\/p>\n          <p>\u2013 potvrda MUP-a o statusu azilanta, stranca pod supsidijarnom za\u0161titom ili statusa \u010dlana njihove obitelji<\/p>\n          <p>\u2013 &nbsp;rje\u0161enje centra za socijalnu skrb, odnosno odluka suda (o skrbni\u0161tvu, udomiteljstvu, o \u010duvanju i odgoju djeteta).<\/p>\n          <ul style=\"box-sizing: border-box; margin: 0px 0px 20px 7px; padding: 0px; border: 0px rgb(0, 0, 0); font-style: normal; font-variant-ligatures: normal; font-variant-caps: normal; font-variant-numeric: inherit; font-variant-east-asian: inherit; font-weight: 400; font-stretch: inherit; font-size: 15px; line-height: inherit; font-family: &quot;open sans&quot;, Helvetica, Arial, sans-serif; vertical-align: baseline; list-style: outside disc; color: rgb(0, 0, 0); letter-spacing: normal; orphans: 2; text-align: start; text-indent: 0px; text-transform: none; white-space: normal; widows: 2; word-spacing: 0px; -webkit-text-stroke-width: 0px; background-color: rgb(248, 248, 248); text-decoration-thickness: initial; text-decoration-style: initial; text-decoration-color: initial;\">\n            <li style=\"box-sizing: border-box; margin: 0px 0px 0px 1em; padding: 3px 0px; border: 0px rgb(0, 0, 0); font: inherit; vertical-align: baseline;\">\n              <span class=\"u-text-palette-3-base\">Uz zahtjev za nastavno ostvarivanje prava (postupak prevo\u0111enja):<\/span>\n            <\/li>\n          <\/ul>\n          <p>\u2013 dokazi za identifikaciju novih \u010dlanova ku\u0107anstva<\/p>\n          <p>\u2013 izjava o promjenama u radnom statusu ili broju \u010dlanova ku\u0107anstva.<\/p>\n          <ul style=\"box-sizing: border-box; margin: 0px 0px 20px 7px; padding: 0px; border: 0px rgb(0, 0, 0); font-style: normal; font-variant-ligatures: normal; font-variant-caps: normal; font-variant-numeric: inherit; font-variant-east-asian: inherit; font-weight: 400; font-stretch: inherit; font-size: 15px; line-height: inherit; font-family: &quot;open sans&quot;, Helvetica, Arial, sans-serif; vertical-align: baseline; list-style: outside disc; color: rgb(0, 0, 0); letter-spacing: normal; orphans: 2; text-align: start; text-indent: 0px; text-transform: none; white-space: normal; widows: 2; word-spacing: 0px; -webkit-text-stroke-width: 0px; background-color: rgb(248, 248, 248); text-decoration-thickness: initial; text-decoration-style: initial; text-decoration-color: initial;\">\n            <li style=\"box-sizing: border-box; margin: 0px 0px 0px 1em; padding: 3px 0px; border: 0px rgb(0, 0, 0); font: inherit; vertical-align: baseline;\">\n              <span class=\"u-text-palette-3-base\">Za ostvarivanje prava prema posebnim uvjetima:<\/span>\n            <\/li>\n          <\/ul>\n          <p>\u2013 &nbsp;nalaz i mi\u0161ljenje o postojanju o\u0161te\u0107enja zdravlja djeteta, ako je ve\u0107 donesen, ako nije, izjavu o postojanju o\u0161te\u0107enja zdravlja<\/p>\n          <p>\u2013 &nbsp;dokaz o smrti roditelja<\/p>\n          <p>\u2013 &nbsp;nalaz i mi\u0161ljenje &nbsp;o postojanju potpune i trajne nesposobnosti za samostalan \u017eivot i rad roditelja<\/p>\n          <p>\u2013 &nbsp;rje\u0161enje o oduzimanju poslovne sposobnosti roditelja.<\/p>\n        <\/div>\n      <\/div>\n    <\/section>\n    \n    \n    \n    \n  \n<\/div>","protected":false},"excerpt":{"rendered":"<p>Pravo na uve\u0107ani dje\u010dji doplatak Tko su korisnici prava Pravo na doplatak za djecu mo\u017ee ostvariti roditelj, posvojitelj, skrbnik, o\u010duh, ma\u0107eha, baka, djed i osoba kojoj je, na temelju rje\u0161enja nadle\u017enog tijela za poslove socijalne skrbi, dijete povjereno na \u010duvanje i odgoj za svu djecu koju uzdr\u017eava, pod uvjetima utvr\u0111enim Zakonom; korisnik doplatka za djecu [&hellip;]<\/p>\n","protected":false},"author":1,"featured_media":0,"parent":0,"menu_order":47,"comment_status":"closed","ping_status":"closed","template":"","meta":{"footnotes":""},"_links":{"self":[{"href":"https:\/\/kolibrici.hr\/index.php\/wp-json\/wp\/v2\/pages\/1660"}],"collection":[{"href":"https:\/\/kolibrici.hr\/index.php\/wp-json\/wp\/v2\/pages"}],"about":[{"href":"https:\/\/kolibrici.hr\/index.php\/wp-json\/wp\/v2\/types\/page"}],"author":[{"embeddable":true,"href":"https:\/\/kolibrici.hr\/index.php\/wp-json\/wp\/v2\/users\/1"}],"replies":[{"embeddable":true,"href":"https:\/\/kolibrici.hr\/index.php\/wp-json\/wp\/v2\/comments?post=1660"}],"version-history":[{"count":1,"href":"https:\/\/kolibrici.hr\/index.php\/wp-json\/wp\/v2\/pages\/1660\/revisions"}],"predecessor-version":[{"id":1797,"href":"https:\/\/kolibrici.hr\/index.php\/wp-json\/wp\/v2\/pages\/1660\/revisions\/1797"}],"wp:attachment":[{"href":"https:\/\/kolibrici.hr\/index.php\/wp-json\/wp\/v2\/media?parent=1660"}],"curies":[{"name":"wp","href":"https:\/\/api.w.org\/{rel}","templated":true}]}}