{"id":1667,"date":"2024-04-26T05:01:33","date_gmt":"2024-04-26T05:01:33","guid":{"rendered":"https:\/\/kolibrici.hr\/index.php\/naslovnica-2\/"},"modified":"2024-04-26T05:01:51","modified_gmt":"2024-04-26T05:01:51","slug":"naslovnica-2","status":"publish","type":"page","link":"https:\/\/kolibrici.hr\/index.php\/naslovnica-2\/","title":{"rendered":"NASLOVNICA"},"content":{"rendered":"<div class=\"\" style=\"\" >\n  \n    <section class=\"u-align-center u-clearfix u-image u-shading u-section-1\" src=\"\" data-image-width=\"4416\" data-image-height=\"2947\" id=\"sec-db4d\" style=\"background-image: linear-gradient(0deg, rgba(0, 0, 0, 0.4), rgba(0, 0, 0, 0.4)), url(&quot;https:\/\/kolibrici.hr\/wp-content\/uploads\/2024\/04\/cute-little-boy-having-fun-playground.jpg&quot;);\">\n      <div class=\"u-clearfix u-sheet u-sheet-1\">\n        <h1 class=\"u-text u-text-default u-title u-text-1\">Udruga Kolibri\u0107i<\/h1>\n        <p class=\"u-large-text u-text u-text-variant u-text-2\">Udruga roditelja vitalno ugro\u017eene djece.<\/p>\n      <\/div>\n    <\/section>\n    <section class=\"u-clearfix u-section-2\" id=\"sec-66fa\">\n      <div class=\"u-clearfix u-sheet u-sheet-1\">\n        <img decoding=\"async\" class=\"u-expanded-width u-image u-image-default u-image-1\" src=\"https:\/\/kolibrici.hr\/wp-content\/uploads\/2024\/04\/SMA-app-Biogen-728x90_static1.jpg\" alt=\"\" data-image-width=\"728\" data-image-height=\"90\" data-href=\"https:\/\/care.togetherinsma.hr\/hr_HR\/home.html?utm_source=Kolibrici&amp;utm_medium=Banner&amp;utm_campaign=TISMA_Kolibrici\" data-target=\"_blank\">\n        <div class=\"u-blog u-expanded-width u-blog-1\">\n          <div class=\"u-repeater u-repeater-1\">\n            <div class=\"u-blog-post u-invisible u-container-style u-repeater-item u-white u-repeater-item-1\">\n              <div class=\"u-container-layout u-similar-container u-valign-top u-container-layout-1\">\n                <h4 class=\"u-blog-control u-text u-text-1\">\n                  <a class=\"u-post-header-link\" href=\"https:\/\/kolibrici.hr\/index.php\/2024\/04\/26\/spinalna-misicna-atrofija-sma-2\/\">SPINALNA MI\u0160I\u0106NA ATROFIJA (SMA)<\/a>\n                <\/h4><a class=\"u-blog-control u-expanded-width u-image u-image-default u-image-2\" href=\"https:\/\/kolibrici.hr\/index.php\/2024\/04\/26\/spinalna-misicna-atrofija-sma-2\/\">\n                <img decoding=\"async\" alt=\"\" class=\"u-blog-control u-expanded-width u-image u-image-default u-image-2\" src=\"https:\/\/kolibrici.hr\/wp-content\/uploads\/2024\/04\/sma-768x310-1.png\"><\/a>\n                <div class=\"u-blog-control u-post-content u-text u-text-2\">Dragi roditelji\/staratelji i zdravstveni djelatnici, posjetite odli\u010dnu i jednostavnu internetsku stranicu koja je osmi\u0161ljena kako bi vam pomogla uo\u010diti rane simptome spinalne mi\u0161i\u0107ne atrofije (SMA).Posjeti stranicu>>\u0160TO JE SMA?Spinalna mi\u0161i\u0107na atrofija (S...<\/div>\n                <a href=\"https:\/\/kolibrici.hr\/index.php\/2024\/04\/26\/spinalna-misicna-atrofija-sma-2\/\" class=\"u-blog-control u-border-2 u-border-no-left u-border-no-right u-border-no-top u-border-palette-1-base u-btn u-btn-rectangle u-button-style u-none u-btn-1\">Read More<\/a>\n              <\/div>\n            <\/div>\n            <div class=\"u-blog-post u-invisible u-container-style u-repeater-item u-video-cover u-white\">\n              <div class=\"u-container-layout u-similar-container u-valign-top u-container-layout-2\">\n                <h4 class=\"u-blog-control u-text u-text-3\">\n                  <a class=\"u-post-header-link\" href=\"https:\/\/kolibrici.hr\/index.php\/2024\/04\/26\/zagreb-firefighter-stair-challenge-2021-2\/\">ZAGREB FIREFIGHTER STAIR CHALLENGE 2021<\/a>\n                <\/h4><a class=\"u-blog-control u-expanded-width u-image u-image-default u-image-3\" href=\"https:\/\/kolibrici.hr\/index.php\/2024\/04\/26\/zagreb-firefighter-stair-challenge-2021-2\/\">\n                <img decoding=\"async\" alt=\"\" class=\"u-blog-control u-expanded-width u-image u-image-default u-image-3\" src=\"https:\/\/kolibrici.hr\/wp-content\/uploads\/2024\/04\/firefighter-768x324-1.jpg\"><\/a>\n                <div class=\"u-blog-control u-post-content u-text u-text-4\">Dragi na\u0161i prijatelji,s\u00a0ponosom i rado\u0161\u0107u najavljujemo da \u0107e vatrogasci i ove godine tr\u010dati za Kolibri\u0107e! U\u017eivo ili virtualno, vatrogasi \u0107e tr\u010dati &hellip;<\/div>\n                <a href=\"https:\/\/kolibrici.hr\/index.php\/2024\/04\/26\/zagreb-firefighter-stair-challenge-2021-2\/\" class=\"u-blog-control u-border-2 u-border-no-left u-border-no-right u-border-no-top u-border-palette-1-base u-btn u-btn-rectangle u-button-style u-none u-btn-2\">Read More<\/a>\n              <\/div>\n            <\/div>\n            <div class=\"u-blog-post u-invisible u-container-style u-repeater-item u-video-cover u-white\">\n              <div class=\"u-container-layout u-similar-container u-valign-top u-container-layout-3\">\n                <h4 class=\"u-blog-control u-text u-text-5\">\n                  <a class=\"u-post-header-link\" href=\"https:\/\/kolibrici.hr\/index.php\/2024\/04\/26\/streamatron-2\/\">STREAMATRON<\/a>\n                <\/h4><a class=\"u-blog-control u-expanded-width u-image u-image-default u-image-4\" href=\"https:\/\/kolibrici.hr\/index.php\/2024\/04\/26\/streamatron-2\/\">\n                <img decoding=\"async\" alt=\"\" class=\"u-blog-control u-expanded-width u-image u-image-default u-image-4\" src=\"https:\/\/kolibrici.hr\/wp-content\/uploads\/2024\/04\/facebook_1623840884050_6810882315338036274-768x768-1.jpg\"><\/a>\n                <div class=\"u-blog-control u-post-content u-text u-text-6\"><p>STREAMATRON \/ Good Game GlobalU utorak 15.6. na&nbsp;Good Game Showu YouTube&nbsp;i&nbsp;Good Game Global Twitchu&nbsp;igrale su se igrice u &hellip;<\/p><\/div>\n                <a href=\"https:\/\/kolibrici.hr\/index.php\/2024\/04\/26\/streamatron-2\/\" class=\"u-blog-control u-border-2 u-border-no-left u-border-no-right u-border-no-top u-border-palette-1-base u-btn u-btn-rectangle u-button-style u-none u-btn-3\">Read More<\/a>\n              <\/div>\n            <\/div>\n            <div class=\"u-blog-post u-invisible u-container-style u-repeater-item u-white u-repeater-item-1\">\n              <div class=\"u-container-layout u-similar-container u-valign-top u-container-layout-1\">\n                <h4 class=\"u-blog-control u-text u-text-1\">\n                  <a class=\"u-post-header-link\" href=\"https:\/\/kolibrici.hr\/index.php\/2024\/04\/26\/philips-i-arbor-medical-uz-podrsku-veleposlanstva-nizozemske-i-udruge-kolibrici-daruju-osam-prijenosnih-ultrazvuka-2\/\">PHILIPS I ARBOR MEDICAL UZ PODR\u0160KU VELEPOSLANSTVA NIZOZEMSKE I UDRUGE KOLIBRI\u0106I DARUJU OSAM PRIJENOSNIH ULTRAZVUKA<\/a>\n                <\/h4><a class=\"u-blog-control u-expanded-width u-image u-image-default u-image-2\" href=\"https:\/\/kolibrici.hr\/index.php\/2024\/04\/26\/philips-i-arbor-medical-uz-podrsku-veleposlanstva-nizozemske-i-udruge-kolibrici-daruju-osam-prijenosnih-ultrazvuka-2\/\">\n                <img decoding=\"async\" alt=\"\" class=\"u-blog-control u-expanded-width u-image u-image-default u-image-2\" src=\"https:\/\/kolibrici.hr\/wp-content\/uploads\/2024\/04\/Kolibri_logo-removebg-preview.png\"><\/a>\n                <div class=\"u-blog-control u-post-content u-text u-text-2\">Kao partneri\u00a0Philipsa\u00a0i\u00a0Arbor Medicala\u00a0te uz podr\u0161ku\u00a0veleposlanstva Nizozemske, sudjelovali smo u donaciji 8 prijenosnih ultrazvuka\u00a0Philips Lumify\u00a0&hellip;<\/div>\n                <a href=\"https:\/\/kolibrici.hr\/index.php\/2024\/04\/26\/philips-i-arbor-medical-uz-podrsku-veleposlanstva-nizozemske-i-udruge-kolibrici-daruju-osam-prijenosnih-ultrazvuka-2\/\" class=\"u-blog-control u-border-2 u-border-no-left u-border-no-right u-border-no-top u-border-palette-1-base u-btn u-btn-rectangle u-button-style u-none u-btn-1\">Read More<\/a>\n              <\/div>\n            <\/div>\n            <div class=\"u-blog-post u-invisible u-container-style u-repeater-item u-video-cover u-white\">\n              <div class=\"u-container-layout u-similar-container u-valign-top u-container-layout-2\">\n                <h4 class=\"u-blog-control u-text u-text-3\">\n                  <a class=\"u-post-header-link\" href=\"https:\/\/kolibrici.hr\/index.php\/2024\/04\/26\/zagreb-firefighter-stair-challenge-2020-2\/\">ZAGREB FIREFIGHTER STAIR CHALLENGE 2020<\/a>\n                <\/h4><a class=\"u-blog-control u-expanded-width u-image u-image-default u-image-3\" href=\"https:\/\/kolibrici.hr\/index.php\/2024\/04\/26\/zagreb-firefighter-stair-challenge-2020-2\/\">\n                <img decoding=\"async\" alt=\"\" class=\"u-blog-control u-expanded-width u-image u-image-default u-image-3\" src=\"https:\/\/kolibrici.hr\/wp-content\/uploads\/2024\/04\/firefighter-768x324-1.jpg\"><\/a>\n                <div class=\"u-blog-control u-post-content u-text u-text-4\">Od podruma do vrha, kroz 31 kat i 666 stepenica pod punom za\u0161titnom opremom, vatrogasci su i ove godine su uz Kolibri\u0107e\u00a0Ve\u0107 tradicionalna utrka &hellip;<\/div>\n                <a href=\"https:\/\/kolibrici.hr\/index.php\/2024\/04\/26\/zagreb-firefighter-stair-challenge-2020-2\/\" class=\"u-blog-control u-border-2 u-border-no-left u-border-no-right u-border-no-top u-border-palette-1-base u-btn u-btn-rectangle u-button-style u-none u-btn-2\">Read More<\/a>\n              <\/div>\n            <\/div>\n            <div class=\"u-blog-post u-invisible u-container-style u-repeater-item u-video-cover u-white\">\n              <div class=\"u-container-layout u-similar-container u-valign-top u-container-layout-3\">\n                <h4 class=\"u-blog-control u-text u-text-5\">\n                  <a class=\"u-post-header-link\" href=\"https:\/\/kolibrici.hr\/index.php\/2024\/04\/26\/odrzana-1-online-regionalna-konferencija-sma-i-ja-2\/\">ODR\u017dANA 1. ONLINE REGIONALNA KONFERENCIJA \u201eSMA I JA\u201c<\/a>\n                <\/h4><a class=\"u-blog-control u-expanded-width u-image u-image-default u-image-4\" href=\"https:\/\/kolibrici.hr\/index.php\/2024\/04\/26\/odrzana-1-online-regionalna-konferencija-sma-i-ja-2\/\">\n                <img decoding=\"async\" alt=\"\" class=\"u-blog-control u-expanded-width u-image u-image-default u-image-4\" src=\"https:\/\/kolibrici.hr\/wp-content\/uploads\/2024\/04\/Screenshot_2-768x382-1.png\"><\/a>\n                <div class=\"u-blog-control u-post-content u-text u-text-6\">Zagreb, 10. srpnja 2020. \u2013\u00a0Na\u0161a Udruga je uz potporu udruga SMA Srbija i Stop SMA Sjeverna Makedonija organizirala 1. online regionalnu konferenciju &hellip;<\/div>\n                <a href=\"https:\/\/kolibrici.hr\/index.php\/2024\/04\/26\/odrzana-1-online-regionalna-konferencija-sma-i-ja-2\/\" class=\"u-blog-control u-border-2 u-border-no-left u-border-no-right u-border-no-top u-border-palette-1-base u-btn u-btn-rectangle u-button-style u-none u-btn-3\">Read More<\/a>\n              <\/div>\n            <\/div>\n            <div class=\"u-blog-post u-invisible u-container-style u-repeater-item u-white u-repeater-item-1\">\n              <div class=\"u-container-layout u-similar-container u-valign-top u-container-layout-1\">\n                <h4 class=\"u-blog-control u-text u-text-1\">\n                  <a class=\"u-post-header-link\" href=\"https:\/\/kolibrici.hr\/index.php\/2024\/04\/26\/regionalna-sma-konferencija-2\/\">REGIONALNA SMA KONFERENCIJA<\/a>\n                <\/h4><a class=\"u-blog-control u-expanded-width u-image u-image-default u-image-2\" href=\"https:\/\/kolibrici.hr\/index.php\/2024\/04\/26\/regionalna-sma-konferencija-2\/\">\n                <img decoding=\"async\" alt=\"\" class=\"u-blog-control u-expanded-width u-image u-image-default u-image-2\" src=\"https:\/\/kolibrici.hr\/wp-content\/uploads\/2024\/04\/Screenshot_2-768x382-1.png\"><\/a>\n                <div class=\"u-blog-control u-post-content u-text u-text-2\">Dana 10.7.2020. \u00a0odr\u017eana je 1. regionalna (online) konferencija \u201cSMA i ja\u201d, ovim putem srda\u010dno zahvaljujemo svim sudionicima!Cilj konferencije &hellip;<\/div>\n                <a href=\"https:\/\/kolibrici.hr\/index.php\/2024\/04\/26\/regionalna-sma-konferencija-2\/\" class=\"u-blog-control u-border-2 u-border-no-left u-border-no-right u-border-no-top u-border-palette-1-base u-btn u-btn-rectangle u-button-style u-none u-btn-1\">Read More<\/a>\n              <\/div>\n            <\/div>\n            <div class=\"u-blog-post u-invisible u-container-style u-repeater-item u-video-cover u-white\">\n              <div class=\"u-container-layout u-similar-container u-valign-top u-container-layout-2\">\n                <h4 class=\"u-blog-control u-text u-text-3\">\n                  <a class=\"u-post-header-link\" href=\"https:\/\/kolibrici.hr\/index.php\/2024\/04\/26\/promjene-u-vodstvu-udruge-2\/\">PROMJENE U VODSTVU UDRUGE<\/a>\n                <\/h4><a class=\"u-blog-control u-expanded-width u-image u-image-default u-image-3\" href=\"https:\/\/kolibrici.hr\/index.php\/2024\/04\/26\/promjene-u-vodstvu-udruge-2\/\">\n                <img decoding=\"async\" alt=\"\" class=\"u-blog-control u-expanded-width u-image u-image-default u-image-3\" src=\"https:\/\/kolibrici.hr\/wp-content\/uploads\/2024\/04\/04-480x350-1.jpg\"><\/a>\n                <div class=\"u-blog-control u-post-content u-text u-text-4\"><p>U subotu 23. svibnja 2020. odr\u017eana je godi\u0161nja skup\u0161tina Udruge \u201cKolibri\u0107i\u201d na kojoj je izabran dio novog vodstva i predstavljen rad u pro\u0161loj &hellip;<\/p><\/div>\n                <a href=\"https:\/\/kolibrici.hr\/index.php\/2024\/04\/26\/promjene-u-vodstvu-udruge-2\/\" class=\"u-blog-control u-border-2 u-border-no-left u-border-no-right u-border-no-top u-border-palette-1-base u-btn u-btn-rectangle u-button-style u-none u-btn-2\">Read More<\/a>\n              <\/div>\n            <\/div>\n            <div class=\"u-blog-post u-invisible u-container-style u-repeater-item u-video-cover u-white\">\n              <div class=\"u-container-layout u-similar-container u-valign-top u-container-layout-3\">\n                <h4 class=\"u-blog-control u-text u-text-5\">\n                  <a class=\"u-post-header-link\" href=\"https:\/\/kolibrici.hr\/index.php\/2024\/04\/26\/postupanje-i-preporuke-za-neuropedijatrijske-bolesnike-u-tijeku-pandemije-covid-19-2\/\">POSTUPANJE I PREPORUKE ZA NEUROPEDIJATRIJSKE BOLESNIKE U TIJEKU PANDEMIJE COVID-19<\/a>\n                <\/h4><a class=\"u-blog-control u-expanded-width u-image u-image-default u-image-4\" href=\"https:\/\/kolibrici.hr\/index.php\/2024\/04\/26\/postupanje-i-preporuke-za-neuropedijatrijske-bolesnike-u-tijeku-pandemije-covid-19-2\/\">\n                <img decoding=\"async\" alt=\"\" class=\"u-blog-control u-expanded-width u-image u-image-default u-image-4\" src=\"https:\/\/kolibrici.hr\/wp-content\/uploads\/2024\/04\/CoronaVirusHeader-Final-3-768x323-1.jpg\"><\/a>\n                <div class=\"u-blog-control u-post-content u-text u-text-6\"><p>Hrvatski lije\u010dni\u010dki zbor&nbsp;je na svojim web-stranicama donio preporuke za neuropedijatrijske bolesnike koje donosimo u cijelosti:Preporuke za &hellip;<\/p><\/div>\n                <a href=\"https:\/\/kolibrici.hr\/index.php\/2024\/04\/26\/postupanje-i-preporuke-za-neuropedijatrijske-bolesnike-u-tijeku-pandemije-covid-19-2\/\" class=\"u-blog-control u-border-2 u-border-no-left u-border-no-right u-border-no-top u-border-palette-1-base u-btn u-btn-rectangle u-button-style u-none u-btn-3\">Read More<\/a>\n              <\/div>\n            <\/div>\n            <div class=\"u-blog-post u-invisible u-container-style u-repeater-item u-white u-repeater-item-1\">\n              <div class=\"u-container-layout u-similar-container u-valign-top u-container-layout-1\">\n                <h4 class=\"u-blog-control u-text u-text-1\">\n                  <a class=\"u-post-header-link\" href=\"https:\/\/kolibrici.hr\/index.php\/2024\/04\/26\/koronavirus-2\/\">KORONAVIRUS<\/a>\n                <\/h4><a class=\"u-blog-control u-expanded-width u-image u-image-default u-image-2\" href=\"https:\/\/kolibrici.hr\/index.php\/2024\/04\/26\/koronavirus-2\/\">\n                <img decoding=\"async\" alt=\"\" class=\"u-blog-control u-expanded-width u-image u-image-default u-image-2\" src=\"https:\/\/kolibrici.hr\/wp-content\/uploads\/2024\/04\/CoronaVirusHeader-Final-3-768x323-1.jpg\"><\/a>\n                <div class=\"u-blog-control u-post-content u-text u-text-2\"><p>Pojava nove i dosad nevi\u0111ene situacije vezane uz koronavirus izazvala je velik strah i zabrinutost u javnosti. Smatramo da u tom slu\u010daju poma\u017ee &hellip;<\/p><\/div>\n                <a href=\"https:\/\/kolibrici.hr\/index.php\/2024\/04\/26\/koronavirus-2\/\" class=\"u-blog-control u-border-2 u-border-no-left u-border-no-right u-border-no-top u-border-palette-1-base u-btn u-btn-rectangle u-button-style u-none u-btn-1\">Read More<\/a>\n              <\/div>\n            <\/div>\n            <div class=\"u-blog-post u-invisible u-container-style u-repeater-item u-video-cover u-white\">\n              <div class=\"u-container-layout u-similar-container u-valign-top u-container-layout-2\">\n                <h4 class=\"u-blog-control u-text u-text-3\">\n                  <a class=\"u-post-header-link\" href=\"https:\/\/kolibrici.hr\/index.php\/2024\/04\/26\/rijetki-inspiriraju-obitelj-magdic-2\/\">RIJETKI INSPIRIRAJU: OBITELJ MAGDI\u0106<\/a>\n                <\/h4><a class=\"u-blog-control u-expanded-width u-image u-image-default u-image-3\" href=\"https:\/\/kolibrici.hr\/index.php\/2024\/04\/26\/rijetki-inspiriraju-obitelj-magdic-2\/\">\n                <img decoding=\"async\" alt=\"\" class=\"u-blog-control u-expanded-width u-image u-image-default u-image-3\" src=\"https:\/\/kolibrici.hr\/wp-content\/uploads\/2024\/04\/Kolibri_logo-removebg-preview.png\"><\/a>\n                <div class=\"u-blog-control u-post-content u-text u-text-4\">Povodom obilje\u017eavanja Me\u0111unarodnog dana rijetkih bolesti, predstavljamo vam predivnu obitelj Magdi\u0107 koja \u0107e vam u ime Kolibri\u0107a oboljelih od spinalne&hellip;<\/div>\n                <a href=\"https:\/\/kolibrici.hr\/index.php\/2024\/04\/26\/rijetki-inspiriraju-obitelj-magdic-2\/\" class=\"u-blog-control u-border-2 u-border-no-left u-border-no-right u-border-no-top u-border-palette-1-base u-btn u-btn-rectangle u-button-style u-none u-btn-2\">Read More<\/a>\n              <\/div>\n            <\/div>\n            <div class=\"u-blog-post u-invisible u-container-style u-repeater-item u-video-cover u-white\">\n              <div class=\"u-container-layout u-similar-container u-valign-top u-container-layout-3\">\n                <h4 class=\"u-blog-control u-text u-text-5\">\n                  <a class=\"u-post-header-link\" href=\"https:\/\/kolibrici.hr\/index.php\/2024\/04\/26\/ponos-hrvatske-nasa-ana-2\/\">PONOS HRVATSKE, NA\u0160A ANA!<\/a>\n                <\/h4><a class=\"u-blog-control u-expanded-width u-image u-image-default u-image-4\" href=\"https:\/\/kolibrici.hr\/index.php\/2024\/04\/26\/ponos-hrvatske-nasa-ana-2\/\">\n                <img decoding=\"async\" alt=\"\" class=\"u-blog-control u-expanded-width u-image u-image-default u-image-4\" src=\"https:\/\/kolibrici.hr\/wp-content\/uploads\/2024\/04\/alapic_mate1-040919-300x200-1.jpg\"><\/a>\n                <div class=\"u-blog-control u-post-content u-text u-text-6\">I ove godine udruga Ponos Hrvatske , dnevni list 24 sata i Hrvatska radiotelevizija, \u00a0dodijelili su nagradu \u201dPonos Hrvatske\u201d.Mali i veliki Kolibri\u0107i &hellip;<\/div>\n                <a href=\"https:\/\/kolibrici.hr\/index.php\/2024\/04\/26\/ponos-hrvatske-nasa-ana-2\/\" class=\"u-blog-control u-border-2 u-border-no-left u-border-no-right u-border-no-top u-border-palette-1-base u-btn u-btn-rectangle u-button-style u-none u-btn-3\">Read More<\/a>\n              <\/div>\n            <\/div>\n            <div class=\"u-blog-post u-invisible u-container-style u-repeater-item u-white u-repeater-item-1\">\n              <div class=\"u-container-layout u-similar-container u-valign-top u-container-layout-1\">\n                <h4 class=\"u-blog-control u-text u-text-1\">\n                  <a class=\"u-post-header-link\" href=\"https:\/\/kolibrici.hr\/index.php\/2024\/04\/26\/leteci-kolibrici-na-hvaru-23-02-2020-2\/\">\u201cLETE\u0106I KOLIBRI\u0106I\u201d NA HVARU, 23\/02\/2020<\/a>\n                <\/h4><a class=\"u-blog-control u-expanded-width u-image u-image-default u-image-2\" href=\"https:\/\/kolibrici.hr\/index.php\/2024\/04\/26\/leteci-kolibrici-na-hvaru-23-02-2020-2\/\">\n                <img decoding=\"async\" alt=\"\" class=\"u-blog-control u-expanded-width u-image u-image-default u-image-2\" src=\"https:\/\/kolibrici.hr\/wp-content\/uploads\/2024\/04\/Kolibri_logo-removebg-preview.png\"><\/a>\n                <div class=\"u-blog-control u-post-content u-text u-text-2\">Otok Hvar, jedan od najljep\u0161ih otoka hrvatske obale poznat po rasko\u0161noj ljepoti krajolika i \u0161irokoj lepezi turisti\u010dke ponude, sve je vi\u0161e poznat i po&hellip;<\/div>\n                <a href=\"https:\/\/kolibrici.hr\/index.php\/2024\/04\/26\/leteci-kolibrici-na-hvaru-23-02-2020-2\/\" class=\"u-blog-control u-border-2 u-border-no-left u-border-no-right u-border-no-top u-border-palette-1-base u-btn u-btn-rectangle u-button-style u-none u-btn-1\">Read More<\/a>\n              <\/div>\n            <\/div>\n            <div class=\"u-blog-post u-invisible u-container-style u-repeater-item u-video-cover u-white\">\n              <div class=\"u-container-layout u-similar-container u-valign-top u-container-layout-2\">\n                <h4 class=\"u-blog-control u-text u-text-3\">\n                  <a class=\"u-post-header-link\" href=\"https:\/\/kolibrici.hr\/index.php\/2024\/04\/26\/dm-giving-friday-29-11-2\/\">DM \/ GIVING FRIDAY \/ 29.11.<\/a>\n                <\/h4><a class=\"u-blog-control u-expanded-width u-image u-image-default u-image-3\" href=\"https:\/\/kolibrici.hr\/index.php\/2024\/04\/26\/dm-giving-friday-29-11-2\/\">\n                <img decoding=\"async\" alt=\"\" class=\"u-blog-control u-expanded-width u-image u-image-default u-image-3\" src=\"https:\/\/kolibrici.hr\/wp-content\/uploads\/2024\/04\/Kolibri_logo-removebg-preview.png\"><\/a>\n                <div class=\"u-blog-control u-post-content u-text u-text-4\">Na Crni petak, dan kada ve\u0107ina ljudi razmi\u0161lja o tome kako sebi osigurati \u0161to bolje u\u0161tede, dm \u017eeli potaknuti \u0161to ve\u0107i broj ljudi da zastanu i &hellip;<\/div>\n                <a href=\"https:\/\/kolibrici.hr\/index.php\/2024\/04\/26\/dm-giving-friday-29-11-2\/\" class=\"u-blog-control u-border-2 u-border-no-left u-border-no-right u-border-no-top u-border-palette-1-base u-btn u-btn-rectangle u-button-style u-none u-btn-2\">Read More<\/a>\n              <\/div>\n            <\/div>\n            <div class=\"u-blog-post u-invisible u-container-style u-repeater-item u-video-cover u-white\">\n              <div class=\"u-container-layout u-similar-container u-valign-top u-container-layout-3\">\n                <h4 class=\"u-blog-control u-text u-text-5\">\n                  <a class=\"u-post-header-link\" href=\"https:\/\/kolibrici.hr\/index.php\/2024\/04\/26\/pozivnica-za-bozicno-okupljanje-oboljelih-od-spinalne-misicne-atrofije-2\/\">POZIVNICA ZA BO\u017dI\u0106NO OKUPLJANJE OBOLJELIH OD SPINALNE MI\u0160I\u0106NE ATROFIJE<\/a>\n                <\/h4><a class=\"u-blog-control u-expanded-width u-image u-image-default u-image-4\" href=\"https:\/\/kolibrici.hr\/index.php\/2024\/04\/26\/pozivnica-za-bozicno-okupljanje-oboljelih-od-spinalne-misicne-atrofije-2\/\">\n                <img decoding=\"async\" alt=\"\" class=\"u-blog-control u-expanded-width u-image u-image-default u-image-4\" src=\"https:\/\/kolibrici.hr\/wp-content\/uploads\/2024\/04\/Kolibri_logo-removebg-preview.png\"><\/a>\n                <div class=\"u-blog-control u-post-content u-text u-text-6\"><p>Dragi na\u0161i, bli\u017ei nam se kraj godine, vrijeme koje najradije provodimo u dru\u0161tvu dragih&nbsp;prijatelja i obitelji,&nbsp;vrijeme kad &hellip;<\/p><\/div>\n                <a href=\"https:\/\/kolibrici.hr\/index.php\/2024\/04\/26\/pozivnica-za-bozicno-okupljanje-oboljelih-od-spinalne-misicne-atrofije-2\/\" class=\"u-blog-control u-border-2 u-border-no-left u-border-no-right u-border-no-top u-border-palette-1-base u-btn u-btn-rectangle u-button-style u-none u-btn-3\">Read More<\/a>\n              <\/div>\n            <\/div>\n            <div class=\"u-blog-post u-invisible u-container-style u-repeater-item u-white u-repeater-item-1\">\n              <div class=\"u-container-layout u-similar-container u-valign-top u-container-layout-1\">\n                <h4 class=\"u-blog-control u-text u-text-1\">\n                  <a class=\"u-post-header-link\" href=\"https:\/\/kolibrici.hr\/index.php\/2024\/04\/26\/dvije-obitelji-dvije-price-jednako-teska-dijagnoza-nasa-borba-za-spinrazu-se-itekako-isplatila-2\/\">DVIJE OBITELJI, DVIJE PRI\u010cE, JEDNAKO TE\u0160KA DIJAGNOZA: \u2018NA\u0160A BORBA ZA SPINRAZU SE ITEKAKO ISPLATILA!\u2019<\/a>\n                <\/h4><a class=\"u-blog-control u-expanded-width u-image u-image-default u-image-2\" href=\"https:\/\/kolibrici.hr\/index.php\/2024\/04\/26\/dvije-obitelji-dvije-price-jednako-teska-dijagnoza-nasa-borba-za-spinrazu-se-itekako-isplatila-2\/\">\n                <img decoding=\"async\" alt=\"\" class=\"u-blog-control u-expanded-width u-image u-image-default u-image-2\" src=\"https:\/\/kolibrici.hr\/wp-content\/uploads\/2024\/04\/Kolibri_logo-removebg-preview.png\"><\/a>\n                <div class=\"u-blog-control u-post-content u-text u-text-2\"><p>ONI NISU ODUSTALISpinraza je trenutno jedina terapijska opcija za oboljele od spinalne mi\u0161i\u0107ne atrofije (SMA), a u Hrvatskoj je lijek u po\u010detku &hellip;<\/p><\/div>\n                <a href=\"https:\/\/kolibrici.hr\/index.php\/2024\/04\/26\/dvije-obitelji-dvije-price-jednako-teska-dijagnoza-nasa-borba-za-spinrazu-se-itekako-isplatila-2\/\" class=\"u-blog-control u-border-2 u-border-no-left u-border-no-right u-border-no-top u-border-palette-1-base u-btn u-btn-rectangle u-button-style u-none u-btn-1\">Read More<\/a>\n              <\/div>\n            <\/div>\n            <div class=\"u-blog-post u-invisible u-container-style u-repeater-item u-video-cover u-white\">\n              <div class=\"u-container-layout u-similar-container u-valign-top u-container-layout-2\">\n                <h4 class=\"u-blog-control u-text u-text-3\">\n                  <a class=\"u-post-header-link\" href=\"https:\/\/kolibrici.hr\/index.php\/2024\/04\/26\/potpomognuta-komunikacija-kako-je-vide-studenti-logopedije-2\/\">POTPOMOGNUTA KOMUNIKACIJA KAKO JE VIDE STUDENTI LOGOPEDIJE<\/a>\n                <\/h4><a class=\"u-blog-control u-expanded-width u-image u-image-default u-image-3\" href=\"https:\/\/kolibrici.hr\/index.php\/2024\/04\/26\/potpomognuta-komunikacija-kako-je-vide-studenti-logopedije-2\/\">\n                <img decoding=\"async\" alt=\"\" class=\"u-blog-control u-expanded-width u-image u-image-default u-image-3\" src=\"https:\/\/kolibrici.hr\/wp-content\/uploads\/2024\/04\/Kolibri_logo-removebg-preview.png\"><\/a>\n                <div class=\"u-blog-control u-post-content u-text u-text-4\">Video prilog studenata Edukacijsko-rehabilitacijskog fakulteta prikazuje\u00a0zablude o tome da potpomognuta komunikacija nije za starije, da \u0107e usporiti &hellip;<\/div>\n                <a href=\"https:\/\/kolibrici.hr\/index.php\/2024\/04\/26\/potpomognuta-komunikacija-kako-je-vide-studenti-logopedije-2\/\" class=\"u-blog-control u-border-2 u-border-no-left u-border-no-right u-border-no-top u-border-palette-1-base u-btn u-btn-rectangle u-button-style u-none u-btn-2\">Read More<\/a>\n              <\/div>\n            <\/div>\n            <div class=\"u-blog-post u-invisible u-container-style u-repeater-item u-video-cover u-white\">\n              <div class=\"u-container-layout u-similar-container u-valign-top u-container-layout-3\">\n                <h4 class=\"u-blog-control u-text u-text-5\">\n                  <a class=\"u-post-header-link\" href=\"https:\/\/kolibrici.hr\/index.php\/2024\/04\/26\/roditeljska-perspektiva-uporabe-visokotehnoloskih-sredstava-komunikacije-kod-djece-sa-slozenim-komunikacijskim-potrebama-diplomski-rad-lucija-lesic-2\/\">RODITELJSKA PERSPEKTIVA UPORABE VISOKOTEHNOLO\u0160KIH SREDSTAVA KOMUNIKACIJE KOD DJECE SA SLO\u017dENIM KOMUNIKACIJSKIM POTREBAMA (DIPLOMSKI RAD) \/ LUCIJA LESI\u0106<\/a>\n                <\/h4><a class=\"u-blog-control u-expanded-width u-image u-image-default u-image-4\" href=\"https:\/\/kolibrici.hr\/index.php\/2024\/04\/26\/roditeljska-perspektiva-uporabe-visokotehnoloskih-sredstava-komunikacije-kod-djece-sa-slozenim-komunikacijskim-potrebama-diplomski-rad-lucija-lesic-2\/\">\n                <img decoding=\"async\" alt=\"\" class=\"u-blog-control u-expanded-width u-image u-image-default u-image-4\" src=\"https:\/\/kolibrici.hr\/wp-content\/uploads\/2024\/04\/Kolibri_logo-removebg-preview.png\"><\/a>\n                <div class=\"u-blog-control u-post-content u-text u-text-6\"><p>Djeca sa slo\u017eenim komunikacijskim potrebama ne mogu komunicirati na uobi\u010dajen na\u010din te mogu imati slabo razumljiv govor ili govor koji je u &hellip;<\/p><\/div>\n                <a href=\"https:\/\/kolibrici.hr\/index.php\/2024\/04\/26\/roditeljska-perspektiva-uporabe-visokotehnoloskih-sredstava-komunikacije-kod-djece-sa-slozenim-komunikacijskim-potrebama-diplomski-rad-lucija-lesic-2\/\" class=\"u-blog-control u-border-2 u-border-no-left u-border-no-right u-border-no-top u-border-palette-1-base u-btn u-btn-rectangle u-button-style u-none u-btn-3\">Read More<\/a>\n              <\/div>\n            <\/div>\n            <div class=\"u-blog-post u-invisible u-container-style u-repeater-item u-white u-repeater-item-1\">\n              <div class=\"u-container-layout u-similar-container u-valign-top u-container-layout-1\">\n                <h4 class=\"u-blog-control u-text u-text-1\">\n                  <a class=\"u-post-header-link\" href=\"https:\/\/kolibrici.hr\/index.php\/2024\/04\/26\/humanitarna-utakmica-za-kolibrice-2\/\">HUMANITARNA UTAKMICA ZA KOLIBRI\u0106E<\/a>\n                <\/h4><a class=\"u-blog-control u-expanded-width u-image u-image-default u-image-2\" href=\"https:\/\/kolibrici.hr\/index.php\/2024\/04\/26\/humanitarna-utakmica-za-kolibrice-2\/\">\n                <img decoding=\"async\" alt=\"\" class=\"u-blog-control u-expanded-width u-image u-image-default u-image-2\" src=\"https:\/\/kolibrici.hr\/wp-content\/uploads\/2024\/04\/Kolibri_logo-removebg-preview.png\"><\/a>\n                <div class=\"u-blog-control u-post-content u-text u-text-2\">Sun\u010dan dan, jako puno pozitivne energije, smijeha, zabave, pjesme, odli\u010dna utakmica, a pritom prikupljeno velikih 22.000 kn za Kolibri\u0107e. Hvala jo\u0161 &hellip;<\/div>\n                <a href=\"https:\/\/kolibrici.hr\/index.php\/2024\/04\/26\/humanitarna-utakmica-za-kolibrice-2\/\" class=\"u-blog-control u-border-2 u-border-no-left u-border-no-right u-border-no-top u-border-palette-1-base u-btn u-btn-rectangle u-button-style u-none u-btn-1\">Read More<\/a>\n              <\/div>\n            <\/div>\n            <div class=\"u-blog-post u-invisible u-container-style u-repeater-item u-video-cover u-white\">\n              <div class=\"u-container-layout u-similar-container u-valign-top u-container-layout-2\">\n                <h4 class=\"u-blog-control u-text u-text-3\">\n                  <a class=\"u-post-header-link\" href=\"https:\/\/kolibrici.hr\/index.php\/2024\/04\/26\/humanitarna-vatrogasna-utrka-stepenicama-7-12-2019-u-10h-vmd-zgrada-strojarska-2\/\">HUMANITARNA VATROGASNA UTRKA STEPENICAMA, 7\/12\/2019 U 10H, VMD ZGRADA \/ STROJARSKA<\/a>\n                <\/h4><a class=\"u-blog-control u-expanded-width u-image u-image-default u-image-3\" href=\"https:\/\/kolibrici.hr\/index.php\/2024\/04\/26\/humanitarna-vatrogasna-utrka-stepenicama-7-12-2019-u-10h-vmd-zgrada-strojarska-2\/\">\n                <img decoding=\"async\" alt=\"\" class=\"u-blog-control u-expanded-width u-image u-image-default u-image-3\" src=\"https:\/\/kolibrici.hr\/wp-content\/uploads\/2024\/04\/Kolibri_logo-removebg-preview.png\"><\/a>\n                <div class=\"u-blog-control u-post-content u-text u-text-4\"><p>atrogasci su nas odu\u0161evili i ove godine! Vjerujemo da je bilo izuzetno te\u0161ko savladati 666 stepenica, ali dobre volje im nije nedostajalo. Svoju &hellip;<\/p><\/div>\n                <a href=\"https:\/\/kolibrici.hr\/index.php\/2024\/04\/26\/humanitarna-vatrogasna-utrka-stepenicama-7-12-2019-u-10h-vmd-zgrada-strojarska-2\/\" class=\"u-blog-control u-border-2 u-border-no-left u-border-no-right u-border-no-top u-border-palette-1-base u-btn u-btn-rectangle u-button-style u-none u-btn-2\">Read More<\/a>\n              <\/div>\n            <\/div>\n            <div class=\"u-blog-post u-invisible u-container-style u-repeater-item u-video-cover u-white\">\n              <div class=\"u-container-layout u-similar-container u-valign-top u-container-layout-3\">\n                <h4 class=\"u-blog-control u-text u-text-5\">\n                  <a class=\"u-post-header-link\" href=\"https:\/\/kolibrici.hr\/index.php\/2024\/04\/26\/novskarun-5-za-kolibrice-2\/\">NOVSKARUN 5 ZA KOLIBRI\u0106E<\/a>\n                <\/h4><a class=\"u-blog-control u-expanded-width u-image u-image-default u-image-4\" href=\"https:\/\/kolibrici.hr\/index.php\/2024\/04\/26\/novskarun-5-za-kolibrice-2\/\">\n                <img decoding=\"async\" alt=\"\" class=\"u-blog-control u-expanded-width u-image u-image-default u-image-4\" src=\"https:\/\/kolibrici.hr\/wp-content\/uploads\/2024\/04\/Kolibri_logo-removebg-preview.png\"><\/a>\n                <div class=\"u-blog-control u-post-content u-text u-text-6\">I ove godine NovskaRUN za Kolibri\u0107e!!!Organizator: Atletski klub NogaDatum: 17.8.2019.Vrijeme: 12:00-23:00Lani su tr\u010dali \u201eTisu\u0107u koraka za jedan &hellip;<\/div>\n                <a href=\"https:\/\/kolibrici.hr\/index.php\/2024\/04\/26\/novskarun-5-za-kolibrice-2\/\" class=\"u-blog-control u-border-2 u-border-no-left u-border-no-right u-border-no-top u-border-palette-1-base u-btn u-btn-rectangle u-button-style u-none u-btn-3\">Read More<\/a>\n              <\/div>\n            <\/div>\n            <div class=\"u-blog-post u-invisible u-container-style u-repeater-item u-white u-repeater-item-1\">\n              <div class=\"u-container-layout u-similar-container u-valign-top u-container-layout-1\">\n                <h4 class=\"u-blog-control u-text u-text-1\">\n                  <a class=\"u-post-header-link\" href=\"https:\/\/kolibrici.hr\/index.php\/2024\/04\/26\/tezina-stvarnosti-2\/\">TE\u017dINA STVARNOSTI<\/a>\n                <\/h4><a class=\"u-blog-control u-expanded-width u-image u-image-default u-image-2\" href=\"https:\/\/kolibrici.hr\/index.php\/2024\/04\/26\/tezina-stvarnosti-2\/\">\n                <img decoding=\"async\" alt=\"\" class=\"u-blog-control u-expanded-width u-image u-image-default u-image-2\" src=\"https:\/\/kolibrici.hr\/wp-content\/uploads\/2024\/04\/Kolibri_logo-removebg-preview.png\"><\/a>\n                <div class=\"u-blog-control u-post-content u-text u-text-2\">Ponosni smo do neba zbog na\u0161eg Jana, ovo je njegova tre\u0107a knjiga, \u010dekamo nove naslove ;)Sadr\u017eaj ukratkoU mirnom Princetonu, \u201esigurnom za \u017eivot\u201c, &hellip;<\/div>\n                <a href=\"https:\/\/kolibrici.hr\/index.php\/2024\/04\/26\/tezina-stvarnosti-2\/\" class=\"u-blog-control u-border-2 u-border-no-left u-border-no-right u-border-no-top u-border-palette-1-base u-btn u-btn-rectangle u-button-style u-none u-btn-1\">Read More<\/a>\n              <\/div>\n            <\/div>\n            <div class=\"u-blog-post u-invisible u-container-style u-repeater-item u-video-cover u-white\">\n              <div class=\"u-container-layout u-similar-container u-valign-top u-container-layout-2\">\n                <h4 class=\"u-blog-control u-text u-text-3\">\n                  <a class=\"u-post-header-link\" href=\"https:\/\/kolibrici.hr\/index.php\/2024\/04\/26\/napokon-smo-docekalispinraza-sa-sve-2\/\">NAPOKON SMO DO\u010cEKALI!SPINRAZA SA SVE!!!<\/a>\n                <\/h4><a class=\"u-blog-control u-expanded-width u-image u-image-default u-image-3\" href=\"https:\/\/kolibrici.hr\/index.php\/2024\/04\/26\/napokon-smo-docekalispinraza-sa-sve-2\/\">\n                <img decoding=\"async\" alt=\"\" class=\"u-blog-control u-expanded-width u-image u-image-default u-image-3\" src=\"https:\/\/kolibrici.hr\/wp-content\/uploads\/2024\/04\/Kolibri_logo-removebg-preview.png\"><\/a>\n                <div class=\"u-blog-control u-post-content u-text u-text-4\"><p>Povjerenstvo Ministarstva zdravstva napokon je donijelo odluku o lije\u010denju djece oboljele od spinalne mi\u0161i\u0107ne atrofije na respiratoru te starijih od&hellip;<\/p><\/div>\n                <a href=\"https:\/\/kolibrici.hr\/index.php\/2024\/04\/26\/napokon-smo-docekalispinraza-sa-sve-2\/\" class=\"u-blog-control u-border-2 u-border-no-left u-border-no-right u-border-no-top u-border-palette-1-base u-btn u-btn-rectangle u-button-style u-none u-btn-2\">Read More<\/a>\n              <\/div>\n            <\/div>\n            <div class=\"u-blog-post u-invisible u-container-style u-repeater-item u-video-cover u-white\">\n              <div class=\"u-container-layout u-similar-container u-valign-top u-container-layout-3\">\n                <h4 class=\"u-blog-control u-text u-text-5\">\n                  <a class=\"u-post-header-link\" href=\"https:\/\/kolibrici.hr\/index.php\/2024\/04\/26\/emisija-revizija-sami-2\/\">EMISIJA REVIZIJA: SAMI<\/a>\n                <\/h4><a class=\"u-blog-control u-expanded-width u-image u-image-default u-image-4\" href=\"https:\/\/kolibrici.hr\/index.php\/2024\/04\/26\/emisija-revizija-sami-2\/\">\n                <img decoding=\"async\" alt=\"\" class=\"u-blog-control u-expanded-width u-image u-image-default u-image-4\" src=\"https:\/\/kolibrici.hr\/wp-content\/uploads\/2024\/04\/Kolibri_logo-removebg-preview.png\"><\/a>\n                <div class=\"u-blog-control u-post-content u-text u-text-6\"><p>Moraju li se djeca u Hrvatskoj, onda kada to zdravstveni sustav&nbsp;ne mo\u017ee osigurati, lije\u010diti putem humanitarnih akcija? Slu\u010daj malene Mile &hellip;<\/p><\/div>\n                <a href=\"https:\/\/kolibrici.hr\/index.php\/2024\/04\/26\/emisija-revizija-sami-2\/\" class=\"u-blog-control u-border-2 u-border-no-left u-border-no-right u-border-no-top u-border-palette-1-base u-btn u-btn-rectangle u-button-style u-none u-btn-3\">Read More<\/a>\n              <\/div>\n            <\/div>\n            <div class=\"u-blog-post u-invisible u-container-style u-repeater-item u-white u-repeater-item-1\">\n              <div class=\"u-container-layout u-similar-container u-valign-top u-container-layout-1\">\n                <h4 class=\"u-blog-control u-text u-text-1\">\n                  <a class=\"u-post-header-link\" href=\"https:\/\/kolibrici.hr\/index.php\/2024\/04\/26\/humanitarna-nogometna-utakmica-veterana-hnk-segesta-sisak-2\/\">HUMANITARNA NOGOMETNA UTAKMICA VETERANA HNK SEGESTA SISAK<\/a>\n                <\/h4><a class=\"u-blog-control u-expanded-width u-image u-image-default u-image-2\" href=\"https:\/\/kolibrici.hr\/index.php\/2024\/04\/26\/humanitarna-nogometna-utakmica-veterana-hnk-segesta-sisak-2\/\">\n                <img decoding=\"async\" alt=\"\" class=\"u-blog-control u-expanded-width u-image u-image-default u-image-2\" src=\"https:\/\/kolibrici.hr\/wp-content\/uploads\/2024\/04\/Kolibri_logo-removebg-preview.png\"><\/a>\n                <div class=\"u-blog-control u-post-content u-text u-text-2\">Ovog \u010detvrtka, 9. svibnja u 17 sati, na stadionu\u00a0HNK Segesta Sisak\u00a0odr\u017eat \u0107e se humanitarna utakmica izme\u0111u veterana HNK Segesta Sisak i HNK Rijeka &hellip;<\/div>\n                <a href=\"https:\/\/kolibrici.hr\/index.php\/2024\/04\/26\/humanitarna-nogometna-utakmica-veterana-hnk-segesta-sisak-2\/\" class=\"u-blog-control u-border-2 u-border-no-left u-border-no-right u-border-no-top u-border-palette-1-base u-btn u-btn-rectangle u-button-style u-none u-btn-1\">Read More<\/a>\n              <\/div>\n            <\/div>\n            <div class=\"u-blog-post u-invisible u-container-style u-repeater-item u-video-cover u-white\">\n              <div class=\"u-container-layout u-similar-container u-valign-top u-container-layout-2\">\n                <h4 class=\"u-blog-control u-text u-text-3\">\n                  <a class=\"u-post-header-link\" href=\"https:\/\/kolibrici.hr\/index.php\/2024\/04\/26\/prosvjed-dodite-na-trg-sv-marka-26-1-subota-u-11-h-i-podrzite-nas-2\/\">PROSVJED DO\u0110ITE NA TRG SV. MARKA \/ 26.1. (SUBOTA) U 11 H I PODR\u017dITE NAS!<\/a>\n                <\/h4><a class=\"u-blog-control u-expanded-width u-image u-image-default u-image-3\" href=\"https:\/\/kolibrici.hr\/index.php\/2024\/04\/26\/prosvjed-dodite-na-trg-sv-marka-26-1-subota-u-11-h-i-podrzite-nas-2\/\">\n                <img decoding=\"async\" alt=\"\" class=\"u-blog-control u-expanded-width u-image u-image-default u-image-3\" src=\"https:\/\/kolibrici.hr\/wp-content\/uploads\/2024\/04\/Kolibri_logo-removebg-preview.png\"><\/a>\n                <div class=\"u-blog-control u-post-content u-text u-text-4\">Obe\u0107ali smo \u0161tititi pravo na lije\u010denje svih oboljelih od spinalne mi\u0161i\u0107ne atrofije. Za razliku od premijera i ministra zdravstva, mi dr\u017eimo do svoje &hellip;<\/div>\n                <a href=\"https:\/\/kolibrici.hr\/index.php\/2024\/04\/26\/prosvjed-dodite-na-trg-sv-marka-26-1-subota-u-11-h-i-podrzite-nas-2\/\" class=\"u-blog-control u-border-2 u-border-no-left u-border-no-right u-border-no-top u-border-palette-1-base u-btn u-btn-rectangle u-button-style u-none u-btn-2\">Read More<\/a>\n              <\/div>\n            <\/div>\n            <div class=\"u-blog-post u-invisible u-container-style u-repeater-item u-video-cover u-white\">\n              <div class=\"u-container-layout u-similar-container u-valign-top u-container-layout-3\">\n                <h4 class=\"u-blog-control u-text u-text-5\">\n                  <a class=\"u-post-header-link\" href=\"https:\/\/kolibrici.hr\/index.php\/2024\/04\/26\/u-saboru-se-hvale-diskriminacijom-oboljelih-od-sma-i-neradom-sustava-2\/\">U SABORU SE HVALE DISKRIMINACIJOM OBOLJELIH OD SMA I NERADOM SUSTAVA<\/a>\n                <\/h4><a class=\"u-blog-control u-expanded-width u-image u-image-default u-image-4\" href=\"https:\/\/kolibrici.hr\/index.php\/2024\/04\/26\/u-saboru-se-hvale-diskriminacijom-oboljelih-od-sma-i-neradom-sustava-2\/\">\n                <img decoding=\"async\" alt=\"\" class=\"u-blog-control u-expanded-width u-image u-image-default u-image-4\" src=\"https:\/\/kolibrici.hr\/wp-content\/uploads\/2024\/04\/Kolibri_logo-removebg-preview.png\"><\/a>\n                <div class=\"u-blog-control u-post-content u-text u-text-6\">UDRUGA KOLIBRI\u0106I O NAVODIMA PREMIJERA I MINISTRA ZDRAVSTVAUdruga roditelja vitalno ugro\u017eene djece \u201cKolibri\u0107i\u201d nastavno na raspravu i glasanje o &hellip;<\/div>\n                <a href=\"https:\/\/kolibrici.hr\/index.php\/2024\/04\/26\/u-saboru-se-hvale-diskriminacijom-oboljelih-od-sma-i-neradom-sustava-2\/\" class=\"u-blog-control u-border-2 u-border-no-left u-border-no-right u-border-no-top u-border-palette-1-base u-btn u-btn-rectangle u-button-style u-none u-btn-3\">Read More<\/a>\n              <\/div>\n            <\/div>\n            <div class=\"u-blog-post u-invisible u-container-style u-repeater-item u-white u-repeater-item-1\">\n              <div class=\"u-container-layout u-similar-container u-valign-top u-container-layout-1\">\n                <h4 class=\"u-blog-control u-text u-text-1\">\n                  <a class=\"u-post-header-link\" href=\"https:\/\/kolibrici.hr\/index.php\/2024\/04\/26\/vatrogasci-pomazu-kolibricima-2\/\">VATROGASCI POMA\u017dU KOLIBRI\u0106IMA<\/a>\n                <\/h4><a class=\"u-blog-control u-expanded-width u-image u-image-default u-image-2\" href=\"https:\/\/kolibrici.hr\/index.php\/2024\/04\/26\/vatrogasci-pomazu-kolibricima-2\/\">\n                <img decoding=\"async\" alt=\"\" class=\"u-blog-control u-expanded-width u-image u-image-default u-image-2\" src=\"https:\/\/kolibrici.hr\/wp-content\/uploads\/2024\/04\/Kolibri_logo-removebg-preview.png\"><\/a>\n                <div class=\"u-blog-control u-post-content u-text u-text-2\">Vatrogasci grada Zagreba organizirali su Humanitarnu akciju za na\u0161e Kolibri\u0107e u razdoblju od 01.10.2018. do 03.12.2018. Prikupljena \u00a0sredstva &hellip;<\/div>\n                <a href=\"https:\/\/kolibrici.hr\/index.php\/2024\/04\/26\/vatrogasci-pomazu-kolibricima-2\/\" class=\"u-blog-control u-border-2 u-border-no-left u-border-no-right u-border-no-top u-border-palette-1-base u-btn u-btn-rectangle u-button-style u-none u-btn-1\">Read More<\/a>\n              <\/div>\n            <\/div>\n            <div class=\"u-blog-post u-invisible u-container-style u-repeater-item u-video-cover u-white\">\n              <div class=\"u-container-layout u-similar-container u-valign-top u-container-layout-2\">\n                <h4 class=\"u-blog-control u-text u-text-3\">\n                  <a class=\"u-post-header-link\" href=\"https:\/\/kolibrici.hr\/index.php\/2024\/04\/26\/predstavili-smo-projekt-zlatkov-dan-sa-sma-2\/\">PREDSTAVILI SMO PROJEKT \u201cZLATKOV DAN SA SMA\u201d<\/a>\n                <\/h4><a class=\"u-blog-control u-expanded-width u-image u-image-default u-image-3\" href=\"https:\/\/kolibrici.hr\/index.php\/2024\/04\/26\/predstavili-smo-projekt-zlatkov-dan-sa-sma-2\/\">\n                <img decoding=\"async\" alt=\"\" class=\"u-blog-control u-expanded-width u-image u-image-default u-image-3\" src=\"https:\/\/kolibrici.hr\/wp-content\/uploads\/2024\/04\/0fd3416c.jpeg\"><\/a>\n                <div class=\"u-blog-control u-post-content u-text u-text-4\"><p>Slikovnica \u201cZlatkov dan za igru\u201d, djelo poznatoga svjetskog ilustratora iz Australije Charlesa Santosa, koja kroz zanimljiv i djeci prilago\u0111en na\u010din&hellip;<\/p><\/div>\n                <a href=\"https:\/\/kolibrici.hr\/index.php\/2024\/04\/26\/predstavili-smo-projekt-zlatkov-dan-sa-sma-2\/\" class=\"u-blog-control u-border-2 u-border-no-left u-border-no-right u-border-no-top u-border-palette-1-base u-btn u-btn-rectangle u-button-style u-none u-btn-2\">Read More<\/a>\n              <\/div>\n            <\/div>\n            <div class=\"u-blog-post u-invisible u-container-style u-repeater-item u-video-cover u-white\">\n              <div class=\"u-container-layout u-similar-container u-valign-top u-container-layout-3\">\n                <h4 class=\"u-blog-control u-text u-text-5\">\n                  <a class=\"u-post-header-link\" href=\"https:\/\/kolibrici.hr\/index.php\/2024\/04\/26\/nas-jan-vam-porucuje-2\/\">NA\u0160 JAN VAM PORU\u010cUJE!<\/a>\n                <\/h4><a class=\"u-blog-control u-expanded-width u-image u-image-default u-image-4\" href=\"https:\/\/kolibrici.hr\/index.php\/2024\/04\/26\/nas-jan-vam-porucuje-2\/\">\n                <img decoding=\"async\" alt=\"\" class=\"u-blog-control u-expanded-width u-image u-image-default u-image-4\" src=\"https:\/\/kolibrici.hr\/wp-content\/uploads\/2024\/04\/Kolibri_logo-removebg-preview.png\"><\/a>\n                <div class=\"u-blog-control u-post-content u-text u-text-6\"><p>\u201cDo\u0111ite na predstavljanje moje nove knjige na&nbsp;Interliberu,&nbsp;subota 17.11. u 16.30!&nbsp;Roman Te\u017eina stvarnosti, urednica Sandra Pocrni\u0107, &hellip;<\/p><\/div>\n                <a href=\"https:\/\/kolibrici.hr\/index.php\/2024\/04\/26\/nas-jan-vam-porucuje-2\/\" class=\"u-blog-control u-border-2 u-border-no-left u-border-no-right u-border-no-top u-border-palette-1-base u-btn u-btn-rectangle u-button-style u-none u-btn-3\">Read More<\/a>\n              <\/div>\n            <\/div>\n            <div class=\"u-blog-post u-invisible u-container-style u-repeater-item u-white u-repeater-item-1\">\n              <div class=\"u-container-layout u-similar-container u-valign-top u-container-layout-1\">\n                <h4 class=\"u-blog-control u-text u-text-1\">\n                  <a class=\"u-post-header-link\" href=\"https:\/\/kolibrici.hr\/index.php\/2024\/04\/26\/novskarun-2018-2\/\">NOVSKARUN 2018<\/a>\n                <\/h4><a class=\"u-blog-control u-expanded-width u-image u-image-default u-image-2\" href=\"https:\/\/kolibrici.hr\/index.php\/2024\/04\/26\/novskarun-2018-2\/\">\n                <img decoding=\"async\" alt=\"\" class=\"u-blog-control u-expanded-width u-image u-image-default u-image-2\" src=\"https:\/\/kolibrici.hr\/wp-content\/uploads\/2024\/04\/Kolibri_logo-removebg-preview.png\"><\/a>\n                <div class=\"u-blog-control u-post-content u-text u-text-2\"><p>Odr\u017eana utrka NovskaRUN 2018!Hvala Teni i Atletskom klubu NOGA na organizaciji utrke Novska RUN pod sloganom \u201cTisu\u0107u koraka za jedan tvoj\u201d kako bi &hellip;<\/p><\/div>\n                <a href=\"https:\/\/kolibrici.hr\/index.php\/2024\/04\/26\/novskarun-2018-2\/\" class=\"u-blog-control u-border-2 u-border-no-left u-border-no-right u-border-no-top u-border-palette-1-base u-btn u-btn-rectangle u-button-style u-none u-btn-1\">Read More<\/a>\n              <\/div>\n            <\/div>\n            <div class=\"u-blog-post u-invisible u-container-style u-repeater-item u-video-cover u-white\">\n              <div class=\"u-container-layout u-similar-container u-valign-top u-container-layout-2\">\n                <h4 class=\"u-blog-control u-text u-text-3\">\n                  <a class=\"u-post-header-link\" href=\"https:\/\/kolibrici.hr\/index.php\/2024\/04\/26\/priopcenje-vezano-uz-izjavu-vlade-22-7-2018-2\/\">PRIOP\u0106ENJE VEZANO UZ IZJAVU VLADE, 22.7.2018.<\/a>\n                <\/h4><a class=\"u-blog-control u-expanded-width u-image u-image-default u-image-3\" href=\"https:\/\/kolibrici.hr\/index.php\/2024\/04\/26\/priopcenje-vezano-uz-izjavu-vlade-22-7-2018-2\/\">\n                <img decoding=\"async\" alt=\"\" class=\"u-blog-control u-expanded-width u-image u-image-default u-image-3\" src=\"https:\/\/kolibrici.hr\/wp-content\/uploads\/2024\/04\/Kolibri_logo-removebg-preview.png\"><\/a>\n                <div class=\"u-blog-control u-post-content u-text u-text-4\"><p>Nakon spektakularnog uspjeha hrvatske nogometne reprezentacije na SP-u u Moskvi, politi\u010dari su povukli pitanje izgradnje nacionalnog stadiona, a dio&hellip;<\/p><\/div>\n                <a href=\"https:\/\/kolibrici.hr\/index.php\/2024\/04\/26\/priopcenje-vezano-uz-izjavu-vlade-22-7-2018-2\/\" class=\"u-blog-control u-border-2 u-border-no-left u-border-no-right u-border-no-top u-border-palette-1-base u-btn u-btn-rectangle u-button-style u-none u-btn-2\">Read More<\/a>\n              <\/div>\n            <\/div>\n            <div class=\"u-blog-post u-invisible u-container-style u-repeater-item u-video-cover u-white\">\n              <div class=\"u-container-layout u-similar-container u-valign-top u-container-layout-3\">\n                <h4 class=\"u-blog-control u-text u-text-5\">\n                  <a class=\"u-post-header-link\" href=\"https:\/\/kolibrici.hr\/index.php\/2024\/04\/26\/ana-nas-ponos-2\/\">ANA, NA\u0160 PONOS<\/a>\n                <\/h4><a class=\"u-blog-control u-expanded-width u-image u-image-default u-image-4\" href=\"https:\/\/kolibrici.hr\/index.php\/2024\/04\/26\/ana-nas-ponos-2\/\">\n                <img decoding=\"async\" alt=\"\" class=\"u-blog-control u-expanded-width u-image u-image-default u-image-4\" src=\"https:\/\/kolibrici.hr\/wp-content\/uploads\/2024\/04\/Kolibri_logo-removebg-preview.png\"><\/a>\n                <div class=\"u-blog-control u-post-content u-text u-text-6\"><p>Povodom Dana grada Siska, u atriju Starog grada odr\u017eana je sve\u010dana sjednica Gradskog vije\u0107a na kojoj su uru\u010dene nagrade Grada Siska zaslu\u017enim &hellip;<\/p><\/div>\n                <a href=\"https:\/\/kolibrici.hr\/index.php\/2024\/04\/26\/ana-nas-ponos-2\/\" class=\"u-blog-control u-border-2 u-border-no-left u-border-no-right u-border-no-top u-border-palette-1-base u-btn u-btn-rectangle u-button-style u-none u-btn-3\">Read More<\/a>\n              <\/div>\n            <\/div>\n            <div class=\"u-blog-post u-invisible u-container-style u-repeater-item u-white u-repeater-item-1\">\n              <div class=\"u-container-layout u-similar-container u-valign-top u-container-layout-1\">\n                <h4 class=\"u-blog-control u-text u-text-1\">\n                  <a class=\"u-post-header-link\" href=\"https:\/\/kolibrici.hr\/index.php\/2024\/04\/26\/dodite-od-24-5-do-13-6-na-prikazivanje-filma-o-vatrenima-i-podrzite-kolibrice-2\/\">DO\u0110ITE OD 24.5. DO 13.6. NA PRIKAZIVANJE FILMA O VATRENIMA I PODR\u017dITE KOLIBRI\u0106E<\/a>\n                <\/h4><a class=\"u-blog-control u-expanded-width u-image u-image-default u-image-2\" href=\"https:\/\/kolibrici.hr\/index.php\/2024\/04\/26\/dodite-od-24-5-do-13-6-na-prikazivanje-filma-o-vatrenima-i-podrzite-kolibrice-2\/\">\n                <img decoding=\"async\" alt=\"\" class=\"u-blog-control u-expanded-width u-image u-image-default u-image-2\" src=\"https:\/\/kolibrici.hr\/wp-content\/uploads\/2024\/04\/0fd3416c.jpeg\"><\/a>\n                <div class=\"u-blog-control u-post-content u-text u-text-2\"><p>Odr\u017eana je premijera dokumentarnog filma \u2018Vatreni\u2018 koji donosi pri\u010du o hrvatskoj nogometnoj reprezentaciji i njenoj legendarnoj bronci na Svjetskom &hellip;<\/p><\/div>\n                <a href=\"https:\/\/kolibrici.hr\/index.php\/2024\/04\/26\/dodite-od-24-5-do-13-6-na-prikazivanje-filma-o-vatrenima-i-podrzite-kolibrice-2\/\" class=\"u-blog-control u-border-2 u-border-no-left u-border-no-right u-border-no-top u-border-palette-1-base u-btn u-btn-rectangle u-button-style u-none u-btn-1\">Read More<\/a>\n              <\/div>\n            <\/div>\n            <div class=\"u-blog-post u-invisible u-container-style u-repeater-item u-video-cover u-white\">\n              <div class=\"u-container-layout u-similar-container u-valign-top u-container-layout-2\">\n                <h4 class=\"u-blog-control u-text u-text-3\">\n                  <a class=\"u-post-header-link\" href=\"https:\/\/kolibrici.hr\/index.php\/2024\/04\/26\/utrka-novskarun-2018-tisucu-koraka-za-jedan-tvoj-2\/\">UTRKA NOVSKARUN 2018. TISU\u0106U KORAKA ZA JEDAN TVOJ<\/a>\n                <\/h4><a class=\"u-blog-control u-expanded-width u-image u-image-default u-image-3\" href=\"https:\/\/kolibrici.hr\/index.php\/2024\/04\/26\/utrka-novskarun-2018-tisucu-koraka-za-jedan-tvoj-2\/\">\n                <img decoding=\"async\" alt=\"\" class=\"u-blog-control u-expanded-width u-image u-image-default u-image-3\" src=\"https:\/\/kolibrici.hr\/wp-content\/uploads\/2024\/04\/Kolibri_logo-removebg-preview.png\"><\/a>\n                <div class=\"u-blog-control u-post-content u-text u-text-4\">U ime svih Kolibri\u0107a i njihovih obitelji, zahvaljujemo velikom srcu Novske!Atletski klub NOGA i ove godine organizira sada ve\u0107 tradicionalnu utrku &hellip;<\/div>\n                <a href=\"https:\/\/kolibrici.hr\/index.php\/2024\/04\/26\/utrka-novskarun-2018-tisucu-koraka-za-jedan-tvoj-2\/\" class=\"u-blog-control u-border-2 u-border-no-left u-border-no-right u-border-no-top u-border-palette-1-base u-btn u-btn-rectangle u-button-style u-none u-btn-2\">Read More<\/a>\n              <\/div>\n            <\/div>\n            <div class=\"u-blog-post u-invisible u-container-style u-repeater-item u-video-cover u-white\">\n              <div class=\"u-container-layout u-similar-container u-valign-top u-container-layout-3\">\n                <h4 class=\"u-blog-control u-text u-text-5\">\n                  <a class=\"u-post-header-link\" href=\"https:\/\/kolibrici.hr\/index.php\/2024\/04\/26\/nas-stav-o-ispitivanju-novog-lijeka-za-spinalnu-misicnu-atrofiju-i-uvrstenju-spinraze-na-listu-hzzo-a-2\/\">NA\u0160 STAV O ISPITIVANJU NOVOG LIJEKA ZA SPINALNU MI\u0160I\u0106NU ATROFIJU I UVR\u0160TENJU SPINRAZE NA LISTU HZZO-A<\/a>\n                <\/h4><a class=\"u-blog-control u-expanded-width u-image u-image-default u-image-4\" href=\"https:\/\/kolibrici.hr\/index.php\/2024\/04\/26\/nas-stav-o-ispitivanju-novog-lijeka-za-spinalnu-misicnu-atrofiju-i-uvrstenju-spinraze-na-listu-hzzo-a-2\/\">\n                <img decoding=\"async\" alt=\"\" class=\"u-blog-control u-expanded-width u-image u-image-default u-image-4\" src=\"https:\/\/kolibrici.hr\/wp-content\/uploads\/2024\/04\/Kolibri_logo-removebg-preview.png\"><\/a>\n                <div class=\"u-blog-control u-post-content u-text u-text-6\"><p>Teks je objavljen na In portalu (19.4.2018.)Roditelji &nbsp;s nelagodom slu\u0161aju niz proturje\u010dnih slu\u017ebenih i neslu\u017ebenih izjava mjerodavnih, koje &hellip;<\/p><\/div>\n                <a href=\"https:\/\/kolibrici.hr\/index.php\/2024\/04\/26\/nas-stav-o-ispitivanju-novog-lijeka-za-spinalnu-misicnu-atrofiju-i-uvrstenju-spinraze-na-listu-hzzo-a-2\/\" class=\"u-blog-control u-border-2 u-border-no-left u-border-no-right u-border-no-top u-border-palette-1-base u-btn u-btn-rectangle u-button-style u-none u-btn-3\">Read More<\/a>\n              <\/div>\n            <\/div>\n            <div class=\"u-blog-post u-invisible u-container-style u-repeater-item u-white u-repeater-item-1\">\n              <div class=\"u-container-layout u-similar-container u-valign-top u-container-layout-1\">\n                <h4 class=\"u-blog-control u-text u-text-1\">\n                  <a class=\"u-post-header-link\" href=\"https:\/\/kolibrici.hr\/index.php\/2024\/04\/26\/cajtnot-urban-challenge-20-4-2018-2\/\">CAJTNOT URBAN CHALLENGE, 20.4.2018.<\/a>\n                <\/h4><a class=\"u-blog-control u-expanded-width u-image u-image-default u-image-2\" href=\"https:\/\/kolibrici.hr\/index.php\/2024\/04\/26\/cajtnot-urban-challenge-20-4-2018-2\/\">\n                <img decoding=\"async\" alt=\"\" class=\"u-blog-control u-expanded-width u-image u-image-default u-image-2\" src=\"https:\/\/kolibrici.hr\/wp-content\/uploads\/2024\/04\/Kolibri_logo-removebg-preview.png\"><\/a>\n                <div class=\"u-blog-control u-post-content u-text u-text-2\">Hvala organizatorima i natjecateljima!Ovaj Cajtnot imao je humanitaran karakter. \u00a0Organizatori su se odlu\u010dili \u00a0odre\u0107i 20kn po svakom \u010dlanu tima. &hellip;<\/div>\n                <a href=\"https:\/\/kolibrici.hr\/index.php\/2024\/04\/26\/cajtnot-urban-challenge-20-4-2018-2\/\" class=\"u-blog-control u-border-2 u-border-no-left u-border-no-right u-border-no-top u-border-palette-1-base u-btn u-btn-rectangle u-button-style u-none u-btn-1\">Read More<\/a>\n              <\/div>\n            <\/div>\n            <div class=\"u-blog-post u-invisible u-container-style u-repeater-item u-video-cover u-white\">\n              <div class=\"u-container-layout u-similar-container u-valign-top u-container-layout-2\">\n                <h4 class=\"u-blog-control u-text u-text-3\">\n                  <a class=\"u-post-header-link\" href=\"https:\/\/kolibrici.hr\/index.php\/2024\/04\/26\/sasa-pavlic-nosio-kriz-od-rijeke-do-zagreba-2\/\">Sa\u0161a Pavli\u0107 nosio kri\u017e od Rijeke do Zagreba<\/a>\n                <\/h4><a class=\"u-blog-control u-expanded-width u-image u-image-default u-image-3\" href=\"https:\/\/kolibrici.hr\/index.php\/2024\/04\/26\/sasa-pavlic-nosio-kriz-od-rijeke-do-zagreba-2\/\">\n                <img decoding=\"async\" alt=\"\" class=\"u-blog-control u-expanded-width u-image u-image-default u-image-3\" src=\"https:\/\/kolibrici.hr\/wp-content\/uploads\/2024\/04\/Kolibri_logo-removebg-preview.png\"><\/a>\n                <div class=\"u-blog-control u-post-content u-text u-text-4\">Do\u010dekali smo Uskrs obeshrabreni \u010dinjenicom kako se u na\u0161oj domovini pronalazi novac za sve, osim za lije\u010denje djece inovativnim terapijama. No, jedan&hellip;<\/div>\n                <a href=\"https:\/\/kolibrici.hr\/index.php\/2024\/04\/26\/sasa-pavlic-nosio-kriz-od-rijeke-do-zagreba-2\/\" class=\"u-blog-control u-border-2 u-border-no-left u-border-no-right u-border-no-top u-border-palette-1-base u-btn u-btn-rectangle u-button-style u-none u-btn-2\">Read More<\/a>\n              <\/div>\n            <\/div>\n            <div class=\"u-blog-post u-invisible u-container-style u-repeater-item u-video-cover u-white\">\n              <div class=\"u-container-layout u-similar-container u-valign-top u-container-layout-3\">\n                <h4 class=\"u-blog-control u-text u-text-5\">\n                  <a class=\"u-post-header-link\" href=\"https:\/\/kolibrici.hr\/index.php\/2024\/04\/26\/plenkovic-otkrio-na-vladi-djeca-sa-spinalnom-misicnom-atrofijom-bit-ce-ukljucena-u-klinicku-studiju-i-dobiti-lijek-osigurali-smo-novac-2\/\">PLENKOVI\u0106 OTKRIO NA VLADI: DJECA SA SPINALNOM MI\u0160I\u0106NOM ATROFIJOM BIT \u0106E UKLJU\u010cENA U KLINI\u010cKU STUDIJU I DOBITI LIJEK, OSIGURALI SMO NOVAC<\/a>\n                <\/h4><a class=\"u-blog-control u-expanded-width u-image u-image-default u-image-4\" href=\"https:\/\/kolibrici.hr\/index.php\/2024\/04\/26\/plenkovic-otkrio-na-vladi-djeca-sa-spinalnom-misicnom-atrofijom-bit-ce-ukljucena-u-klinicku-studiju-i-dobiti-lijek-osigurali-smo-novac-2\/\">\n                <img decoding=\"async\" alt=\"\" class=\"u-blog-control u-expanded-width u-image u-image-default u-image-4\" src=\"https:\/\/kolibrici.hr\/wp-content\/uploads\/2024\/04\/Kolibri_logo-removebg-preview.png\"><\/a>\n                <div class=\"u-blog-control u-post-content u-text u-text-6\">Nisu osigurana sredstva za lije\u010denje spinalne mi\u0161i\u0107ne atrofije jer klini\u010dko ispitivanje ide na teret dobavlja\u010da. Radi se o lijeku koji nije do kraja &hellip;<\/div>\n                <a href=\"https:\/\/kolibrici.hr\/index.php\/2024\/04\/26\/plenkovic-otkrio-na-vladi-djeca-sa-spinalnom-misicnom-atrofijom-bit-ce-ukljucena-u-klinicku-studiju-i-dobiti-lijek-osigurali-smo-novac-2\/\" class=\"u-blog-control u-border-2 u-border-no-left u-border-no-right u-border-no-top u-border-palette-1-base u-btn u-btn-rectangle u-button-style u-none u-btn-3\">Read More<\/a>\n              <\/div>\n            <\/div>\n            <div class=\"u-blog-post u-invisible u-container-style u-repeater-item u-white u-repeater-item-1\">\n              <div class=\"u-container-layout u-similar-container u-valign-top u-container-layout-1\">\n                <h4 class=\"u-blog-control u-text u-text-1\">\n                  <a class=\"u-post-header-link\" href=\"https:\/\/kolibrici.hr\/index.php\/2024\/04\/26\/kupite-lijek-2\/\">KUPITE LIJEK!<\/a>\n                <\/h4><a class=\"u-blog-control u-expanded-width u-image u-image-default u-image-2\" href=\"https:\/\/kolibrici.hr\/index.php\/2024\/04\/26\/kupite-lijek-2\/\">\n                <img decoding=\"async\" alt=\"\" class=\"u-blog-control u-expanded-width u-image u-image-default u-image-2\" src=\"https:\/\/kolibrici.hr\/wp-content\/uploads\/2024\/04\/Kolibri_logo-removebg-preview.png\"><\/a>\n                <div class=\"u-blog-control u-post-content u-text u-text-2\"><p>Do sad je dr\u017eava prona\u0161la novac samo za \u010detvero bolesne djece. Posljednja je lijek dobila Tea Matijevi\u0107. Malenoj se stanje nakon samo \u010detiri doze &hellip;<\/p><\/div>\n                <a href=\"https:\/\/kolibrici.hr\/index.php\/2024\/04\/26\/kupite-lijek-2\/\" class=\"u-blog-control u-border-2 u-border-no-left u-border-no-right u-border-no-top u-border-palette-1-base u-btn u-btn-rectangle u-button-style u-none u-btn-1\">Read More<\/a>\n              <\/div>\n            <\/div>\n            <div class=\"u-blog-post u-invisible u-container-style u-repeater-item u-video-cover u-white\">\n              <div class=\"u-container-layout u-similar-container u-valign-top u-container-layout-2\">\n                <h4 class=\"u-blog-control u-text u-text-3\">\n                  <a class=\"u-post-header-link\" href=\"https:\/\/kolibrici.hr\/index.php\/2024\/04\/26\/futsal-lavovi-za-hrabre-kolibrice-2\/\">FUTSAL LAVOVI ZA HRABRE KOLIBRI\u0106E!<\/a>\n                <\/h4><a class=\"u-blog-control u-expanded-width u-image u-image-default u-image-3\" href=\"https:\/\/kolibrici.hr\/index.php\/2024\/04\/26\/futsal-lavovi-za-hrabre-kolibrice-2\/\">\n                <img decoding=\"async\" alt=\"\" class=\"u-blog-control u-expanded-width u-image u-image-default u-image-3\" src=\"https:\/\/kolibrici.hr\/wp-content\/uploads\/2024\/04\/Kolibri_logo-removebg-preview.png\"><\/a>\n                <div class=\"u-blog-control u-post-content u-text u-text-4\"><p>Prenosimo predivnu poruku &nbsp;Malonogometnog kluba Olmissum te im se zahvaljujemo u ime svih Kolibri\u0107a i njihovih obitelji!Da je \u017eivot jedna &hellip;<\/p><\/div>\n                <a href=\"https:\/\/kolibrici.hr\/index.php\/2024\/04\/26\/futsal-lavovi-za-hrabre-kolibrice-2\/\" class=\"u-blog-control u-border-2 u-border-no-left u-border-no-right u-border-no-top u-border-palette-1-base u-btn u-btn-rectangle u-button-style u-none u-btn-2\">Read More<\/a>\n              <\/div>\n            <\/div>\n            <div class=\"u-blog-post u-invisible u-container-style u-repeater-item u-video-cover u-white\">\n              <div class=\"u-container-layout u-similar-container u-valign-top u-container-layout-3\">\n                <h4 class=\"u-blog-control u-text u-text-5\">\n                  <a class=\"u-post-header-link\" href=\"https:\/\/kolibrici.hr\/index.php\/2024\/04\/26\/osnujte-fond-iz-proracuna-2\/\">OSNUJTE FOND IZ PRORA\u010cUNA<\/a>\n                <\/h4><a class=\"u-blog-control u-expanded-width u-image u-image-default u-image-4\" href=\"https:\/\/kolibrici.hr\/index.php\/2024\/04\/26\/osnujte-fond-iz-proracuna-2\/\">\n                <img decoding=\"async\" alt=\"\" class=\"u-blog-control u-expanded-width u-image u-image-default u-image-4\" src=\"https:\/\/kolibrici.hr\/wp-content\/uploads\/2024\/04\/Kolibri_logo-removebg-preview.png\"><\/a>\n                <div class=\"u-blog-control u-post-content u-text u-text-6\"><p>Ministarstvo zdravstva otvorilo je nedavno uplatni ra\u010dun za prikupljanje donacija za posebno skupe lijekove. I dalje smatramo da je Vlada ovim &hellip;<\/p><\/div>\n                <a href=\"https:\/\/kolibrici.hr\/index.php\/2024\/04\/26\/osnujte-fond-iz-proracuna-2\/\" class=\"u-blog-control u-border-2 u-border-no-left u-border-no-right u-border-no-top u-border-palette-1-base u-btn u-btn-rectangle u-button-style u-none u-btn-3\">Read More<\/a>\n              <\/div>\n            <\/div>\n            <div class=\"u-blog-post u-invisible u-container-style u-repeater-item u-white u-repeater-item-1\">\n              <div class=\"u-container-layout u-similar-container u-valign-top u-container-layout-1\">\n                <h4 class=\"u-blog-control u-text u-text-1\">\n                  <a class=\"u-post-header-link\" href=\"https:\/\/kolibrici.hr\/index.php\/2024\/04\/26\/apel-vladi-2\/\">APEL VLADI<\/a>\n                <\/h4><a class=\"u-blog-control u-expanded-width u-image u-image-default u-image-2\" href=\"https:\/\/kolibrici.hr\/index.php\/2024\/04\/26\/apel-vladi-2\/\">\n                <img decoding=\"async\" alt=\"\" class=\"u-blog-control u-expanded-width u-image u-image-default u-image-2\" src=\"https:\/\/kolibrici.hr\/wp-content\/uploads\/2024\/04\/Kolibri_logo-removebg-preview.png\"><\/a>\n                <div class=\"u-blog-control u-post-content u-text u-text-2\"><p>Po\u0161tovana Vlado RH,obra\u0107amo vam se ovim otvorenim pismom kako bismo iskazali nezadovoljstvo inicijativom Ministarstva zdravstva za pokretanje &hellip;<\/p><\/div>\n                <a href=\"https:\/\/kolibrici.hr\/index.php\/2024\/04\/26\/apel-vladi-2\/\" class=\"u-blog-control u-border-2 u-border-no-left u-border-no-right u-border-no-top u-border-palette-1-base u-btn u-btn-rectangle u-button-style u-none u-btn-1\">Read More<\/a>\n              <\/div>\n            <\/div>\n            <div class=\"u-blog-post u-invisible u-container-style u-repeater-item u-video-cover u-white\">\n              <div class=\"u-container-layout u-similar-container u-valign-top u-container-layout-2\">\n                <h4 class=\"u-blog-control u-text u-text-3\">\n                  <a class=\"u-post-header-link\" href=\"https:\/\/kolibrici.hr\/index.php\/2024\/04\/26\/bozic-2017-2018-2\/\">BO\u017dI\u0106 2017.\/2018.<\/a>\n                <\/h4><a class=\"u-blog-control u-expanded-width u-image u-image-default u-image-3\" href=\"https:\/\/kolibrici.hr\/index.php\/2024\/04\/26\/bozic-2017-2018-2\/\">\n                <img decoding=\"async\" alt=\"\" class=\"u-blog-control u-expanded-width u-image u-image-default u-image-3\" src=\"https:\/\/kolibrici.hr\/wp-content\/uploads\/2024\/04\/djed_mraz_i_sin-300x154-1.jpg\"><\/a>\n                <div class=\"u-blog-control u-post-content u-text u-text-4\"><p>Hvala svima koji su donirali bo\u017ei\u0107ne poklone za na\u0161e Kolibri\u0107e. Djed Mraz i sin su ih podijelili u nedjelju (17.12.2017.) zajedno sa slikovnicama &hellip;<\/p><\/div>\n                <a href=\"https:\/\/kolibrici.hr\/index.php\/2024\/04\/26\/bozic-2017-2018-2\/\" class=\"u-blog-control u-border-2 u-border-no-left u-border-no-right u-border-no-top u-border-palette-1-base u-btn u-btn-rectangle u-button-style u-none u-btn-2\">Read More<\/a>\n              <\/div>\n            <\/div>\n            <div class=\"u-blog-post u-invisible u-container-style u-repeater-item u-video-cover u-white\">\n              <div class=\"u-container-layout u-similar-container u-valign-top u-container-layout-3\">\n                <h4 class=\"u-blog-control u-text u-text-5\">\n                  <a class=\"u-post-header-link\" href=\"https:\/\/kolibrici.hr\/index.php\/2024\/04\/26\/trazimo-hitan-plan-lijecenja-za-djecu-oboljelu-od-spinalne-misicne-atrofije-2\/\">TRA\u017dIMO HITAN PLAN LIJE\u010cENJA ZA DJECU OBOLJELU OD SPINALNE MI\u0160I\u0106NE ATROFIJE<\/a>\n                <\/h4><a class=\"u-blog-control u-expanded-width u-image u-image-default u-image-4\" href=\"https:\/\/kolibrici.hr\/index.php\/2024\/04\/26\/trazimo-hitan-plan-lijecenja-za-djecu-oboljelu-od-spinalne-misicne-atrofije-2\/\">\n                <img decoding=\"async\" alt=\"\" class=\"u-blog-control u-expanded-width u-image u-image-default u-image-4\" src=\"https:\/\/kolibrici.hr\/wp-content\/uploads\/2024\/04\/Kolibri_logo-removebg-preview.png\"><\/a>\n                <div class=\"u-blog-control u-post-content u-text u-text-6\"><p>Udruga Kolibri\u0107i i Koalicija udruga u zdravstvu danas su upozorile da nisu ispunjeni njihovi zahtjevi ni obe\u0107anja premijera Andreja Plenkovi\u0107a, &hellip;<\/p><\/div>\n                <a href=\"https:\/\/kolibrici.hr\/index.php\/2024\/04\/26\/trazimo-hitan-plan-lijecenja-za-djecu-oboljelu-od-spinalne-misicne-atrofije-2\/\" class=\"u-blog-control u-border-2 u-border-no-left u-border-no-right u-border-no-top u-border-palette-1-base u-btn u-btn-rectangle u-button-style u-none u-btn-3\">Read More<\/a>\n              <\/div>\n            <\/div>\n            <div class=\"u-blog-post u-invisible u-container-style u-repeater-item u-white u-repeater-item-1\">\n              <div class=\"u-container-layout u-similar-container u-valign-top u-container-layout-1\">\n                <h4 class=\"u-blog-control u-text u-text-1\">\n                  <a class=\"u-post-header-link\" href=\"https:\/\/kolibrici.hr\/index.php\/2024\/04\/26\/rtl-pomaze-djeci-2\/\">RTL POMA\u017dE DJECI<\/a>\n                <\/h4><a class=\"u-blog-control u-expanded-width u-image u-image-default u-image-2\" href=\"https:\/\/kolibrici.hr\/index.php\/2024\/04\/26\/rtl-pomaze-djeci-2\/\">\n                <img decoding=\"async\" alt=\"\" class=\"u-blog-control u-expanded-width u-image u-image-default u-image-2\" src=\"https:\/\/kolibrici.hr\/wp-content\/uploads\/2024\/04\/Kolibri_logo-removebg-preview.png\"><\/a>\n                <div class=\"u-blog-control u-post-content u-text u-text-2\">Nazovite 060 9007 i pozivom donirajte RTL poma\u017ee djeci kako bi pomogli u realizaciji projekta Udruge Kolibri\u0107i! Tim projektom nabaviti \u0107e se kamere za komunikaciju pogledom za 6 Kolibri\u0107a.\u00a0Vi\u0161e o projektu >>Za vrijeme trajanja kampanje \u201eBudi mi prijatelj\u201c...<\/div>\n                <a href=\"https:\/\/kolibrici.hr\/index.php\/2024\/04\/26\/rtl-pomaze-djeci-2\/\" class=\"u-blog-control u-border-2 u-border-no-left u-border-no-right u-border-no-top u-border-palette-1-base u-btn u-btn-rectangle u-button-style u-none u-btn-1\">Read More<\/a>\n              <\/div>\n            <\/div>\n            <div class=\"u-blog-post u-invisible u-container-style u-repeater-item u-video-cover u-white\">\n              <div class=\"u-container-layout u-similar-container u-valign-top u-container-layout-2\">\n                <h4 class=\"u-blog-control u-text u-text-3\">\n                  <a class=\"u-post-header-link\" href=\"https:\/\/kolibrici.hr\/index.php\/2024\/04\/26\/javna-rasprava-pristup-zdravlju-pravo-ili-milost-2\/\">JAVNA RASPRAVA \u201ePRISTUP ZDRAVLJU \u2013 PRAVO ILI MILOST?\u201c<\/a>\n                <\/h4><a class=\"u-blog-control u-expanded-width u-image u-image-default u-image-3\" href=\"https:\/\/kolibrici.hr\/index.php\/2024\/04\/26\/javna-rasprava-pristup-zdravlju-pravo-ili-milost-2\/\">\n                <img decoding=\"async\" alt=\"\" class=\"u-blog-control u-expanded-width u-image u-image-default u-image-3\" src=\"https:\/\/kolibrici.hr\/wp-content\/uploads\/2024\/04\/Kolibri_logo-removebg-preview.png\"><\/a>\n                <div class=\"u-blog-control u-post-content u-text u-text-4\"><p>Srda\u010dno Vas pozivamo na javnu raspravu \u201cPristup zdravlju&nbsp;\u2013&nbsp;pravo ili milost?\u201c na kojoj \u0107e Koalicija udruga u zdravstvu predstaviti &hellip;<\/p><\/div>\n                <a href=\"https:\/\/kolibrici.hr\/index.php\/2024\/04\/26\/javna-rasprava-pristup-zdravlju-pravo-ili-milost-2\/\" class=\"u-blog-control u-border-2 u-border-no-left u-border-no-right u-border-no-top u-border-palette-1-base u-btn u-btn-rectangle u-button-style u-none u-btn-2\">Read More<\/a>\n              <\/div>\n            <\/div>\n            <div class=\"u-blog-post u-invisible u-container-style u-repeater-item u-video-cover u-white\">\n              <div class=\"u-container-layout u-similar-container u-valign-top u-container-layout-3\">\n                <h4 class=\"u-blog-control u-text u-text-5\">\n                  <a class=\"u-post-header-link\" href=\"https:\/\/kolibrici.hr\/index.php\/2024\/04\/26\/okrugli-stol-zbora-zdravstvenih-i-medicinskih-novinara-hnd-a-2\/\">OKRUGLI STOL ZBORA ZDRAVSTVENIH I MEDICINSKIH NOVINARA HND-A<\/a>\n                <\/h4><a class=\"u-blog-control u-expanded-width u-image u-image-default u-image-4\" href=\"https:\/\/kolibrici.hr\/index.php\/2024\/04\/26\/okrugli-stol-zbora-zdravstvenih-i-medicinskih-novinara-hnd-a-2\/\">\n                <img decoding=\"async\" alt=\"\" class=\"u-blog-control u-expanded-width u-image u-image-default u-image-4\" src=\"https:\/\/kolibrici.hr\/wp-content\/uploads\/2024\/04\/Kolibri_logo-removebg-preview.png\"><\/a>\n                <div class=\"u-blog-control u-post-content u-text u-text-6\"><p>Odr\u017ean okrugli stol s Kujund\u017ei\u0107em: Mogu li svi dobiti skupe lijekove? Pogledajte videoMINISTAR zdravstva Milan Kujund\u017ei\u0107 jutros sudjeluje na &hellip;<\/p><\/div>\n                <a href=\"https:\/\/kolibrici.hr\/index.php\/2024\/04\/26\/okrugli-stol-zbora-zdravstvenih-i-medicinskih-novinara-hnd-a-2\/\" class=\"u-blog-control u-border-2 u-border-no-left u-border-no-right u-border-no-top u-border-palette-1-base u-btn u-btn-rectangle u-button-style u-none u-btn-3\">Read More<\/a>\n              <\/div>\n            <\/div>\n            <div class=\"u-blog-post u-invisible u-container-style u-repeater-item u-white u-repeater-item-1\">\n              <div class=\"u-container-layout u-similar-container u-valign-top u-container-layout-1\">\n                <h4 class=\"u-blog-control u-text u-text-1\">\n                  <a class=\"u-post-header-link\" href=\"https:\/\/kolibrici.hr\/index.php\/2024\/04\/26\/prosvjed-spinraza-sa-sve-oboljele-2\/\">PROSVJED \u201cSPINRAZA SA SVE OBOLJELE\u201d<\/a>\n                <\/h4><a class=\"u-blog-control u-expanded-width u-image u-image-default u-image-2\" href=\"https:\/\/kolibrici.hr\/index.php\/2024\/04\/26\/prosvjed-spinraza-sa-sve-oboljele-2\/\">\n                <img decoding=\"async\" alt=\"\" class=\"u-blog-control u-expanded-width u-image u-image-default u-image-2\" src=\"https:\/\/kolibrici.hr\/wp-content\/uploads\/2024\/04\/Kolibri_logo-removebg-preview.png\"><\/a>\n                <div class=\"u-blog-control u-post-content u-text u-text-2\"><p>\u201cZahvaljujem se od srca u svoje i ime svih ovih ljudi medijima i novinarima, snimateljima koji ve\u0107 \u0161est mjeseci prate na\u0161u pri\u010du i koji su pomogli &hellip;<\/p><\/div>\n                <a href=\"https:\/\/kolibrici.hr\/index.php\/2024\/04\/26\/prosvjed-spinraza-sa-sve-oboljele-2\/\" class=\"u-blog-control u-border-2 u-border-no-left u-border-no-right u-border-no-top u-border-palette-1-base u-btn u-btn-rectangle u-button-style u-none u-btn-1\">Read More<\/a>\n              <\/div>\n            <\/div>\n            <div class=\"u-blog-post u-invisible u-container-style u-repeater-item u-video-cover u-white\">\n              <div class=\"u-container-layout u-similar-container u-valign-top u-container-layout-2\">\n                <h4 class=\"u-blog-control u-text u-text-3\">\n                  <a class=\"u-post-header-link\" href=\"https:\/\/kolibrici.hr\/index.php\/2024\/04\/26\/na-uhljebe-se-trose-milijarde-a-39-ero-djece-ceka-lijek-koji-im-treba-spasiti-zivot-2\/\">\u201d NA UHLJEBE SE TRO\u0160E MILIJARDE, A 39-ERO DJECE \u010cEKA LIJEK KOJI IM TREBA SPASITI \u017dIVOT\u201d<\/a>\n                <\/h4><a class=\"u-blog-control u-expanded-width u-image u-image-default u-image-3\" href=\"https:\/\/kolibrici.hr\/index.php\/2024\/04\/26\/na-uhljebe-se-trose-milijarde-a-39-ero-djece-ceka-lijek-koji-im-treba-spasiti-zivot-2\/\">\n                <img decoding=\"async\" alt=\"\" class=\"u-blog-control u-expanded-width u-image u-image-default u-image-3\" src=\"https:\/\/kolibrici.hr\/wp-content\/uploads\/2024\/04\/Kolibri_logo-removebg-preview.png\"><\/a>\n                <div class=\"u-blog-control u-post-content u-text u-text-4\"><p>NAKON medijskih pritisaka, dvomjese\u010dnom Niki iz Splita, koji boluje od te\u0161ke spinalne mi\u0161i\u0107ne atrofije, Ministarstvo zdravstva odobrilo je prijeko &hellip;<\/p><\/div>\n                <a href=\"https:\/\/kolibrici.hr\/index.php\/2024\/04\/26\/na-uhljebe-se-trose-milijarde-a-39-ero-djece-ceka-lijek-koji-im-treba-spasiti-zivot-2\/\" class=\"u-blog-control u-border-2 u-border-no-left u-border-no-right u-border-no-top u-border-palette-1-base u-btn u-btn-rectangle u-button-style u-none u-btn-2\">Read More<\/a>\n              <\/div>\n            <\/div>\n            <div class=\"u-blog-post u-invisible u-container-style u-repeater-item u-video-cover u-white\">\n              <div class=\"u-container-layout u-similar-container u-valign-top u-container-layout-3\">\n                <h4 class=\"u-blog-control u-text u-text-5\">\n                  <a class=\"u-post-header-link\" href=\"https:\/\/kolibrici.hr\/index.php\/2024\/04\/26\/46-godisnja-skupstina-eamda-european-alliance-of-neuromuscular-disorders-associations-2\/\">46. GODI\u0160NJA SKUP\u0160TINA EAMDA (EUROPEAN ALLIANCE OF NEUROMUSCULAR DISORDERS ASSOCIATIONS)<\/a>\n                <\/h4><a class=\"u-blog-control u-expanded-width u-image u-image-default u-image-4\" href=\"https:\/\/kolibrici.hr\/index.php\/2024\/04\/26\/46-godisnja-skupstina-eamda-european-alliance-of-neuromuscular-disorders-associations-2\/\">\n                <img decoding=\"async\" alt=\"\" class=\"u-blog-control u-expanded-width u-image u-image-default u-image-4\" src=\"https:\/\/kolibrici.hr\/wp-content\/uploads\/2024\/04\/Kolibri_logo-removebg-preview.png\"><\/a>\n                <div class=\"u-blog-control u-post-content u-text u-text-6\">Predavanje: \u017divot sa SMA (Ana Alapi\u0107 i Mate)U subotu, 14. listopada 2017. g. u Zagrebu u Hotelu Holiday \u010dlanovi Udruge \u201eKolibri\u0107i\u201c prisustvovali su &hellip;<\/div>\n                <a href=\"https:\/\/kolibrici.hr\/index.php\/2024\/04\/26\/46-godisnja-skupstina-eamda-european-alliance-of-neuromuscular-disorders-associations-2\/\" class=\"u-blog-control u-border-2 u-border-no-left u-border-no-right u-border-no-top u-border-palette-1-base u-btn u-btn-rectangle u-button-style u-none u-btn-3\">Read More<\/a>\n              <\/div>\n            <\/div>\n            <div class=\"u-blog-post u-invisible u-container-style u-repeater-item u-white u-repeater-item-1\">\n              <div class=\"u-container-layout u-similar-container u-valign-top u-container-layout-1\">\n                <h4 class=\"u-blog-control u-text u-text-1\">\n                  <a class=\"u-post-header-link\" href=\"https:\/\/kolibrici.hr\/index.php\/2024\/04\/26\/kolibrica-tea-dobila-prvu-dozu-spinraze-2\/\">KOLIBRICA TEA DOBILA PRVU DOZU SPINRAZE<\/a>\n                <\/h4><a class=\"u-blog-control u-expanded-width u-image u-image-default u-image-2\" href=\"https:\/\/kolibrici.hr\/index.php\/2024\/04\/26\/kolibrica-tea-dobila-prvu-dozu-spinraze-2\/\">\n                <img decoding=\"async\" alt=\"\" class=\"u-blog-control u-expanded-width u-image u-image-default u-image-2\" src=\"https:\/\/kolibrici.hr\/wp-content\/uploads\/2024\/04\/Tea.jpg\"><\/a>\n                <div class=\"u-blog-control u-post-content u-text u-text-2\">Malena Tea je primila prvu dozu spasonosnog lijeka! \u017delimo joj brz oporavak i napredak.Udruga Kolibri\u0107i ima \u0161ezdesetak \u010dlanova od \u010dega je &hellip;<\/div>\n                <a href=\"https:\/\/kolibrici.hr\/index.php\/2024\/04\/26\/kolibrica-tea-dobila-prvu-dozu-spinraze-2\/\" class=\"u-blog-control u-border-2 u-border-no-left u-border-no-right u-border-no-top u-border-palette-1-base u-btn u-btn-rectangle u-button-style u-none u-btn-1\">Read More<\/a>\n              <\/div>\n            <\/div>\n            <div class=\"u-blog-post u-invisible u-container-style u-repeater-item u-video-cover u-white\">\n              <div class=\"u-container-layout u-similar-container u-valign-top u-container-layout-2\">\n                <h4 class=\"u-blog-control u-text u-text-3\">\n                  <a class=\"u-post-header-link\" href=\"https:\/\/kolibrici.hr\/index.php\/2024\/04\/26\/osmijeh-za-osmijeh-2\/\">OSMIJEH ZA OSMIJEH<\/a>\n                <\/h4><a class=\"u-blog-control u-expanded-width u-image u-image-default u-image-3\" href=\"https:\/\/kolibrici.hr\/index.php\/2024\/04\/26\/osmijeh-za-osmijeh-2\/\">\n                <img decoding=\"async\" alt=\"\" class=\"u-blog-control u-expanded-width u-image u-image-default u-image-3\" src=\"https:\/\/kolibrici.hr\/wp-content\/uploads\/2024\/04\/spinraza-300x158-1.png\"><\/a>\n                <div class=\"u-blog-control u-post-content u-text u-text-4\">Projekt \u2018Osmijeh za osmijeh\u2019 \u00a0tvrtke EL 4 izvrsno je prihva\u0107en, zato nas ne iznena\u0111uje \u0161to je predstava \u2018Ru\u017eno pa\u010de\u2019 napunila Zagreba\u010dko kazali\u0161te &hellip;<\/div>\n                <a href=\"https:\/\/kolibrici.hr\/index.php\/2024\/04\/26\/osmijeh-za-osmijeh-2\/\" class=\"u-blog-control u-border-2 u-border-no-left u-border-no-right u-border-no-top u-border-palette-1-base u-btn u-btn-rectangle u-button-style u-none u-btn-2\">Read More<\/a>\n              <\/div>\n            <\/div>\n            <div class=\"u-blog-post u-invisible u-container-style u-repeater-item u-video-cover u-white\">\n              <div class=\"u-container-layout u-similar-container u-valign-top u-container-layout-3\">\n                <h4 class=\"u-blog-control u-text u-text-5\">\n                  <a class=\"u-post-header-link\" href=\"https:\/\/kolibrici.hr\/index.php\/2024\/04\/26\/obavijest-o-lijeku-spinraza-za-sma-2\/\">OBAVIJEST O LIJEKU SPINRAZA ZA SMA<\/a>\n                <\/h4><a class=\"u-blog-control u-expanded-width u-image u-image-default u-image-4\" href=\"https:\/\/kolibrici.hr\/index.php\/2024\/04\/26\/obavijest-o-lijeku-spinraza-za-sma-2\/\">\n                <img decoding=\"async\" alt=\"\" class=\"u-blog-control u-expanded-width u-image u-image-default u-image-4\" src=\"https:\/\/kolibrici.hr\/wp-content\/uploads\/2024\/04\/spinraza-300x158-1.png\"><\/a>\n                <div class=\"u-blog-control u-post-content u-text u-text-6\"><p>Dana 30. lipnja 2017. g. predstavnici udruge \u201eKolibri\u0107i\u201c Ana Alapi\u0107, Vlatka Jarni Grma\u010da i Neboj\u0161a \u0160ajatovi\u0107, te predstavnica udruge \u201eKrijesnica\u201c &hellip;<\/p><\/div>\n                <a href=\"https:\/\/kolibrici.hr\/index.php\/2024\/04\/26\/obavijest-o-lijeku-spinraza-za-sma-2\/\" class=\"u-blog-control u-border-2 u-border-no-left u-border-no-right u-border-no-top u-border-palette-1-base u-btn u-btn-rectangle u-button-style u-none u-btn-3\">Read More<\/a>\n              <\/div>\n            <\/div>\n            <div class=\"u-blog-post u-invisible u-container-style u-repeater-item u-white u-repeater-item-1\">\n              <div class=\"u-container-layout u-similar-container u-valign-top u-container-layout-1\">\n                <h4 class=\"u-blog-control u-text u-text-1\">\n                  <a class=\"u-post-header-link\" href=\"https:\/\/kolibrici.hr\/index.php\/2024\/04\/26\/apel-javnosti-2\/\">APEL JAVNOSTI<\/a>\n                <\/h4><a class=\"u-blog-control u-expanded-width u-image u-image-default u-image-2\" href=\"https:\/\/kolibrici.hr\/index.php\/2024\/04\/26\/apel-javnosti-2\/\">\n                <img decoding=\"async\" alt=\"\" class=\"u-blog-control u-expanded-width u-image u-image-default u-image-2\" src=\"https:\/\/kolibrici.hr\/wp-content\/uploads\/2024\/04\/spinraza-300x158-1.png\"><\/a>\n                <div class=\"u-blog-control u-post-content u-text u-text-2\"><p>Obra\u0107am vam se u ime Udruge roditelja vitalno ugro\u017eene djece \u201eKolibri\u0107i\u201c s molbom da nam se pridru\u017eite u borbi da djeci i odraslima s dijagnozom &hellip;<\/p><\/div>\n                <a href=\"https:\/\/kolibrici.hr\/index.php\/2024\/04\/26\/apel-javnosti-2\/\" class=\"u-blog-control u-border-2 u-border-no-left u-border-no-right u-border-no-top u-border-palette-1-base u-btn u-btn-rectangle u-button-style u-none u-btn-1\">Read More<\/a>\n              <\/div>\n            <\/div>\n            <div class=\"u-blog-post u-invisible u-container-style u-repeater-item u-video-cover u-white\">\n              <div class=\"u-container-layout u-similar-container u-valign-top u-container-layout-2\">\n                <h4 class=\"u-blog-control u-text u-text-3\">\n                  <a class=\"u-post-header-link\" href=\"https:\/\/kolibrici.hr\/index.php\/2024\/04\/26\/zivot-s-razlicitima-2\/\">\u017dIVOT S RAZLI\u010cITIMA<\/a>\n                <\/h4><a class=\"u-blog-control u-expanded-width u-image u-image-default u-image-3\" href=\"https:\/\/kolibrici.hr\/index.php\/2024\/04\/26\/zivot-s-razlicitima-2\/\">\n                <img decoding=\"async\" alt=\"\" class=\"u-blog-control u-expanded-width u-image u-image-default u-image-3\" src=\"https:\/\/kolibrici.hr\/wp-content\/uploads\/2024\/04\/Kolibri_logo-removebg-preview.png\"><\/a>\n                <div class=\"u-blog-control u-post-content u-text u-text-4\">Koriste\u0107i iskustva iz vlastitog \u017eivota Mirjana Krizmani\u0107 ilustrira i poru\u010duje kako svuda oko nas postoje druk\u010diji svjetovi, druk\u010dija \u017eiva bi\u0107a, &hellip;<\/div>\n                <a href=\"https:\/\/kolibrici.hr\/index.php\/2024\/04\/26\/zivot-s-razlicitima-2\/\" class=\"u-blog-control u-border-2 u-border-no-left u-border-no-right u-border-no-top u-border-palette-1-base u-btn u-btn-rectangle u-button-style u-none u-btn-2\">Read More<\/a>\n              <\/div>\n            <\/div>\n            <div class=\"u-blog-post u-invisible u-container-style u-repeater-item u-video-cover u-white\">\n              <div class=\"u-container-layout u-similar-container u-valign-top u-container-layout-3\">\n                <h4 class=\"u-blog-control u-text u-text-5\">\n                  <a class=\"u-post-header-link\" href=\"https:\/\/kolibrici.hr\/index.php\/2024\/04\/26\/brdo-iznad-oblaka-2\/\">BRDO IZNAD OBLAKA<\/a>\n                <\/h4><a class=\"u-blog-control u-expanded-width u-image u-image-default u-image-4\" href=\"https:\/\/kolibrici.hr\/index.php\/2024\/04\/26\/brdo-iznad-oblaka-2\/\">\n                <img decoding=\"async\" alt=\"\" class=\"u-blog-control u-expanded-width u-image u-image-default u-image-4\" src=\"https:\/\/kolibrici.hr\/wp-content\/uploads\/2024\/04\/Kolibri_logo-removebg-preview.png\"><\/a>\n                <div class=\"u-blog-control u-post-content u-text u-text-6\"><p>Knjiga koja sadr\u017ei elemente pripovijesti, eseja, pa i putopisa, ali je ponajprije dnevnik i ina\u010dica duhovne (auto)biografije u kojoj je Vesna &hellip;<\/p><\/div>\n                <a href=\"https:\/\/kolibrici.hr\/index.php\/2024\/04\/26\/brdo-iznad-oblaka-2\/\" class=\"u-blog-control u-border-2 u-border-no-left u-border-no-right u-border-no-top u-border-palette-1-base u-btn u-btn-rectangle u-button-style u-none u-btn-3\">Read More<\/a>\n              <\/div>\n            <\/div>\n            <div class=\"u-blog-post u-invisible u-container-style u-repeater-item u-white u-repeater-item-1\">\n              <div class=\"u-container-layout u-similar-container u-valign-top u-container-layout-1\">\n                <h4 class=\"u-blog-control u-text u-text-1\">\n                  <a class=\"u-post-header-link\" href=\"https:\/\/kolibrici.hr\/index.php\/2024\/04\/26\/na-krilima-misticnog-putnika-2\/\">NA KRILIMA MISTI\u010cNOG PUTNIKA<\/a>\n                <\/h4><a class=\"u-blog-control u-expanded-width u-image u-image-default u-image-2\" href=\"https:\/\/kolibrici.hr\/index.php\/2024\/04\/26\/na-krilima-misticnog-putnika-2\/\">\n                <img decoding=\"async\" alt=\"\" class=\"u-blog-control u-expanded-width u-image u-image-default u-image-2\" src=\"https:\/\/kolibrici.hr\/wp-content\/uploads\/2024\/04\/Kolibri_logo-removebg-preview.png\"><\/a>\n                <div class=\"u-blog-control u-post-content u-text u-text-2\"><p>Kako pre\u017eivjeti gubitak djeteta? Ovo je pitanje koje je te\u0161ko postaviti, a kamoli razmi\u0161ljati o tome. Martina Kosec je mlada majka koja je izgubiv\u0161i&hellip;<\/p><\/div>\n                <a href=\"https:\/\/kolibrici.hr\/index.php\/2024\/04\/26\/na-krilima-misticnog-putnika-2\/\" class=\"u-blog-control u-border-2 u-border-no-left u-border-no-right u-border-no-top u-border-palette-1-base u-btn u-btn-rectangle u-button-style u-none u-btn-1\">Read More<\/a>\n              <\/div>\n            <\/div>\n            <div class=\"u-blog-post u-invisible u-container-style u-repeater-item u-video-cover u-white\">\n              <div class=\"u-container-layout u-similar-container u-valign-top u-container-layout-2\">\n                <h4 class=\"u-blog-control u-text u-text-3\">\n                  <a class=\"u-post-header-link\" href=\"https:\/\/kolibrici.hr\/index.php\/2024\/04\/26\/slonica-koja-je-izgubila-srecu-2\/\">SLONICA KOJA JE IZGUBILA SRE\u0106U<\/a>\n                <\/h4><a class=\"u-blog-control u-expanded-width u-image u-image-default u-image-3\" href=\"https:\/\/kolibrici.hr\/index.php\/2024\/04\/26\/slonica-koja-je-izgubila-srecu-2\/\">\n                <img decoding=\"async\" alt=\"\" class=\"u-blog-control u-expanded-width u-image u-image-default u-image-3\" src=\"https:\/\/kolibrici.hr\/wp-content\/uploads\/2024\/04\/0fd3416c.jpeg\"><\/a>\n                <div class=\"u-blog-control u-post-content u-text u-text-4\"><p>Pri\u010de koje \u0107e vas nadahnuti da u\u017eivate u svakom trenutkuAutor bestselera Krava koja je plakala donosi 108 pri\u010da koje \u0107e vas nasmijati i natjerati da&hellip;<\/p><\/div>\n                <a href=\"https:\/\/kolibrici.hr\/index.php\/2024\/04\/26\/slonica-koja-je-izgubila-srecu-2\/\" class=\"u-blog-control u-border-2 u-border-no-left u-border-no-right u-border-no-top u-border-palette-1-base u-btn u-btn-rectangle u-button-style u-none u-btn-2\">Read More<\/a>\n              <\/div>\n            <\/div>\n            <div class=\"u-blog-post u-invisible u-container-style u-repeater-item u-video-cover u-white\">\n              <div class=\"u-container-layout u-similar-container u-valign-top u-container-layout-3\">\n                <h4 class=\"u-blog-control u-text u-text-5\">\n                  <a class=\"u-post-header-link\" href=\"https:\/\/kolibrici.hr\/index.php\/2024\/04\/26\/budizam-za-majke-2\/\">BUDIZAM ZA MAJKE<\/a>\n                <\/h4><a class=\"u-blog-control u-expanded-width u-image u-image-default u-image-4\" href=\"https:\/\/kolibrici.hr\/index.php\/2024\/04\/26\/budizam-za-majke-2\/\">\n                <img decoding=\"async\" alt=\"\" class=\"u-blog-control u-expanded-width u-image u-image-default u-image-4\" src=\"https:\/\/kolibrici.hr\/wp-content\/uploads\/2024\/04\/Kolibri_logo-removebg-preview.png\"><\/a>\n                <div class=\"u-blog-control u-post-content u-text u-text-6\"><p>Ovo je knjiga za majke optere\u0107ene balansiranjem izme\u0111u odgoja djece, karijere, obitelji i partnera. Predstavlja razne budisti\u010dke tehnike koje \u017eenama&hellip;<\/p><\/div>\n                <a href=\"https:\/\/kolibrici.hr\/index.php\/2024\/04\/26\/budizam-za-majke-2\/\" class=\"u-blog-control u-border-2 u-border-no-left u-border-no-right u-border-no-top u-border-palette-1-base u-btn u-btn-rectangle u-button-style u-none u-btn-3\">Read More<\/a>\n              <\/div>\n            <\/div>\n            <div class=\"u-blog-post u-invisible u-container-style u-repeater-item u-white u-repeater-item-1\">\n              <div class=\"u-container-layout u-similar-container u-valign-top u-container-layout-1\">\n                <h4 class=\"u-blog-control u-text u-text-1\">\n                  <a class=\"u-post-header-link\" href=\"https:\/\/kolibrici.hr\/index.php\/2024\/04\/26\/kako-ovladati-stresom-kada-ste-roditelj-tesko-bolesnog-djeteta-2\/\">KAKO OVLADATI STRESOM KADA STE RODITELJ TE\u0160KO BOLESNOG DJETETA?<\/a>\n                <\/h4><a class=\"u-blog-control u-expanded-width u-image u-image-default u-image-2\" href=\"https:\/\/kolibrici.hr\/index.php\/2024\/04\/26\/kako-ovladati-stresom-kada-ste-roditelj-tesko-bolesnog-djeteta-2\/\">\n                <img decoding=\"async\" alt=\"\" class=\"u-blog-control u-expanded-width u-image u-image-default u-image-2\" src=\"https:\/\/kolibrici.hr\/wp-content\/uploads\/2024\/04\/Kolibri_logo-removebg-preview.png\"><\/a>\n                <div class=\"u-blog-control u-post-content u-text u-text-2\"><p>Autor: letak pripremila univ.spec.psych.&nbsp;Marta Benko, specijalist klini\u010dki psihologLetak mo\u017eete preuzeti ovdje<\/p><\/div>\n                <a href=\"https:\/\/kolibrici.hr\/index.php\/2024\/04\/26\/kako-ovladati-stresom-kada-ste-roditelj-tesko-bolesnog-djeteta-2\/\" class=\"u-blog-control u-border-2 u-border-no-left u-border-no-right u-border-no-top u-border-palette-1-base u-btn u-btn-rectangle u-button-style u-none u-btn-1\">Read More<\/a>\n              <\/div>\n            <\/div>\n            <div class=\"u-blog-post u-invisible u-container-style u-repeater-item u-video-cover u-white\">\n              <div class=\"u-container-layout u-similar-container u-valign-top u-container-layout-2\">\n                <h4 class=\"u-blog-control u-text u-text-3\">\n                  <a class=\"u-post-header-link\" href=\"https:\/\/kolibrici.hr\/index.php\/2024\/04\/26\/zivot-bez-ogranicenja-2\/\">\u017dIVOT BEZ OGRANI\u010cENJA<\/a>\n                <\/h4><a class=\"u-blog-control u-expanded-width u-image u-image-default u-image-3\" href=\"https:\/\/kolibrici.hr\/index.php\/2024\/04\/26\/zivot-bez-ogranicenja-2\/\">\n                <img decoding=\"async\" alt=\"\" class=\"u-blog-control u-expanded-width u-image u-image-default u-image-3\" src=\"https:\/\/kolibrici.hr\/wp-content\/uploads\/2024\/04\/Kolibri_logo-removebg-preview.png\"><\/a>\n                <div class=\"u-blog-control u-post-content u-text u-text-4\">Nick Vujicic, ro\u0111en je u Australiji s poreme\u0107ajem poznatim kao sindrom tetra-amelia (bez ruku i nogu). U autobiografiji iskreno progovara o svim &hellip;<\/div>\n                <a href=\"https:\/\/kolibrici.hr\/index.php\/2024\/04\/26\/zivot-bez-ogranicenja-2\/\" class=\"u-blog-control u-border-2 u-border-no-left u-border-no-right u-border-no-top u-border-palette-1-base u-btn u-btn-rectangle u-button-style u-none u-btn-2\">Read More<\/a>\n              <\/div>\n            <\/div>\n            <div class=\"u-blog-post u-invisible u-container-style u-repeater-item u-video-cover u-white\">\n              <div class=\"u-container-layout u-similar-container u-valign-top u-container-layout-3\">\n                <h4 class=\"u-blog-control u-text u-text-5\">\n                  <a class=\"u-post-header-link\" href=\"https:\/\/kolibrici.hr\/index.php\/2024\/04\/26\/perkutana-endoskopska-gastrostoma-2\/\">PERKUTANA ENDOSKOPSKA GASTROSTOMA<\/a>\n                <\/h4><a class=\"u-blog-control u-expanded-width u-image u-image-default u-image-4\" href=\"https:\/\/kolibrici.hr\/index.php\/2024\/04\/26\/perkutana-endoskopska-gastrostoma-2\/\">\n                <img decoding=\"async\" alt=\"\" class=\"u-blog-control u-expanded-width u-image u-image-default u-image-4\" src=\"https:\/\/kolibrici.hr\/wp-content\/uploads\/2024\/04\/0fd3416c.jpeg\"><\/a>\n                <div class=\"u-blog-control u-post-content u-text u-text-6\"><p>Perkutana endoskopska gastrostoma &nbsp;(PEG) &nbsp;je postavljanje posebnog katetera kroz mali rez u trbu\u0161noj &nbsp;stijenci, koji slu\u017ei prehrani &hellip;<\/p><\/div>\n                <a href=\"https:\/\/kolibrici.hr\/index.php\/2024\/04\/26\/perkutana-endoskopska-gastrostoma-2\/\" class=\"u-blog-control u-border-2 u-border-no-left u-border-no-right u-border-no-top u-border-palette-1-base u-btn u-btn-rectangle u-button-style u-none u-btn-3\">Read More<\/a>\n              <\/div>\n            <\/div>\n            <div class=\"u-blog-post u-invisible u-container-style u-repeater-item u-white u-repeater-item-1\">\n              <div class=\"u-container-layout u-similar-container u-valign-top u-container-layout-1\">\n                <h4 class=\"u-blog-control u-text u-text-1\">\n                  <a class=\"u-post-header-link\" href=\"https:\/\/kolibrici.hr\/index.php\/2024\/04\/26\/edukacija-kanile-skripta-jil-2\/\">EDUKACIJA KANILE \u2013 SKRIPTA JIL<\/a>\n                <\/h4><a class=\"u-blog-control u-expanded-width u-image u-image-default u-image-2\" href=\"https:\/\/kolibrici.hr\/index.php\/2024\/04\/26\/edukacija-kanile-skripta-jil-2\/\">\n                <img decoding=\"async\" alt=\"\" class=\"u-blog-control u-expanded-width u-image u-image-default u-image-2\" src=\"https:\/\/kolibrici.hr\/wp-content\/uploads\/2024\/04\/Kolibri_logo-removebg-preview.png\"><\/a>\n                <div class=\"u-blog-control u-post-content u-text u-text-2\">Skriptu je priredilo medicinsko osoblje Jedinice intenzivnog lije\u010denja, Klinike za dje\u010dje bolesti \u201eKlai\u0107eva\u201c, \u00a0kako bi roditeljima \/ njegovateljima &hellip;<\/div>\n                <a href=\"https:\/\/kolibrici.hr\/index.php\/2024\/04\/26\/edukacija-kanile-skripta-jil-2\/\" class=\"u-blog-control u-border-2 u-border-no-left u-border-no-right u-border-no-top u-border-palette-1-base u-btn u-btn-rectangle u-button-style u-none u-btn-1\">Read More<\/a>\n              <\/div>\n            <\/div>\n            <div class=\"u-blog-post u-invisible u-container-style u-repeater-item u-video-cover u-white\">\n              <div class=\"u-container-layout u-similar-container u-valign-top u-container-layout-2\">\n                <h4 class=\"u-blog-control u-text u-text-3\">\n                  <a class=\"u-post-header-link\" href=\"https:\/\/kolibrici.hr\/index.php\/2024\/04\/26\/temeljni-hitni-medicinski-postupci-2\/\">TEMELJNI HITNI MEDICINSKI POSTUPCI<\/a>\n                <\/h4><a class=\"u-blog-control u-expanded-width u-image u-image-default u-image-3\" href=\"https:\/\/kolibrici.hr\/index.php\/2024\/04\/26\/temeljni-hitni-medicinski-postupci-2\/\">\n                <img decoding=\"async\" alt=\"\" class=\"u-blog-control u-expanded-width u-image u-image-default u-image-3\" src=\"https:\/\/kolibrici.hr\/wp-content\/uploads\/2024\/04\/0fd3416c.jpeg\"><\/a>\n                <div class=\"u-blog-control u-post-content u-text u-text-4\"><p>Temeljni &nbsp;hitni medicinski postupci\u201c, autorskog dvojca Miljenka Gvo\u017e\u0111aka i Branke Tomljanovi\u0107, medicinskog tehni\u010dara i doktorice medicine, &hellip;<\/p><\/div>\n                <a href=\"https:\/\/kolibrici.hr\/index.php\/2024\/04\/26\/temeljni-hitni-medicinski-postupci-2\/\" class=\"u-blog-control u-border-2 u-border-no-left u-border-no-right u-border-no-top u-border-palette-1-base u-btn u-btn-rectangle u-button-style u-none u-btn-2\">Read More<\/a>\n              <\/div>\n            <\/div>\n            <div class=\"u-blog-post u-invisible u-container-style u-repeater-item u-video-cover u-white\">\n              <div class=\"u-container-layout u-similar-container u-valign-top u-container-layout-3\">\n                <h4 class=\"u-blog-control u-text u-text-5\">\n                  <a class=\"u-post-header-link\" href=\"https:\/\/kolibrici.hr\/index.php\/2024\/04\/26\/upute-za-ocuvanje-zdravlja-usta-i-zuba-kod-djece-s-razvojnim-smetnjama-2\/\">UPUTE ZA O\u010cUVANJE ZDRAVLJA USTA I ZUBA KOD DJECE S RAZVOJNIM SMETNJAMA<\/a>\n                <\/h4><a class=\"u-blog-control u-expanded-width u-image u-image-default u-image-4\" href=\"https:\/\/kolibrici.hr\/index.php\/2024\/04\/26\/upute-za-ocuvanje-zdravlja-usta-i-zuba-kod-djece-s-razvojnim-smetnjama-2\/\">\n                <img decoding=\"async\" alt=\"\" class=\"u-blog-control u-expanded-width u-image u-image-default u-image-4\" src=\"https:\/\/kolibrici.hr\/wp-content\/uploads\/2024\/04\/Kolibri_logo-removebg-preview.png\"><\/a>\n                <div class=\"u-blog-control u-post-content u-text u-text-6\">Autor: sastavila prim .dr.sc. Jelka Juki\u0107, dr stom, pedodontNapomena: cjeloviti tekst\u00a0<\/div>\n                <a href=\"https:\/\/kolibrici.hr\/index.php\/2024\/04\/26\/upute-za-ocuvanje-zdravlja-usta-i-zuba-kod-djece-s-razvojnim-smetnjama-2\/\" class=\"u-blog-control u-border-2 u-border-no-left u-border-no-right u-border-no-top u-border-palette-1-base u-btn u-btn-rectangle u-button-style u-none u-btn-3\">Read More<\/a>\n              <\/div>\n            <\/div>\n            <div class=\"u-blog-post u-invisible u-container-style u-repeater-item u-white u-repeater-item-1\">\n              <div class=\"u-container-layout u-similar-container u-valign-top u-container-layout-1\">\n                <h4 class=\"u-blog-control u-text u-text-1\">\n                  <a class=\"u-post-header-link\" href=\"https:\/\/kolibrici.hr\/index.php\/2024\/04\/26\/pomozimo-bolesnoj-djeci-2\/\">POMOZIMO BOLESNOJ DJECI<\/a>\n                <\/h4><a class=\"u-blog-control u-expanded-width u-image u-image-default u-image-2\" href=\"https:\/\/kolibrici.hr\/index.php\/2024\/04\/26\/pomozimo-bolesnoj-djeci-2\/\">\n                <img decoding=\"async\" alt=\"\" class=\"u-blog-control u-expanded-width u-image u-image-default u-image-2\" src=\"https:\/\/kolibrici.hr\/wp-content\/uploads\/2024\/04\/Kolibri_logo-removebg-preview.png\"><\/a>\n                <div class=\"u-blog-control u-post-content u-text u-text-2\">Autor ovom knjigom \u017eeli stru\u010dnjacima pru\u017eiti okvir i osnovu za razumijevanje i pomaganje roditeljima u njihovom prilago\u0111avanju djetetovim tegobama. &hellip;<\/div>\n                <a href=\"https:\/\/kolibrici.hr\/index.php\/2024\/04\/26\/pomozimo-bolesnoj-djeci-2\/\" class=\"u-blog-control u-border-2 u-border-no-left u-border-no-right u-border-no-top u-border-palette-1-base u-btn u-btn-rectangle u-button-style u-none u-btn-1\">Read More<\/a>\n              <\/div>\n            <\/div>\n            <div class=\"u-blog-post u-invisible u-container-style u-repeater-item u-video-cover u-white\">\n              <div class=\"u-container-layout u-similar-container u-valign-top u-container-layout-2\">\n                <h4 class=\"u-blog-control u-text u-text-3\">\n                  <a class=\"u-post-header-link\" href=\"https:\/\/kolibrici.hr\/index.php\/2024\/04\/26\/ispravno-postupanje-s-djetetom-baby-handling-2\/\">ISPRAVNO POSTUPANJE S DJETETOM \u2013 BABY HANDLING<\/a>\n                <\/h4><a class=\"u-blog-control u-expanded-width u-image u-image-default u-image-3\" href=\"https:\/\/kolibrici.hr\/index.php\/2024\/04\/26\/ispravno-postupanje-s-djetetom-baby-handling-2\/\">\n                <img decoding=\"async\" alt=\"\" class=\"u-blog-control u-expanded-width u-image u-image-default u-image-3\" src=\"https:\/\/kolibrici.hr\/wp-content\/uploads\/2024\/04\/0fd3416c.jpeg\"><\/a>\n                <div class=\"u-blog-control u-post-content u-text u-text-4\"><p>Nezamjenjivi priru\u010dnik s kojim bi bilo uputno da se slu\u017ee roditelji sve djece, a posebno&nbsp;neurorizi\u010dne i djece s neurorazvojnim smetnjama. &hellip;<\/p><\/div>\n                <a href=\"https:\/\/kolibrici.hr\/index.php\/2024\/04\/26\/ispravno-postupanje-s-djetetom-baby-handling-2\/\" class=\"u-blog-control u-border-2 u-border-no-left u-border-no-right u-border-no-top u-border-palette-1-base u-btn u-btn-rectangle u-button-style u-none u-btn-2\">Read More<\/a>\n              <\/div>\n            <\/div>\n            <div class=\"u-blog-post u-invisible u-container-style u-repeater-item u-video-cover u-white\">\n              <div class=\"u-container-layout u-similar-container u-valign-top u-container-layout-3\">\n                <h4 class=\"u-blog-control u-text u-text-5\">\n                  <a class=\"u-post-header-link\" href=\"https:\/\/kolibrici.hr\/index.php\/2024\/04\/26\/iskustva-majke-nedonosceta-2\/\">ISKUSTVA MAJKE NEDONO\u0160\u010cETA<\/a>\n                <\/h4><a class=\"u-blog-control u-expanded-width u-image u-image-default u-image-4\" href=\"https:\/\/kolibrici.hr\/index.php\/2024\/04\/26\/iskustva-majke-nedonosceta-2\/\">\n                <img decoding=\"async\" alt=\"\" class=\"u-blog-control u-expanded-width u-image u-image-default u-image-4\" src=\"https:\/\/kolibrici.hr\/wp-content\/uploads\/2024\/04\/Kolibri_logo-removebg-preview.png\"><\/a>\n                <div class=\"u-blog-control u-post-content u-text u-text-6\"><p>Odli\u010dan priru\u010dnik \u201cIskustvo majke nedono\u0161\u010deta\u201d vlastitim iskustvima autorice Nade Bjel\u010di\u0107 daje pregled od prvih dana boravka u JINT-u do svakodnevne&hellip;<\/p><\/div>\n                <a href=\"https:\/\/kolibrici.hr\/index.php\/2024\/04\/26\/iskustva-majke-nedonosceta-2\/\" class=\"u-blog-control u-border-2 u-border-no-left u-border-no-right u-border-no-top u-border-palette-1-base u-btn u-btn-rectangle u-button-style u-none u-btn-3\">Read More<\/a>\n              <\/div>\n            <\/div>\n            <div class=\"u-blog-post u-invisible u-container-style u-repeater-item u-white u-repeater-item-1\">\n              <div class=\"u-container-layout u-similar-container u-valign-top u-container-layout-1\">\n                <h4 class=\"u-blog-control u-text u-text-1\">\n                  <a class=\"u-post-header-link\" href=\"https:\/\/kolibrici.hr\/index.php\/2024\/04\/26\/bontoncic-ili-kako-svima-biti-prijatelj-2\/\">BONTON\u010cI\u0106 ILI KAKO SVIMA BITI PRIJATELJ<\/a>\n                <\/h4><a class=\"u-blog-control u-expanded-width u-image u-image-default u-image-2\" href=\"https:\/\/kolibrici.hr\/index.php\/2024\/04\/26\/bontoncic-ili-kako-svima-biti-prijatelj-2\/\">\n                <img decoding=\"async\" alt=\"\" class=\"u-blog-control u-expanded-width u-image u-image-default u-image-2\" src=\"https:\/\/kolibrici.hr\/wp-content\/uploads\/2024\/04\/Kolibri_logo-removebg-preview.png\"><\/a>\n                <div class=\"u-blog-control u-post-content u-text u-text-2\">U tvom vrti\u0107u, \u0161koli, ku\u0107i ili ulici ima djece koja imaju neko tjelesno o\u0161te\u0107enje pa se te\u017ee kre\u0107u ili ne mogu hodati, slabije \u010duju ili su gluha, &hellip;<\/div>\n                <a href=\"https:\/\/kolibrici.hr\/index.php\/2024\/04\/26\/bontoncic-ili-kako-svima-biti-prijatelj-2\/\" class=\"u-blog-control u-border-2 u-border-no-left u-border-no-right u-border-no-top u-border-palette-1-base u-btn u-btn-rectangle u-button-style u-none u-btn-1\">Read More<\/a>\n              <\/div>\n            <\/div>\n            <div class=\"u-blog-post u-invisible u-container-style u-repeater-item u-video-cover u-white\">\n              <div class=\"u-container-layout u-similar-container u-valign-top u-container-layout-2\">\n                <h4 class=\"u-blog-control u-text u-text-3\">\n                  <a class=\"u-post-header-link\" href=\"https:\/\/kolibrici.hr\/index.php\/2024\/04\/26\/bonton-u-svakodnevnoj-komunikaciji-s-osobama-s-invaliditetom-2\/\">BONTON U SVAKODNEVNOJ KOMUNIKACIJI S OSOBAMA S INVALIDITETOM<\/a>\n                <\/h4><a class=\"u-blog-control u-expanded-width u-image u-image-default u-image-3\" href=\"https:\/\/kolibrici.hr\/index.php\/2024\/04\/26\/bonton-u-svakodnevnoj-komunikaciji-s-osobama-s-invaliditetom-2\/\">\n                <img decoding=\"async\" alt=\"\" class=\"u-blog-control u-expanded-width u-image u-image-default u-image-3\" src=\"https:\/\/kolibrici.hr\/wp-content\/uploads\/2024\/04\/Kolibri_logo-removebg-preview.png\"><\/a>\n                <div class=\"u-blog-control u-post-content u-text u-text-4\">Mo\u017eda se pitate za\u0161to nam je potreban takav bonton? Odgovor je sljede\u0107i: \u00a0iako svaka peta osoba ima neku vrstu invaliditeta, ljudi su obi\u010dno zbunjeni&hellip;<\/div>\n                <a href=\"https:\/\/kolibrici.hr\/index.php\/2024\/04\/26\/bonton-u-svakodnevnoj-komunikaciji-s-osobama-s-invaliditetom-2\/\" class=\"u-blog-control u-border-2 u-border-no-left u-border-no-right u-border-no-top u-border-palette-1-base u-btn u-btn-rectangle u-button-style u-none u-btn-2\">Read More<\/a>\n              <\/div>\n            <\/div>\n            <div class=\"u-blog-post u-invisible u-container-style u-repeater-item u-video-cover u-white\">\n              <div class=\"u-container-layout u-similar-container u-valign-top u-container-layout-3\">\n                <h4 class=\"u-blog-control u-text u-text-5\">\n                  <a class=\"u-post-header-link\" href=\"https:\/\/kolibrici.hr\/index.php\/2024\/04\/26\/kako-olaksati-djetetu-da-se-suoci-s-bolescu-clana-obitelji-2\/\">KAKO OLAK\u0160ATI DJETETU DA SE SUO\u010cI S BOLE\u0160\u0106U \u010cLANA OBITELJI?<\/a>\n                <\/h4><a class=\"u-blog-control u-expanded-width u-image u-image-default u-image-4\" href=\"https:\/\/kolibrici.hr\/index.php\/2024\/04\/26\/kako-olaksati-djetetu-da-se-suoci-s-bolescu-clana-obitelji-2\/\">\n                <img decoding=\"async\" alt=\"\" class=\"u-blog-control u-expanded-width u-image u-image-default u-image-4\" src=\"https:\/\/kolibrici.hr\/wp-content\/uploads\/2024\/04\/Kolibri_logo-removebg-preview.png\"><\/a>\n                <div class=\"u-blog-control u-post-content u-text u-text-6\">Djeca se na razli\u010dite na\u010dine nose s osje\u0107ajima neizvjesnosti, bespomo\u0107nosti, straha i tuge koja se javi kada ne netko od \u010dlanova njegove obitelji &hellip;<\/div>\n                <a href=\"https:\/\/kolibrici.hr\/index.php\/2024\/04\/26\/kako-olaksati-djetetu-da-se-suoci-s-bolescu-clana-obitelji-2\/\" class=\"u-blog-control u-border-2 u-border-no-left u-border-no-right u-border-no-top u-border-palette-1-base u-btn u-btn-rectangle u-button-style u-none u-btn-3\">Read More<\/a>\n              <\/div>\n            <\/div>\n            <div class=\"u-blog-post u-invisible u-container-style u-repeater-item u-white u-repeater-item-1\">\n              <div class=\"u-container-layout u-similar-container u-valign-top u-container-layout-1\">\n                <h4 class=\"u-blog-control u-text u-text-1\">\n                  <a class=\"u-post-header-link\" href=\"https:\/\/kolibrici.hr\/index.php\/2024\/04\/26\/kako-pomoci-tugujucem-djetetu-2\/\">KAKO POMO\u0106I TUGUJU\u0106EM DJETETU?<\/a>\n                <\/h4><a class=\"u-blog-control u-expanded-width u-image u-image-default u-image-2\" href=\"https:\/\/kolibrici.hr\/index.php\/2024\/04\/26\/kako-pomoci-tugujucem-djetetu-2\/\">\n                <img decoding=\"async\" alt=\"\" class=\"u-blog-control u-expanded-width u-image u-image-default u-image-2\" src=\"https:\/\/kolibrici.hr\/wp-content\/uploads\/2024\/04\/Kolibri_logo-removebg-preview.png\"><\/a>\n                <div class=\"u-blog-control u-post-content u-text u-text-2\">Danas se zna da djeca do\u017eivljavaju gubitak na na\u010din razli\u010dit od onog na koji to do\u017eivljavaju odrasli. Naime djeca su ovisnija o svojoj neposrednoj &hellip;<\/div>\n                <a href=\"https:\/\/kolibrici.hr\/index.php\/2024\/04\/26\/kako-pomoci-tugujucem-djetetu-2\/\" class=\"u-blog-control u-border-2 u-border-no-left u-border-no-right u-border-no-top u-border-palette-1-base u-btn u-btn-rectangle u-button-style u-none u-btn-1\">Read More<\/a>\n              <\/div>\n            <\/div>\n            <div class=\"u-blog-post u-invisible u-container-style u-repeater-item u-video-cover u-white\">\n              <div class=\"u-container-layout u-similar-container u-valign-top u-container-layout-2\">\n                <h4 class=\"u-blog-control u-text u-text-3\">\n                  <a class=\"u-post-header-link\" href=\"https:\/\/kolibrici.hr\/index.php\/2024\/04\/26\/obitelji-s-kronicno-bolesnom-djecom-2\/\">OBITELJI S KRONI\u010cNO BOLESNOM DJECOM<\/a>\n                <\/h4><a class=\"u-blog-control u-expanded-width u-image u-image-default u-image-3\" href=\"https:\/\/kolibrici.hr\/index.php\/2024\/04\/26\/obitelji-s-kronicno-bolesnom-djecom-2\/\">\n                <img decoding=\"async\" alt=\"\" class=\"u-blog-control u-expanded-width u-image u-image-default u-image-3\" src=\"https:\/\/kolibrici.hr\/wp-content\/uploads\/2024\/04\/Kolibri_logo-removebg-preview.png\"><\/a>\n                <div class=\"u-blog-control u-post-content u-text u-text-4\">Ova je knjiga namijenjena obiteljima s kroni\u010dno bolesnom djecom i pokriva cijeli spektar \u2014 od uro\u0111enih bolesti, kroni\u010dnih alergija, tjelesnog i &hellip;<\/div>\n                <a href=\"https:\/\/kolibrici.hr\/index.php\/2024\/04\/26\/obitelji-s-kronicno-bolesnom-djecom-2\/\" class=\"u-blog-control u-border-2 u-border-no-left u-border-no-right u-border-no-top u-border-palette-1-base u-btn u-btn-rectangle u-button-style u-none u-btn-2\">Read More<\/a>\n              <\/div>\n            <\/div>\n            <div class=\"u-blog-post u-invisible u-container-style u-repeater-item u-video-cover u-white\">\n              <div class=\"u-container-layout u-similar-container u-valign-top u-container-layout-3\">\n                <h4 class=\"u-blog-control u-text u-text-5\">\n                  <a class=\"u-post-header-link\" href=\"https:\/\/kolibrici.hr\/index.php\/2023\/12\/07\/spinalna-misicna-atrofija-sma\/\">SPINALNA MI\u0160I\u0106NA ATROFIJA (SMA)<\/a>\n                <\/h4><a class=\"u-blog-control u-expanded-width u-image u-image-default u-image-4\" href=\"https:\/\/kolibrici.hr\/index.php\/2023\/12\/07\/spinalna-misicna-atrofija-sma\/\">\n                <img decoding=\"async\" alt=\"\" class=\"u-blog-control u-expanded-width u-image u-image-default u-image-4\" src=\"https:\/\/kolibrici.hr\/wp-content\/uploads\/2023\/12\/sma-768x310-3.png\"><\/a>\n                <div class=\"u-blog-control u-post-content u-text u-text-6\">Dragi roditelji\/staratelji i zdravstveni djelatnici, posjetite odli\u010dnu i jednostavnu internetsku stranicu koja je osmi\u0161ljena kako bi vam pomogla uo\u010diti rane simptome spinalne mi\u0161i\u0107ne atrofije (SMA).Posjeti stranicu>>\u0160TO JE SMA?Spinalna mi\u0161i\u0107na atrofija (S...<\/div>\n                <a href=\"https:\/\/kolibrici.hr\/index.php\/2023\/12\/07\/spinalna-misicna-atrofija-sma\/\" class=\"u-blog-control u-border-2 u-border-no-left u-border-no-right u-border-no-top u-border-palette-1-base u-btn u-btn-rectangle u-button-style u-none u-btn-3\">Read More<\/a>\n              <\/div>\n            <\/div>\n            <div class=\"u-blog-post u-invisible u-container-style u-repeater-item u-white u-repeater-item-1\">\n              <div class=\"u-container-layout u-similar-container u-valign-top u-container-layout-1\">\n                <h4 class=\"u-blog-control u-text u-text-1\">\n                  <a class=\"u-post-header-link\" href=\"https:\/\/kolibrici.hr\/index.php\/2023\/12\/07\/zagreb-firefighter-stair-challenge-2021\/\">ZAGREB FIREFIGHTER STAIR CHALLENGE 2021<\/a>\n                <\/h4><a class=\"u-blog-control u-expanded-width u-image u-image-default u-image-2\" href=\"https:\/\/kolibrici.hr\/index.php\/2023\/12\/07\/zagreb-firefighter-stair-challenge-2021\/\">\n                <img decoding=\"async\" alt=\"\" class=\"u-blog-control u-expanded-width u-image u-image-default u-image-2\" src=\"https:\/\/kolibrici.hr\/wp-content\/uploads\/2023\/12\/firefighter-768x324-1.jpg\"><\/a>\n                <div class=\"u-blog-control u-post-content u-text u-text-2\">Dragi na\u0161i prijatelji,s\u00a0ponosom i rado\u0161\u0107u najavljujemo da \u0107e vatrogasci i ove godine tr\u010dati za Kolibri\u0107e! U\u017eivo ili virtualno, vatrogasi \u0107e tr\u010dati &hellip;<\/div>\n                <a href=\"https:\/\/kolibrici.hr\/index.php\/2023\/12\/07\/zagreb-firefighter-stair-challenge-2021\/\" class=\"u-blog-control u-border-2 u-border-no-left u-border-no-right u-border-no-top u-border-palette-1-base u-btn u-btn-rectangle u-button-style u-none u-btn-1\">Read More<\/a>\n              <\/div>\n            <\/div>\n            <div class=\"u-blog-post u-invisible u-container-style u-repeater-item u-video-cover u-white\">\n              <div class=\"u-container-layout u-similar-container u-valign-top u-container-layout-2\">\n                <h4 class=\"u-blog-control u-text u-text-3\">\n                  <a class=\"u-post-header-link\" href=\"https:\/\/kolibrici.hr\/index.php\/2023\/12\/07\/streamatron\/\">STREAMATRON<\/a>\n                <\/h4><a class=\"u-blog-control u-expanded-width u-image u-image-default u-image-3\" href=\"https:\/\/kolibrici.hr\/index.php\/2023\/12\/07\/streamatron\/\">\n                <img decoding=\"async\" alt=\"\" class=\"u-blog-control u-expanded-width u-image u-image-default u-image-3\" src=\"https:\/\/kolibrici.hr\/wp-content\/uploads\/2023\/12\/facebook_1623840884050_6810882315338036274-768x768-1.jpg\"><\/a>\n                <div class=\"u-blog-control u-post-content u-text u-text-4\"><p>STREAMATRON \/ Good Game GlobalU utorak 15.6. na&nbsp;Good Game Showu YouTube&nbsp;i&nbsp;Good Game Global Twitchu&nbsp;igrale su se igrice u &hellip;<\/p><\/div>\n                <a href=\"https:\/\/kolibrici.hr\/index.php\/2023\/12\/07\/streamatron\/\" class=\"u-blog-control u-border-2 u-border-no-left u-border-no-right u-border-no-top u-border-palette-1-base u-btn u-btn-rectangle u-button-style u-none u-btn-2\">Read More<\/a>\n              <\/div>\n            <\/div>\n            <div class=\"u-blog-post u-invisible u-container-style u-repeater-item u-video-cover u-white\">\n              <div class=\"u-container-layout u-similar-container u-valign-top u-container-layout-3\">\n                <h4 class=\"u-blog-control u-text u-text-5\">\n                  <a class=\"u-post-header-link\" href=\"https:\/\/kolibrici.hr\/index.php\/2023\/12\/07\/philips-i-arbor-medical-uz-podrsku-veleposlanstva-nizozemske-i-udruge-kolibrici-daruju-osam-prijenosnih-ultrazvuka\/\">PHILIPS I ARBOR MEDICAL UZ PODR\u0160KU VELEPOSLANSTVA NIZOZEMSKE I UDRUGE KOLIBRI\u0106I DARUJU OSAM PRIJENOSNIH ULTRAZVUKA<\/a>\n                <\/h4><a class=\"u-blog-control u-expanded-width u-image u-image-default u-image-4\" href=\"https:\/\/kolibrici.hr\/index.php\/2023\/12\/07\/philips-i-arbor-medical-uz-podrsku-veleposlanstva-nizozemske-i-udruge-kolibrici-daruju-osam-prijenosnih-ultrazvuka\/\">\n                <img decoding=\"async\" alt=\"\" class=\"u-blog-control u-expanded-width u-image u-image-default u-image-4\" src=\"https:\/\/kolibrici.hr\/wp-content\/uploads\/2023\/12\/Kolibri_logo-removebg-preview.png\"><\/a>\n                <div class=\"u-blog-control u-post-content u-text u-text-6\">Kao partneri\u00a0Philipsa\u00a0i\u00a0Arbor Medicala\u00a0te uz podr\u0161ku\u00a0veleposlanstva Nizozemske, sudjelovali smo u donaciji 8 prijenosnih ultrazvuka\u00a0Philips Lumify\u00a0&hellip;<\/div>\n                <a href=\"https:\/\/kolibrici.hr\/index.php\/2023\/12\/07\/philips-i-arbor-medical-uz-podrsku-veleposlanstva-nizozemske-i-udruge-kolibrici-daruju-osam-prijenosnih-ultrazvuka\/\" class=\"u-blog-control u-border-2 u-border-no-left u-border-no-right u-border-no-top u-border-palette-1-base u-btn u-btn-rectangle u-button-style u-none u-btn-3\">Read More<\/a>\n              <\/div>\n            <\/div>\n            <div class=\"u-blog-post u-invisible u-container-style u-repeater-item u-white u-repeater-item-1\">\n              <div class=\"u-container-layout u-similar-container u-valign-top u-container-layout-1\">\n                <h4 class=\"u-blog-control u-text u-text-1\">\n                  <a class=\"u-post-header-link\" href=\"https:\/\/kolibrici.hr\/index.php\/2023\/12\/07\/zagreb-firefighter-stair-challenge-2020\/\">ZAGREB FIREFIGHTER STAIR CHALLENGE 2020<\/a>\n                <\/h4><a class=\"u-blog-control u-expanded-width u-image u-image-default u-image-2\" href=\"https:\/\/kolibrici.hr\/index.php\/2023\/12\/07\/zagreb-firefighter-stair-challenge-2020\/\">\n                <img decoding=\"async\" alt=\"\" class=\"u-blog-control u-expanded-width u-image u-image-default u-image-2\" src=\"https:\/\/kolibrici.hr\/wp-content\/uploads\/2023\/12\/firefighter-768x324-1.jpg\"><\/a>\n                <div class=\"u-blog-control u-post-content u-text u-text-2\">Od podruma do vrha, kroz 31 kat i 666 stepenica pod punom za\u0161titnom opremom, vatrogasci su i ove godine su uz Kolibri\u0107e\u00a0Ve\u0107 tradicionalna utrka &hellip;<\/div>\n                <a href=\"https:\/\/kolibrici.hr\/index.php\/2023\/12\/07\/zagreb-firefighter-stair-challenge-2020\/\" class=\"u-blog-control u-border-2 u-border-no-left u-border-no-right u-border-no-top u-border-palette-1-base u-btn u-btn-rectangle u-button-style u-none u-btn-1\">Read More<\/a>\n              <\/div>\n            <\/div>\n            <div class=\"u-blog-post u-invisible u-container-style u-repeater-item u-video-cover u-white\">\n              <div class=\"u-container-layout u-similar-container u-valign-top u-container-layout-2\">\n                <h4 class=\"u-blog-control u-text u-text-3\">\n                  <a class=\"u-post-header-link\" href=\"https:\/\/kolibrici.hr\/index.php\/2023\/12\/07\/odrzana-1-online-regionalna-konferencija-sma-i-ja\/\">ODR\u017dANA 1. ONLINE REGIONALNA KONFERENCIJA \u201eSMA I JA\u201c<\/a>\n                <\/h4><a class=\"u-blog-control u-expanded-width u-image u-image-default u-image-3\" href=\"https:\/\/kolibrici.hr\/index.php\/2023\/12\/07\/odrzana-1-online-regionalna-konferencija-sma-i-ja\/\">\n                <img decoding=\"async\" alt=\"\" class=\"u-blog-control u-expanded-width u-image u-image-default u-image-3\" src=\"https:\/\/kolibrici.hr\/wp-content\/uploads\/2023\/12\/Screenshot_2-768x382-1.png\"><\/a>\n                <div class=\"u-blog-control u-post-content u-text u-text-4\">Zagreb, 10. srpnja 2020. \u2013\u00a0Na\u0161a Udruga je uz potporu udruga SMA Srbija i Stop SMA Sjeverna Makedonija organizirala 1. online regionalnu konferenciju &hellip;<\/div>\n                <a href=\"https:\/\/kolibrici.hr\/index.php\/2023\/12\/07\/odrzana-1-online-regionalna-konferencija-sma-i-ja\/\" class=\"u-blog-control u-border-2 u-border-no-left u-border-no-right u-border-no-top u-border-palette-1-base u-btn u-btn-rectangle u-button-style u-none u-btn-2\">Read More<\/a>\n              <\/div>\n            <\/div>\n            <div class=\"u-blog-post u-invisible u-container-style u-repeater-item u-video-cover u-white\">\n              <div class=\"u-container-layout u-similar-container u-valign-top u-container-layout-3\">\n                <h4 class=\"u-blog-control u-text u-text-5\">\n                  <a class=\"u-post-header-link\" href=\"https:\/\/kolibrici.hr\/index.php\/2023\/12\/07\/regionalna-sma-konferencija\/\">REGIONALNA SMA KONFERENCIJA<\/a>\n                <\/h4><a class=\"u-blog-control u-expanded-width u-image u-image-default u-image-4\" href=\"https:\/\/kolibrici.hr\/index.php\/2023\/12\/07\/regionalna-sma-konferencija\/\">\n                <img decoding=\"async\" alt=\"\" class=\"u-blog-control u-expanded-width u-image u-image-default u-image-4\" src=\"https:\/\/kolibrici.hr\/wp-content\/uploads\/2023\/12\/Screenshot_2-768x382-1.png\"><\/a>\n                <div class=\"u-blog-control u-post-content u-text u-text-6\">Dana 10.7.2020. \u00a0odr\u017eana je 1. regionalna (online) konferencija \u201cSMA i ja\u201d, ovim putem srda\u010dno zahvaljujemo svim sudionicima!Cilj konferencije &hellip;<\/div>\n                <a href=\"https:\/\/kolibrici.hr\/index.php\/2023\/12\/07\/regionalna-sma-konferencija\/\" class=\"u-blog-control u-border-2 u-border-no-left u-border-no-right u-border-no-top u-border-palette-1-base u-btn u-btn-rectangle u-button-style u-none u-btn-3\">Read More<\/a>\n              <\/div>\n            <\/div>\n            <div class=\"u-blog-post u-invisible u-container-style u-repeater-item u-white u-repeater-item-1\">\n              <div class=\"u-container-layout u-similar-container u-valign-top u-container-layout-1\">\n                <h4 class=\"u-blog-control u-text u-text-1\">\n                  <a class=\"u-post-header-link\" href=\"https:\/\/kolibrici.hr\/index.php\/2023\/12\/07\/promjene-u-vodstvu-udruge\/\">PROMJENE U VODSTVU UDRUGE<\/a>\n                <\/h4><a class=\"u-blog-control u-expanded-width u-image u-image-default u-image-2\" href=\"https:\/\/kolibrici.hr\/index.php\/2023\/12\/07\/promjene-u-vodstvu-udruge\/\">\n                <img decoding=\"async\" alt=\"\" class=\"u-blog-control u-expanded-width u-image u-image-default u-image-2\" src=\"https:\/\/kolibrici.hr\/wp-content\/uploads\/2023\/12\/04-480x350-1.jpg\"><\/a>\n                <div class=\"u-blog-control u-post-content u-text u-text-2\"><p>U subotu 23. svibnja 2020. odr\u017eana je godi\u0161nja skup\u0161tina Udruge \u201cKolibri\u0107i\u201d na kojoj je izabran dio novog vodstva i predstavljen rad u pro\u0161loj &hellip;<\/p><\/div>\n                <a href=\"https:\/\/kolibrici.hr\/index.php\/2023\/12\/07\/promjene-u-vodstvu-udruge\/\" class=\"u-blog-control u-border-2 u-border-no-left u-border-no-right u-border-no-top u-border-palette-1-base u-btn u-btn-rectangle u-button-style u-none u-btn-1\">Read More<\/a>\n              <\/div>\n            <\/div>\n            <div class=\"u-blog-post u-invisible u-container-style u-repeater-item u-video-cover u-white\">\n              <div class=\"u-container-layout u-similar-container u-valign-top u-container-layout-2\">\n                <h4 class=\"u-blog-control u-text u-text-3\">\n                  <a class=\"u-post-header-link\" href=\"https:\/\/kolibrici.hr\/index.php\/2023\/12\/07\/postupanje-i-preporuke-za-neuropedijatrijske-bolesnike-u-tijeku-pandemije-covid-19\/\">POSTUPANJE I PREPORUKE ZA NEUROPEDIJATRIJSKE BOLESNIKE U TIJEKU PANDEMIJE COVID-19<\/a>\n                <\/h4><a class=\"u-blog-control u-expanded-width u-image u-image-default u-image-3\" href=\"https:\/\/kolibrici.hr\/index.php\/2023\/12\/07\/postupanje-i-preporuke-za-neuropedijatrijske-bolesnike-u-tijeku-pandemije-covid-19\/\">\n                <img decoding=\"async\" alt=\"\" class=\"u-blog-control u-expanded-width u-image u-image-default u-image-3\" src=\"https:\/\/kolibrici.hr\/wp-content\/uploads\/2023\/12\/CoronaVirusHeader-Final-3-768x323-1.jpg\"><\/a>\n                <div class=\"u-blog-control u-post-content u-text u-text-4\"><p>Hrvatski lije\u010dni\u010dki zbor&nbsp;je na svojim web-stranicama donio preporuke za neuropedijatrijske bolesnike koje donosimo u cijelosti:Preporuke za &hellip;<\/p><\/div>\n                <a href=\"https:\/\/kolibrici.hr\/index.php\/2023\/12\/07\/postupanje-i-preporuke-za-neuropedijatrijske-bolesnike-u-tijeku-pandemije-covid-19\/\" class=\"u-blog-control u-border-2 u-border-no-left u-border-no-right u-border-no-top u-border-palette-1-base u-btn u-btn-rectangle u-button-style u-none u-btn-2\">Read More<\/a>\n              <\/div>\n            <\/div>\n            <div class=\"u-blog-post u-invisible u-container-style u-repeater-item u-video-cover u-white\">\n              <div class=\"u-container-layout u-similar-container u-valign-top u-container-layout-3\">\n                <h4 class=\"u-blog-control u-text u-text-5\">\n                  <a class=\"u-post-header-link\" href=\"https:\/\/kolibrici.hr\/index.php\/2023\/12\/07\/koronavirus\/\">KORONAVIRUS<\/a>\n                <\/h4><a class=\"u-blog-control u-expanded-width u-image u-image-default u-image-4\" href=\"https:\/\/kolibrici.hr\/index.php\/2023\/12\/07\/koronavirus\/\">\n                <img decoding=\"async\" alt=\"\" class=\"u-blog-control u-expanded-width u-image u-image-default u-image-4\" src=\"https:\/\/kolibrici.hr\/wp-content\/uploads\/2023\/12\/CoronaVirusHeader-Final-3-768x323-1.jpg\"><\/a>\n                <div class=\"u-blog-control u-post-content u-text u-text-6\"><p>Pojava nove i dosad nevi\u0111ene situacije vezane uz koronavirus izazvala je velik strah i zabrinutost u javnosti. Smatramo da u tom slu\u010daju poma\u017ee &hellip;<\/p><\/div>\n                <a href=\"https:\/\/kolibrici.hr\/index.php\/2023\/12\/07\/koronavirus\/\" class=\"u-blog-control u-border-2 u-border-no-left u-border-no-right u-border-no-top u-border-palette-1-base u-btn u-btn-rectangle u-button-style u-none u-btn-3\">Read More<\/a>\n              <\/div>\n            <\/div>\n            <div class=\"u-blog-post u-invisible u-container-style u-repeater-item u-white u-repeater-item-1\">\n              <div class=\"u-container-layout u-similar-container u-valign-top u-container-layout-1\">\n                <h4 class=\"u-blog-control u-text u-text-1\">\n                  <a class=\"u-post-header-link\" href=\"https:\/\/kolibrici.hr\/index.php\/2023\/12\/07\/rijetki-inspiriraju-obitelj-magdic\/\">RIJETKI INSPIRIRAJU: OBITELJ MAGDI\u0106<\/a>\n                <\/h4><a class=\"u-blog-control u-expanded-width u-image u-image-default u-image-2\" href=\"https:\/\/kolibrici.hr\/index.php\/2023\/12\/07\/rijetki-inspiriraju-obitelj-magdic\/\">\n                <img decoding=\"async\" alt=\"\" class=\"u-blog-control u-expanded-width u-image u-image-default u-image-2\" src=\"https:\/\/kolibrici.hr\/wp-content\/uploads\/2023\/12\/Kolibri_logo-removebg-preview.png\"><\/a>\n                <div class=\"u-blog-control u-post-content u-text u-text-2\">Povodom obilje\u017eavanja Me\u0111unarodnog dana rijetkih bolesti, predstavljamo vam predivnu obitelj Magdi\u0107 koja \u0107e vam u ime Kolibri\u0107a oboljelih od spinalne&hellip;<\/div>\n                <a href=\"https:\/\/kolibrici.hr\/index.php\/2023\/12\/07\/rijetki-inspiriraju-obitelj-magdic\/\" class=\"u-blog-control u-border-2 u-border-no-left u-border-no-right u-border-no-top u-border-palette-1-base u-btn u-btn-rectangle u-button-style u-none u-btn-1\">Read More<\/a>\n              <\/div>\n            <\/div>\n            <div class=\"u-blog-post u-invisible u-container-style u-repeater-item u-video-cover u-white\">\n              <div class=\"u-container-layout u-similar-container u-valign-top u-container-layout-2\">\n                <h4 class=\"u-blog-control u-text u-text-3\">\n                  <a class=\"u-post-header-link\" href=\"https:\/\/kolibrici.hr\/index.php\/2023\/12\/07\/ponos-hrvatske-nasa-ana\/\">PONOS HRVATSKE, NA\u0160A ANA!<\/a>\n                <\/h4><a class=\"u-blog-control u-expanded-width u-image u-image-default u-image-3\" href=\"https:\/\/kolibrici.hr\/index.php\/2023\/12\/07\/ponos-hrvatske-nasa-ana\/\">\n                <img decoding=\"async\" alt=\"\" class=\"u-blog-control u-expanded-width u-image u-image-default u-image-3\" src=\"https:\/\/kolibrici.hr\/wp-content\/uploads\/2023\/12\/alapic_mate1-040919-300x200-1.jpg\"><\/a>\n                <div class=\"u-blog-control u-post-content u-text u-text-4\">I ove godine udruga Ponos Hrvatske , dnevni list 24 sata i Hrvatska radiotelevizija, \u00a0dodijelili su nagradu \u201dPonos Hrvatske\u201d.Mali i veliki Kolibri\u0107i &hellip;<\/div>\n                <a href=\"https:\/\/kolibrici.hr\/index.php\/2023\/12\/07\/ponos-hrvatske-nasa-ana\/\" class=\"u-blog-control u-border-2 u-border-no-left u-border-no-right u-border-no-top u-border-palette-1-base u-btn u-btn-rectangle u-button-style u-none u-btn-2\">Read More<\/a>\n              <\/div>\n            <\/div>\n            <div class=\"u-blog-post u-invisible u-container-style u-repeater-item u-video-cover u-white\">\n              <div class=\"u-container-layout u-similar-container u-valign-top u-container-layout-3\">\n                <h4 class=\"u-blog-control u-text u-text-5\">\n                  <a class=\"u-post-header-link\" href=\"https:\/\/kolibrici.hr\/index.php\/2023\/12\/07\/leteci-kolibrici-na-hvaru-23-02-2020\/\">\u201cLETE\u0106I KOLIBRI\u0106I\u201d NA HVARU, 23\/02\/2020<\/a>\n                <\/h4><a class=\"u-blog-control u-expanded-width u-image u-image-default u-image-4\" href=\"https:\/\/kolibrici.hr\/index.php\/2023\/12\/07\/leteci-kolibrici-na-hvaru-23-02-2020\/\">\n                <img decoding=\"async\" alt=\"\" class=\"u-blog-control u-expanded-width u-image u-image-default u-image-4\" src=\"https:\/\/kolibrici.hr\/wp-content\/uploads\/2023\/12\/Kolibri_logo-removebg-preview.png\"><\/a>\n                <div class=\"u-blog-control u-post-content u-text u-text-6\">Otok Hvar, jedan od najljep\u0161ih otoka hrvatske obale poznat po rasko\u0161noj ljepoti krajolika i \u0161irokoj lepezi turisti\u010dke ponude, sve je vi\u0161e poznat i po&hellip;<\/div>\n                <a href=\"https:\/\/kolibrici.hr\/index.php\/2023\/12\/07\/leteci-kolibrici-na-hvaru-23-02-2020\/\" class=\"u-blog-control u-border-2 u-border-no-left u-border-no-right u-border-no-top u-border-palette-1-base u-btn u-btn-rectangle u-button-style u-none u-btn-3\">Read More<\/a>\n              <\/div>\n            <\/div>\n            <div class=\"u-blog-post u-invisible u-container-style u-repeater-item u-white u-repeater-item-1\">\n              <div class=\"u-container-layout u-similar-container u-valign-top u-container-layout-1\">\n                <h4 class=\"u-blog-control u-text u-text-1\">\n                  <a class=\"u-post-header-link\" href=\"https:\/\/kolibrici.hr\/index.php\/2023\/12\/07\/dm-giving-friday-29-11\/\">DM \/ GIVING FRIDAY \/ 29.11.<\/a>\n                <\/h4><a class=\"u-blog-control u-expanded-width u-image u-image-default u-image-2\" href=\"https:\/\/kolibrici.hr\/index.php\/2023\/12\/07\/dm-giving-friday-29-11\/\">\n                <img decoding=\"async\" alt=\"\" class=\"u-blog-control u-expanded-width u-image u-image-default u-image-2\" src=\"https:\/\/kolibrici.hr\/wp-content\/uploads\/2023\/12\/Kolibri_logo-removebg-preview.png\"><\/a>\n                <div class=\"u-blog-control u-post-content u-text u-text-2\">Na Crni petak, dan kada ve\u0107ina ljudi razmi\u0161lja o tome kako sebi osigurati \u0161to bolje u\u0161tede, dm \u017eeli potaknuti \u0161to ve\u0107i broj ljudi da zastanu i &hellip;<\/div>\n                <a href=\"https:\/\/kolibrici.hr\/index.php\/2023\/12\/07\/dm-giving-friday-29-11\/\" class=\"u-blog-control u-border-2 u-border-no-left u-border-no-right u-border-no-top u-border-palette-1-base u-btn u-btn-rectangle u-button-style u-none u-btn-1\">Read More<\/a>\n              <\/div>\n            <\/div>\n            <div class=\"u-blog-post u-invisible u-container-style u-repeater-item u-video-cover u-white\">\n              <div class=\"u-container-layout u-similar-container u-valign-top u-container-layout-2\">\n                <h4 class=\"u-blog-control u-text u-text-3\">\n                  <a class=\"u-post-header-link\" href=\"https:\/\/kolibrici.hr\/index.php\/2023\/12\/07\/pozivnica-za-bozicno-okupljanje-oboljelih-od-spinalne-misicne-atrofije\/\">POZIVNICA ZA BO\u017dI\u0106NO OKUPLJANJE OBOLJELIH OD SPINALNE MI\u0160I\u0106NE ATROFIJE<\/a>\n                <\/h4><a class=\"u-blog-control u-expanded-width u-image u-image-default u-image-3\" href=\"https:\/\/kolibrici.hr\/index.php\/2023\/12\/07\/pozivnica-za-bozicno-okupljanje-oboljelih-od-spinalne-misicne-atrofije\/\">\n                <img decoding=\"async\" alt=\"\" class=\"u-blog-control u-expanded-width u-image u-image-default u-image-3\" src=\"https:\/\/kolibrici.hr\/wp-content\/uploads\/2023\/12\/Kolibri_logo-removebg-preview.png\"><\/a>\n                <div class=\"u-blog-control u-post-content u-text u-text-4\"><p>Dragi na\u0161i, bli\u017ei nam se kraj godine, vrijeme koje najradije provodimo u dru\u0161tvu dragih&nbsp;prijatelja i obitelji,&nbsp;vrijeme kad &hellip;<\/p><\/div>\n                <a href=\"https:\/\/kolibrici.hr\/index.php\/2023\/12\/07\/pozivnica-za-bozicno-okupljanje-oboljelih-od-spinalne-misicne-atrofije\/\" class=\"u-blog-control u-border-2 u-border-no-left u-border-no-right u-border-no-top u-border-palette-1-base u-btn u-btn-rectangle u-button-style u-none u-btn-2\">Read More<\/a>\n              <\/div>\n            <\/div>\n            <div class=\"u-blog-post u-invisible u-container-style u-repeater-item u-video-cover u-white\">\n              <div class=\"u-container-layout u-similar-container u-valign-top u-container-layout-3\">\n                <h4 class=\"u-blog-control u-text u-text-5\">\n                  <a class=\"u-post-header-link\" href=\"https:\/\/kolibrici.hr\/index.php\/2023\/12\/07\/dvije-obitelji-dvije-price-jednako-teska-dijagnoza-nasa-borba-za-spinrazu-se-itekako-isplatila\/\">DVIJE OBITELJI, DVIJE PRI\u010cE, JEDNAKO TE\u0160KA DIJAGNOZA: \u2018NA\u0160A BORBA ZA SPINRAZU SE ITEKAKO ISPLATILA!\u2019<\/a>\n                <\/h4><a class=\"u-blog-control u-expanded-width u-image u-image-default u-image-4\" href=\"https:\/\/kolibrici.hr\/index.php\/2023\/12\/07\/dvije-obitelji-dvije-price-jednako-teska-dijagnoza-nasa-borba-za-spinrazu-se-itekako-isplatila\/\">\n                <img decoding=\"async\" alt=\"\" class=\"u-blog-control u-expanded-width u-image u-image-default u-image-4\" src=\"https:\/\/kolibrici.hr\/wp-content\/uploads\/2023\/12\/Kolibri_logo-removebg-preview.png\"><\/a>\n                <div class=\"u-blog-control u-post-content u-text u-text-6\"><p>ONI NISU ODUSTALISpinraza je trenutno jedina terapijska opcija za oboljele od spinalne mi\u0161i\u0107ne atrofije (SMA), a u Hrvatskoj je lijek u po\u010detku &hellip;<\/p><\/div>\n                <a href=\"https:\/\/kolibrici.hr\/index.php\/2023\/12\/07\/dvije-obitelji-dvije-price-jednako-teska-dijagnoza-nasa-borba-za-spinrazu-se-itekako-isplatila\/\" class=\"u-blog-control u-border-2 u-border-no-left u-border-no-right u-border-no-top u-border-palette-1-base u-btn u-btn-rectangle u-button-style u-none u-btn-3\">Read More<\/a>\n              <\/div>\n            <\/div>\n            <div class=\"u-blog-post u-invisible u-container-style u-repeater-item u-white u-repeater-item-1\">\n              <div class=\"u-container-layout u-similar-container u-valign-top u-container-layout-1\">\n                <h4 class=\"u-blog-control u-text u-text-1\">\n                  <a class=\"u-post-header-link\" href=\"https:\/\/kolibrici.hr\/index.php\/2023\/12\/07\/potpomognuta-komunikacija-kako-je-vide-studenti-logopedije\/\">POTPOMOGNUTA KOMUNIKACIJA KAKO JE VIDE STUDENTI LOGOPEDIJE<\/a>\n                <\/h4><a class=\"u-blog-control u-expanded-width u-image u-image-default u-image-2\" href=\"https:\/\/kolibrici.hr\/index.php\/2023\/12\/07\/potpomognuta-komunikacija-kako-je-vide-studenti-logopedije\/\">\n                <img decoding=\"async\" alt=\"\" class=\"u-blog-control u-expanded-width u-image u-image-default u-image-2\" src=\"https:\/\/kolibrici.hr\/wp-content\/uploads\/2023\/12\/Kolibri_logo-removebg-preview.png\"><\/a>\n                <div class=\"u-blog-control u-post-content u-text u-text-2\">Video prilog studenata Edukacijsko-rehabilitacijskog fakulteta prikazuje\u00a0zablude o tome da potpomognuta komunikacija nije za starije, da \u0107e usporiti &hellip;<\/div>\n                <a href=\"https:\/\/kolibrici.hr\/index.php\/2023\/12\/07\/potpomognuta-komunikacija-kako-je-vide-studenti-logopedije\/\" class=\"u-blog-control u-border-2 u-border-no-left u-border-no-right u-border-no-top u-border-palette-1-base u-btn u-btn-rectangle u-button-style u-none u-btn-1\">Read More<\/a>\n              <\/div>\n            <\/div>\n            <div class=\"u-blog-post u-invisible u-container-style u-repeater-item u-video-cover u-white\">\n              <div class=\"u-container-layout u-similar-container u-valign-top u-container-layout-2\">\n                <h4 class=\"u-blog-control u-text u-text-3\">\n                  <a class=\"u-post-header-link\" href=\"https:\/\/kolibrici.hr\/index.php\/2023\/12\/07\/roditeljska-perspektiva-uporabe-visokotehnoloskih-sredstava-komunikacije-kod-djece-sa-slozenim-komunikacijskim-potrebama-diplomski-rad-lucija-lesic\/\">RODITELJSKA PERSPEKTIVA UPORABE VISOKOTEHNOLO\u0160KIH SREDSTAVA KOMUNIKACIJE KOD DJECE SA SLO\u017dENIM KOMUNIKACIJSKIM POTREBAMA (DIPLOMSKI RAD) \/ LUCIJA LESI\u0106<\/a>\n                <\/h4><a class=\"u-blog-control u-expanded-width u-image u-image-default u-image-3\" href=\"https:\/\/kolibrici.hr\/index.php\/2023\/12\/07\/roditeljska-perspektiva-uporabe-visokotehnoloskih-sredstava-komunikacije-kod-djece-sa-slozenim-komunikacijskim-potrebama-diplomski-rad-lucija-lesic\/\">\n                <img decoding=\"async\" alt=\"\" class=\"u-blog-control u-expanded-width u-image u-image-default u-image-3\" src=\"https:\/\/kolibrici.hr\/wp-content\/uploads\/2023\/12\/Kolibri_logo-removebg-preview.png\"><\/a>\n                <div class=\"u-blog-control u-post-content u-text u-text-4\"><p>Djeca sa slo\u017eenim komunikacijskim potrebama ne mogu komunicirati na uobi\u010dajen na\u010din te mogu imati slabo razumljiv govor ili govor koji je u &hellip;<\/p><\/div>\n                <a href=\"https:\/\/kolibrici.hr\/index.php\/2023\/12\/07\/roditeljska-perspektiva-uporabe-visokotehnoloskih-sredstava-komunikacije-kod-djece-sa-slozenim-komunikacijskim-potrebama-diplomski-rad-lucija-lesic\/\" class=\"u-blog-control u-border-2 u-border-no-left u-border-no-right u-border-no-top u-border-palette-1-base u-btn u-btn-rectangle u-button-style u-none u-btn-2\">Read More<\/a>\n              <\/div>\n            <\/div>\n            <div class=\"u-blog-post u-invisible u-container-style u-repeater-item u-video-cover u-white\">\n              <div class=\"u-container-layout u-similar-container u-valign-top u-container-layout-3\">\n                <h4 class=\"u-blog-control u-text u-text-5\">\n                  <a class=\"u-post-header-link\" href=\"https:\/\/kolibrici.hr\/index.php\/2023\/12\/07\/humanitarna-utakmica-za-kolibrice\/\">HUMANITARNA UTAKMICA ZA KOLIBRI\u0106E<\/a>\n                <\/h4><a class=\"u-blog-control u-expanded-width u-image u-image-default u-image-4\" href=\"https:\/\/kolibrici.hr\/index.php\/2023\/12\/07\/humanitarna-utakmica-za-kolibrice\/\">\n                <img decoding=\"async\" alt=\"\" class=\"u-blog-control u-expanded-width u-image u-image-default u-image-4\" src=\"https:\/\/kolibrici.hr\/wp-content\/uploads\/2023\/12\/Kolibri_logo-removebg-preview.png\"><\/a>\n                <div class=\"u-blog-control u-post-content u-text u-text-6\">Sun\u010dan dan, jako puno pozitivne energije, smijeha, zabave, pjesme, odli\u010dna utakmica, a pritom prikupljeno velikih 22.000 kn za Kolibri\u0107e. Hvala jo\u0161 &hellip;<\/div>\n                <a href=\"https:\/\/kolibrici.hr\/index.php\/2023\/12\/07\/humanitarna-utakmica-za-kolibrice\/\" class=\"u-blog-control u-border-2 u-border-no-left u-border-no-right u-border-no-top u-border-palette-1-base u-btn u-btn-rectangle u-button-style u-none u-btn-3\">Read More<\/a>\n              <\/div>\n            <\/div>\n            <div class=\"u-blog-post u-invisible u-container-style u-repeater-item u-white u-repeater-item-1\">\n              <div class=\"u-container-layout u-similar-container u-valign-top u-container-layout-1\">\n                <h4 class=\"u-blog-control u-text u-text-1\">\n                  <a class=\"u-post-header-link\" href=\"https:\/\/kolibrici.hr\/index.php\/2023\/12\/07\/humanitarna-vatrogasna-utrka-stepenicama-7-12-2019-u-10h-vmd-zgrada-strojarska\/\">HUMANITARNA VATROGASNA UTRKA STEPENICAMA, 7\/12\/2019 U 10H, VMD ZGRADA \/ STROJARSKA<\/a>\n                <\/h4><a class=\"u-blog-control u-expanded-width u-image u-image-default u-image-2\" href=\"https:\/\/kolibrici.hr\/index.php\/2023\/12\/07\/humanitarna-vatrogasna-utrka-stepenicama-7-12-2019-u-10h-vmd-zgrada-strojarska\/\">\n                <img decoding=\"async\" alt=\"\" class=\"u-blog-control u-expanded-width u-image u-image-default u-image-2\" src=\"https:\/\/kolibrici.hr\/wp-content\/uploads\/2023\/12\/Kolibri_logo-removebg-preview.png\"><\/a>\n                <div class=\"u-blog-control u-post-content u-text u-text-2\"><p>atrogasci su nas odu\u0161evili i ove godine! Vjerujemo da je bilo izuzetno te\u0161ko savladati 666 stepenica, ali dobre volje im nije nedostajalo. Svoju &hellip;<\/p><\/div>\n                <a href=\"https:\/\/kolibrici.hr\/index.php\/2023\/12\/07\/humanitarna-vatrogasna-utrka-stepenicama-7-12-2019-u-10h-vmd-zgrada-strojarska\/\" class=\"u-blog-control u-border-2 u-border-no-left u-border-no-right u-border-no-top u-border-palette-1-base u-btn u-btn-rectangle u-button-style u-none u-btn-1\">Read More<\/a>\n              <\/div>\n            <\/div>\n            <div class=\"u-blog-post u-invisible u-container-style u-repeater-item u-video-cover u-white\">\n              <div class=\"u-container-layout u-similar-container u-valign-top u-container-layout-2\">\n                <h4 class=\"u-blog-control u-text u-text-3\">\n                  <a class=\"u-post-header-link\" href=\"https:\/\/kolibrici.hr\/index.php\/2023\/12\/07\/novskarun-5-za-kolibrice\/\">NOVSKARUN 5 ZA KOLIBRI\u0106E<\/a>\n                <\/h4><a class=\"u-blog-control u-expanded-width u-image u-image-default u-image-3\" href=\"https:\/\/kolibrici.hr\/index.php\/2023\/12\/07\/novskarun-5-za-kolibrice\/\">\n                <img decoding=\"async\" alt=\"\" class=\"u-blog-control u-expanded-width u-image u-image-default u-image-3\" src=\"https:\/\/kolibrici.hr\/wp-content\/uploads\/2023\/12\/Kolibri_logo-removebg-preview.png\"><\/a>\n                <div class=\"u-blog-control u-post-content u-text u-text-4\">I ove godine NovskaRUN za Kolibri\u0107e!!!Organizator: Atletski klub NogaDatum: 17.8.2019.Vrijeme: 12:00-23:00Lani su tr\u010dali \u201eTisu\u0107u koraka za jedan &hellip;<\/div>\n                <a href=\"https:\/\/kolibrici.hr\/index.php\/2023\/12\/07\/novskarun-5-za-kolibrice\/\" class=\"u-blog-control u-border-2 u-border-no-left u-border-no-right u-border-no-top u-border-palette-1-base u-btn u-btn-rectangle u-button-style u-none u-btn-2\">Read More<\/a>\n              <\/div>\n            <\/div>\n            <div class=\"u-blog-post u-invisible u-container-style u-repeater-item u-video-cover u-white\">\n              <div class=\"u-container-layout u-similar-container u-valign-top u-container-layout-3\">\n                <h4 class=\"u-blog-control u-text u-text-5\">\n                  <a class=\"u-post-header-link\" href=\"https:\/\/kolibrici.hr\/index.php\/2023\/12\/07\/tezina-stvarnosti\/\">TE\u017dINA STVARNOSTI<\/a>\n                <\/h4><a class=\"u-blog-control u-expanded-width u-image u-image-default u-image-4\" href=\"https:\/\/kolibrici.hr\/index.php\/2023\/12\/07\/tezina-stvarnosti\/\">\n                <img decoding=\"async\" alt=\"\" class=\"u-blog-control u-expanded-width u-image u-image-default u-image-4\" src=\"https:\/\/kolibrici.hr\/wp-content\/uploads\/2023\/12\/Kolibri_logo-removebg-preview.png\"><\/a>\n                <div class=\"u-blog-control u-post-content u-text u-text-6\">Ponosni smo do neba zbog na\u0161eg Jana, ovo je njegova tre\u0107a knjiga, \u010dekamo nove naslove ;)Sadr\u017eaj ukratkoU mirnom Princetonu, \u201esigurnom za \u017eivot\u201c, &hellip;<\/div>\n                <a href=\"https:\/\/kolibrici.hr\/index.php\/2023\/12\/07\/tezina-stvarnosti\/\" class=\"u-blog-control u-border-2 u-border-no-left u-border-no-right u-border-no-top u-border-palette-1-base u-btn u-btn-rectangle u-button-style u-none u-btn-3\">Read More<\/a>\n              <\/div>\n            <\/div>\n            <div class=\"u-blog-post u-invisible u-container-style u-repeater-item u-white u-repeater-item-1\">\n              <div class=\"u-container-layout u-similar-container u-valign-top u-container-layout-1\">\n                <h4 class=\"u-blog-control u-text u-text-1\">\n                  <a class=\"u-post-header-link\" href=\"https:\/\/kolibrici.hr\/index.php\/2023\/12\/07\/napokon-smo-docekalispinraza-sa-sve\/\">NAPOKON SMO DO\u010cEKALI!SPINRAZA SA SVE!!!<\/a>\n                <\/h4><a class=\"u-blog-control u-expanded-width u-image u-image-default u-image-2\" href=\"https:\/\/kolibrici.hr\/index.php\/2023\/12\/07\/napokon-smo-docekalispinraza-sa-sve\/\">\n                <img decoding=\"async\" alt=\"\" class=\"u-blog-control u-expanded-width u-image u-image-default u-image-2\" src=\"https:\/\/kolibrici.hr\/wp-content\/uploads\/2023\/12\/Kolibri_logo-removebg-preview.png\"><\/a>\n                <div class=\"u-blog-control u-post-content u-text u-text-2\"><p>Povjerenstvo Ministarstva zdravstva napokon je donijelo odluku o lije\u010denju djece oboljele od spinalne mi\u0161i\u0107ne atrofije na respiratoru te starijih od&hellip;<\/p><\/div>\n                <a href=\"https:\/\/kolibrici.hr\/index.php\/2023\/12\/07\/napokon-smo-docekalispinraza-sa-sve\/\" class=\"u-blog-control u-border-2 u-border-no-left u-border-no-right u-border-no-top u-border-palette-1-base u-btn u-btn-rectangle u-button-style u-none u-btn-1\">Read More<\/a>\n              <\/div>\n            <\/div>\n            <div class=\"u-blog-post u-invisible u-container-style u-repeater-item u-video-cover u-white\">\n              <div class=\"u-container-layout u-similar-container u-valign-top u-container-layout-2\">\n                <h4 class=\"u-blog-control u-text u-text-3\">\n                  <a class=\"u-post-header-link\" href=\"https:\/\/kolibrici.hr\/index.php\/2023\/12\/07\/emisija-revizija-sami\/\">EMISIJA REVIZIJA: SAMI<\/a>\n                <\/h4><a class=\"u-blog-control u-expanded-width u-image u-image-default u-image-3\" href=\"https:\/\/kolibrici.hr\/index.php\/2023\/12\/07\/emisija-revizija-sami\/\">\n                <img decoding=\"async\" alt=\"\" class=\"u-blog-control u-expanded-width u-image u-image-default u-image-3\" src=\"https:\/\/kolibrici.hr\/wp-content\/uploads\/2023\/12\/Kolibri_logo-removebg-preview.png\"><\/a>\n                <div class=\"u-blog-control u-post-content u-text u-text-4\"><p>Moraju li se djeca u Hrvatskoj, onda kada to zdravstveni sustav&nbsp;ne mo\u017ee osigurati, lije\u010diti putem humanitarnih akcija? Slu\u010daj malene Mile &hellip;<\/p><\/div>\n                <a href=\"https:\/\/kolibrici.hr\/index.php\/2023\/12\/07\/emisija-revizija-sami\/\" class=\"u-blog-control u-border-2 u-border-no-left u-border-no-right u-border-no-top u-border-palette-1-base u-btn u-btn-rectangle u-button-style u-none u-btn-2\">Read More<\/a>\n              <\/div>\n            <\/div>\n            <div class=\"u-blog-post u-invisible u-container-style u-repeater-item u-video-cover u-white\">\n              <div class=\"u-container-layout u-similar-container u-valign-top u-container-layout-3\">\n                <h4 class=\"u-blog-control u-text u-text-5\">\n                  <a class=\"u-post-header-link\" href=\"https:\/\/kolibrici.hr\/index.php\/2023\/12\/07\/humanitarna-nogometna-utakmica-veterana-hnk-segesta-sisak\/\">HUMANITARNA NOGOMETNA UTAKMICA VETERANA HNK SEGESTA SISAK<\/a>\n                <\/h4><a class=\"u-blog-control u-expanded-width u-image u-image-default u-image-4\" href=\"https:\/\/kolibrici.hr\/index.php\/2023\/12\/07\/humanitarna-nogometna-utakmica-veterana-hnk-segesta-sisak\/\">\n                <img decoding=\"async\" alt=\"\" class=\"u-blog-control u-expanded-width u-image u-image-default u-image-4\" src=\"https:\/\/kolibrici.hr\/wp-content\/uploads\/2023\/12\/Kolibri_logo-removebg-preview.png\"><\/a>\n                <div class=\"u-blog-control u-post-content u-text u-text-6\">Ovog \u010detvrtka, 9. svibnja u 17 sati, na stadionu\u00a0HNK Segesta Sisak\u00a0odr\u017eat \u0107e se humanitarna utakmica izme\u0111u veterana HNK Segesta Sisak i HNK Rijeka &hellip;<\/div>\n                <a href=\"https:\/\/kolibrici.hr\/index.php\/2023\/12\/07\/humanitarna-nogometna-utakmica-veterana-hnk-segesta-sisak\/\" class=\"u-blog-control u-border-2 u-border-no-left u-border-no-right u-border-no-top u-border-palette-1-base u-btn u-btn-rectangle u-button-style u-none u-btn-3\">Read More<\/a>\n              <\/div>\n            <\/div>\n            <div class=\"u-blog-post u-invisible u-container-style u-repeater-item u-white u-repeater-item-1\">\n              <div class=\"u-container-layout u-similar-container u-valign-top u-container-layout-1\">\n                <h4 class=\"u-blog-control u-text u-text-1\">\n                  <a class=\"u-post-header-link\" href=\"https:\/\/kolibrici.hr\/index.php\/2023\/12\/07\/prosvjed-dodite-na-trg-sv-marka-26-1-subota-u-11-h-i-podrzite-nas\/\">PROSVJED DO\u0110ITE NA TRG SV. MARKA \/ 26.1. (SUBOTA) U 11 H I PODR\u017dITE NAS!<\/a>\n                <\/h4><a class=\"u-blog-control u-expanded-width u-image u-image-default u-image-2\" href=\"https:\/\/kolibrici.hr\/index.php\/2023\/12\/07\/prosvjed-dodite-na-trg-sv-marka-26-1-subota-u-11-h-i-podrzite-nas\/\">\n                <img decoding=\"async\" alt=\"\" class=\"u-blog-control u-expanded-width u-image u-image-default u-image-2\" src=\"https:\/\/kolibrici.hr\/wp-content\/uploads\/2023\/12\/Kolibri_logo-removebg-preview.png\"><\/a>\n                <div class=\"u-blog-control u-post-content u-text u-text-2\">Obe\u0107ali smo \u0161tititi pravo na lije\u010denje svih oboljelih od spinalne mi\u0161i\u0107ne atrofije. Za razliku od premijera i ministra zdravstva, mi dr\u017eimo do svoje &hellip;<\/div>\n                <a href=\"https:\/\/kolibrici.hr\/index.php\/2023\/12\/07\/prosvjed-dodite-na-trg-sv-marka-26-1-subota-u-11-h-i-podrzite-nas\/\" class=\"u-blog-control u-border-2 u-border-no-left u-border-no-right u-border-no-top u-border-palette-1-base u-btn u-btn-rectangle u-button-style u-none u-btn-1\">Read More<\/a>\n              <\/div>\n            <\/div>\n            <div class=\"u-blog-post u-invisible u-container-style u-repeater-item u-video-cover u-white\">\n              <div class=\"u-container-layout u-similar-container u-valign-top u-container-layout-2\">\n                <h4 class=\"u-blog-control u-text u-text-3\">\n                  <a class=\"u-post-header-link\" href=\"https:\/\/kolibrici.hr\/index.php\/2023\/12\/07\/u-saboru-se-hvale-diskriminacijom-oboljelih-od-sma-i-neradom-sustava\/\">U SABORU SE HVALE DISKRIMINACIJOM OBOLJELIH OD SMA I NERADOM SUSTAVA<\/a>\n                <\/h4><a class=\"u-blog-control u-expanded-width u-image u-image-default u-image-3\" href=\"https:\/\/kolibrici.hr\/index.php\/2023\/12\/07\/u-saboru-se-hvale-diskriminacijom-oboljelih-od-sma-i-neradom-sustava\/\">\n                <img decoding=\"async\" alt=\"\" class=\"u-blog-control u-expanded-width u-image u-image-default u-image-3\" src=\"https:\/\/kolibrici.hr\/wp-content\/uploads\/2023\/12\/Kolibri_logo-removebg-preview.png\"><\/a>\n                <div class=\"u-blog-control u-post-content u-text u-text-4\">UDRUGA KOLIBRI\u0106I O NAVODIMA PREMIJERA I MINISTRA ZDRAVSTVAUdruga roditelja vitalno ugro\u017eene djece \u201cKolibri\u0107i\u201d nastavno na raspravu i glasanje o &hellip;<\/div>\n                <a href=\"https:\/\/kolibrici.hr\/index.php\/2023\/12\/07\/u-saboru-se-hvale-diskriminacijom-oboljelih-od-sma-i-neradom-sustava\/\" class=\"u-blog-control u-border-2 u-border-no-left u-border-no-right u-border-no-top u-border-palette-1-base u-btn u-btn-rectangle u-button-style u-none u-btn-2\">Read More<\/a>\n              <\/div>\n            <\/div>\n            <div class=\"u-blog-post u-invisible u-container-style u-repeater-item u-video-cover u-white\">\n              <div class=\"u-container-layout u-similar-container u-valign-top u-container-layout-3\">\n                <h4 class=\"u-blog-control u-text u-text-5\">\n                  <a class=\"u-post-header-link\" href=\"https:\/\/kolibrici.hr\/index.php\/2023\/12\/07\/vatrogasci-pomazu-kolibricima\/\">VATROGASCI POMA\u017dU KOLIBRI\u0106IMA<\/a>\n                <\/h4><a class=\"u-blog-control u-expanded-width u-image u-image-default u-image-4\" href=\"https:\/\/kolibrici.hr\/index.php\/2023\/12\/07\/vatrogasci-pomazu-kolibricima\/\">\n                <img decoding=\"async\" alt=\"\" class=\"u-blog-control u-expanded-width u-image u-image-default u-image-4\" src=\"https:\/\/kolibrici.hr\/wp-content\/uploads\/2023\/12\/Kolibri_logo-removebg-preview.png\"><\/a>\n                <div class=\"u-blog-control u-post-content u-text u-text-6\">Vatrogasci grada Zagreba organizirali su Humanitarnu akciju za na\u0161e Kolibri\u0107e u razdoblju od 01.10.2018. do 03.12.2018. Prikupljena \u00a0sredstva &hellip;<\/div>\n                <a href=\"https:\/\/kolibrici.hr\/index.php\/2023\/12\/07\/vatrogasci-pomazu-kolibricima\/\" class=\"u-blog-control u-border-2 u-border-no-left u-border-no-right u-border-no-top u-border-palette-1-base u-btn u-btn-rectangle u-button-style u-none u-btn-3\">Read More<\/a>\n              <\/div>\n            <\/div>\n            <div class=\"u-blog-post u-invisible u-container-style u-repeater-item u-white u-repeater-item-1\">\n              <div class=\"u-container-layout u-similar-container u-valign-top u-container-layout-1\">\n                <h4 class=\"u-blog-control u-text u-text-1\">\n                  <a class=\"u-post-header-link\" href=\"https:\/\/kolibrici.hr\/index.php\/2023\/12\/07\/predstavili-smo-projekt-zlatkov-dan-sa-sma\/\">PREDSTAVILI SMO PROJEKT \u201cZLATKOV DAN SA SMA\u201d<\/a>\n                <\/h4><a class=\"u-blog-control u-expanded-width u-image u-image-default u-image-2\" href=\"https:\/\/kolibrici.hr\/index.php\/2023\/12\/07\/predstavili-smo-projekt-zlatkov-dan-sa-sma\/\">\n                <img decoding=\"async\" alt=\"\" class=\"u-blog-control u-expanded-width u-image u-image-default u-image-2\" src=\"https:\/\/kolibrici.hr\/wp-content\/uploads\/2023\/12\/0fd3416c-2.jpeg\"><\/a>\n                <div class=\"u-blog-control u-post-content u-text u-text-2\"><p>Slikovnica \u201cZlatkov dan za igru\u201d, djelo poznatoga svjetskog ilustratora iz Australije Charlesa Santosa, koja kroz zanimljiv i djeci prilago\u0111en na\u010din&hellip;<\/p><\/div>\n                <a href=\"https:\/\/kolibrici.hr\/index.php\/2023\/12\/07\/predstavili-smo-projekt-zlatkov-dan-sa-sma\/\" class=\"u-blog-control u-border-2 u-border-no-left u-border-no-right u-border-no-top u-border-palette-1-base u-btn u-btn-rectangle u-button-style u-none u-btn-1\">Read More<\/a>\n              <\/div>\n            <\/div>\n            <div class=\"u-blog-post u-invisible u-container-style u-repeater-item u-video-cover u-white\">\n              <div class=\"u-container-layout u-similar-container u-valign-top u-container-layout-2\">\n                <h4 class=\"u-blog-control u-text u-text-3\">\n                  <a class=\"u-post-header-link\" href=\"https:\/\/kolibrici.hr\/index.php\/2023\/12\/07\/nas-jan-vam-porucuje\/\">NA\u0160 JAN VAM PORU\u010cUJE!<\/a>\n                <\/h4><a class=\"u-blog-control u-expanded-width u-image u-image-default u-image-3\" href=\"https:\/\/kolibrici.hr\/index.php\/2023\/12\/07\/nas-jan-vam-porucuje\/\">\n                <img decoding=\"async\" alt=\"\" class=\"u-blog-control u-expanded-width u-image u-image-default u-image-3\" src=\"https:\/\/kolibrici.hr\/wp-content\/uploads\/2023\/12\/Kolibri_logo-removebg-preview.png\"><\/a>\n                <div class=\"u-blog-control u-post-content u-text u-text-4\"><p>\u201cDo\u0111ite na predstavljanje moje nove knjige na&nbsp;Interliberu,&nbsp;subota 17.11. u 16.30!&nbsp;Roman Te\u017eina stvarnosti, urednica Sandra Pocrni\u0107, &hellip;<\/p><\/div>\n                <a href=\"https:\/\/kolibrici.hr\/index.php\/2023\/12\/07\/nas-jan-vam-porucuje\/\" class=\"u-blog-control u-border-2 u-border-no-left u-border-no-right u-border-no-top u-border-palette-1-base u-btn u-btn-rectangle u-button-style u-none u-btn-2\">Read More<\/a>\n              <\/div>\n            <\/div>\n            <div class=\"u-blog-post u-invisible u-container-style u-repeater-item u-video-cover u-white\">\n              <div class=\"u-container-layout u-similar-container u-valign-top u-container-layout-3\">\n                <h4 class=\"u-blog-control u-text u-text-5\">\n                  <a class=\"u-post-header-link\" href=\"https:\/\/kolibrici.hr\/index.php\/2023\/12\/07\/novskarun-2018\/\">NOVSKARUN 2018<\/a>\n                <\/h4><a class=\"u-blog-control u-expanded-width u-image u-image-default u-image-4\" href=\"https:\/\/kolibrici.hr\/index.php\/2023\/12\/07\/novskarun-2018\/\">\n                <img decoding=\"async\" alt=\"\" class=\"u-blog-control u-expanded-width u-image u-image-default u-image-4\" src=\"https:\/\/kolibrici.hr\/wp-content\/uploads\/2023\/12\/Kolibri_logo-removebg-preview.png\"><\/a>\n                <div class=\"u-blog-control u-post-content u-text u-text-6\"><p>Odr\u017eana utrka NovskaRUN 2018!Hvala Teni i Atletskom klubu NOGA na organizaciji utrke Novska RUN pod sloganom \u201cTisu\u0107u koraka za jedan tvoj\u201d kako bi &hellip;<\/p><\/div>\n                <a href=\"https:\/\/kolibrici.hr\/index.php\/2023\/12\/07\/novskarun-2018\/\" class=\"u-blog-control u-border-2 u-border-no-left u-border-no-right u-border-no-top u-border-palette-1-base u-btn u-btn-rectangle u-button-style u-none u-btn-3\">Read More<\/a>\n              <\/div>\n            <\/div>\n            <div class=\"u-blog-post u-invisible u-container-style u-repeater-item u-white u-repeater-item-1\">\n              <div class=\"u-container-layout u-similar-container u-valign-top u-container-layout-1\">\n                <h4 class=\"u-blog-control u-text u-text-1\">\n                  <a class=\"u-post-header-link\" href=\"https:\/\/kolibrici.hr\/index.php\/2023\/12\/07\/priopcenje-vezano-uz-izjavu-vlade-22-7-2018\/\">PRIOP\u0106ENJE VEZANO UZ IZJAVU VLADE, 22.7.2018.<\/a>\n                <\/h4><a class=\"u-blog-control u-expanded-width u-image u-image-default u-image-2\" href=\"https:\/\/kolibrici.hr\/index.php\/2023\/12\/07\/priopcenje-vezano-uz-izjavu-vlade-22-7-2018\/\">\n                <img decoding=\"async\" alt=\"\" class=\"u-blog-control u-expanded-width u-image u-image-default u-image-2\" src=\"https:\/\/kolibrici.hr\/wp-content\/uploads\/2023\/12\/Kolibri_logo-removebg-preview.png\"><\/a>\n                <div class=\"u-blog-control u-post-content u-text u-text-2\"><p>Nakon spektakularnog uspjeha hrvatske nogometne reprezentacije na SP-u u Moskvi, politi\u010dari su povukli pitanje izgradnje nacionalnog stadiona, a dio&hellip;<\/p><\/div>\n                <a href=\"https:\/\/kolibrici.hr\/index.php\/2023\/12\/07\/priopcenje-vezano-uz-izjavu-vlade-22-7-2018\/\" class=\"u-blog-control u-border-2 u-border-no-left u-border-no-right u-border-no-top u-border-palette-1-base u-btn u-btn-rectangle u-button-style u-none u-btn-1\">Read More<\/a>\n              <\/div>\n            <\/div>\n            <div class=\"u-blog-post u-invisible u-container-style u-repeater-item u-video-cover u-white\">\n              <div class=\"u-container-layout u-similar-container u-valign-top u-container-layout-2\">\n                <h4 class=\"u-blog-control u-text u-text-3\">\n                  <a class=\"u-post-header-link\" href=\"https:\/\/kolibrici.hr\/index.php\/2023\/12\/07\/ana-nas-ponos\/\">ANA, NA\u0160 PONOS<\/a>\n                <\/h4><a class=\"u-blog-control u-expanded-width u-image u-image-default u-image-3\" href=\"https:\/\/kolibrici.hr\/index.php\/2023\/12\/07\/ana-nas-ponos\/\">\n                <img decoding=\"async\" alt=\"\" class=\"u-blog-control u-expanded-width u-image u-image-default u-image-3\" src=\"https:\/\/kolibrici.hr\/wp-content\/uploads\/2023\/12\/Kolibri_logo-removebg-preview.png\"><\/a>\n                <div class=\"u-blog-control u-post-content u-text u-text-4\"><p>Povodom Dana grada Siska, u atriju Starog grada odr\u017eana je sve\u010dana sjednica Gradskog vije\u0107a na kojoj su uru\u010dene nagrade Grada Siska zaslu\u017enim &hellip;<\/p><\/div>\n                <a href=\"https:\/\/kolibrici.hr\/index.php\/2023\/12\/07\/ana-nas-ponos\/\" class=\"u-blog-control u-border-2 u-border-no-left u-border-no-right u-border-no-top u-border-palette-1-base u-btn u-btn-rectangle u-button-style u-none u-btn-2\">Read More<\/a>\n              <\/div>\n            <\/div>\n            <div class=\"u-blog-post u-invisible u-container-style u-repeater-item u-video-cover u-white\">\n              <div class=\"u-container-layout u-similar-container u-valign-top u-container-layout-3\">\n                <h4 class=\"u-blog-control u-text u-text-5\">\n                  <a class=\"u-post-header-link\" href=\"https:\/\/kolibrici.hr\/index.php\/2023\/12\/07\/dodite-od-24-5-do-13-6-na-prikazivanje-filma-o-vatrenima-i-podrzite-kolibrice\/\">DO\u0110ITE OD 24.5. DO 13.6. NA PRIKAZIVANJE FILMA O VATRENIMA I PODR\u017dITE KOLIBRI\u0106E<\/a>\n                <\/h4><a class=\"u-blog-control u-expanded-width u-image u-image-default u-image-4\" href=\"https:\/\/kolibrici.hr\/index.php\/2023\/12\/07\/dodite-od-24-5-do-13-6-na-prikazivanje-filma-o-vatrenima-i-podrzite-kolibrice\/\">\n                <img decoding=\"async\" alt=\"\" class=\"u-blog-control u-expanded-width u-image u-image-default u-image-4\" src=\"https:\/\/kolibrici.hr\/wp-content\/uploads\/2023\/12\/0fd3416c-2.jpeg\"><\/a>\n                <div class=\"u-blog-control u-post-content u-text u-text-6\"><p>Odr\u017eana je premijera dokumentarnog filma \u2018Vatreni\u2018 koji donosi pri\u010du o hrvatskoj nogometnoj reprezentaciji i njenoj legendarnoj bronci na Svjetskom &hellip;<\/p><\/div>\n                <a href=\"https:\/\/kolibrici.hr\/index.php\/2023\/12\/07\/dodite-od-24-5-do-13-6-na-prikazivanje-filma-o-vatrenima-i-podrzite-kolibrice\/\" class=\"u-blog-control u-border-2 u-border-no-left u-border-no-right u-border-no-top u-border-palette-1-base u-btn u-btn-rectangle u-button-style u-none u-btn-3\">Read More<\/a>\n              <\/div>\n            <\/div>\n            <div class=\"u-blog-post u-invisible u-container-style u-repeater-item u-white u-repeater-item-1\">\n              <div class=\"u-container-layout u-similar-container u-valign-top u-container-layout-1\">\n                <h4 class=\"u-blog-control u-text u-text-1\">\n                  <a class=\"u-post-header-link\" href=\"https:\/\/kolibrici.hr\/index.php\/2023\/12\/07\/utrka-novskarun-2018-tisucu-koraka-za-jedan-tvoj\/\">UTRKA NOVSKARUN 2018. TISU\u0106U KORAKA ZA JEDAN TVOJ<\/a>\n                <\/h4><a class=\"u-blog-control u-expanded-width u-image u-image-default u-image-2\" href=\"https:\/\/kolibrici.hr\/index.php\/2023\/12\/07\/utrka-novskarun-2018-tisucu-koraka-za-jedan-tvoj\/\">\n                <img decoding=\"async\" alt=\"\" class=\"u-blog-control u-expanded-width u-image u-image-default u-image-2\" src=\"https:\/\/kolibrici.hr\/wp-content\/uploads\/2023\/12\/Kolibri_logo-removebg-preview.png\"><\/a>\n                <div class=\"u-blog-control u-post-content u-text u-text-2\">U ime svih Kolibri\u0107a i njihovih obitelji, zahvaljujemo velikom srcu Novske!Atletski klub NOGA i ove godine organizira sada ve\u0107 tradicionalnu utrku &hellip;<\/div>\n                <a href=\"https:\/\/kolibrici.hr\/index.php\/2023\/12\/07\/utrka-novskarun-2018-tisucu-koraka-za-jedan-tvoj\/\" class=\"u-blog-control u-border-2 u-border-no-left u-border-no-right u-border-no-top u-border-palette-1-base u-btn u-btn-rectangle u-button-style u-none u-btn-1\">Read More<\/a>\n              <\/div>\n            <\/div>\n            <div class=\"u-blog-post u-invisible u-container-style u-repeater-item u-video-cover u-white\">\n              <div class=\"u-container-layout u-similar-container u-valign-top u-container-layout-2\">\n                <h4 class=\"u-blog-control u-text u-text-3\">\n                  <a class=\"u-post-header-link\" href=\"https:\/\/kolibrici.hr\/index.php\/2023\/12\/07\/nas-stav-o-ispitivanju-novog-lijeka-za-spinalnu-misicnu-atrofiju-i-uvrstenju-spinraze-na-listu-hzzo-a\/\">NA\u0160 STAV O ISPITIVANJU NOVOG LIJEKA ZA SPINALNU MI\u0160I\u0106NU ATROFIJU I UVR\u0160TENJU SPINRAZE NA LISTU HZZO-A<\/a>\n                <\/h4><a class=\"u-blog-control u-expanded-width u-image u-image-default u-image-3\" href=\"https:\/\/kolibrici.hr\/index.php\/2023\/12\/07\/nas-stav-o-ispitivanju-novog-lijeka-za-spinalnu-misicnu-atrofiju-i-uvrstenju-spinraze-na-listu-hzzo-a\/\">\n                <img decoding=\"async\" alt=\"\" class=\"u-blog-control u-expanded-width u-image u-image-default u-image-3\" src=\"https:\/\/kolibrici.hr\/wp-content\/uploads\/2023\/12\/Kolibri_logo-removebg-preview.png\"><\/a>\n                <div class=\"u-blog-control u-post-content u-text u-text-4\"><p>Teks je objavljen na In portalu (19.4.2018.)Roditelji &nbsp;s nelagodom slu\u0161aju niz proturje\u010dnih slu\u017ebenih i neslu\u017ebenih izjava mjerodavnih, koje &hellip;<\/p><\/div>\n                <a href=\"https:\/\/kolibrici.hr\/index.php\/2023\/12\/07\/nas-stav-o-ispitivanju-novog-lijeka-za-spinalnu-misicnu-atrofiju-i-uvrstenju-spinraze-na-listu-hzzo-a\/\" class=\"u-blog-control u-border-2 u-border-no-left u-border-no-right u-border-no-top u-border-palette-1-base u-btn u-btn-rectangle u-button-style u-none u-btn-2\">Read More<\/a>\n              <\/div>\n            <\/div>\n            <div class=\"u-blog-post u-invisible u-container-style u-repeater-item u-video-cover u-white\">\n              <div class=\"u-container-layout u-similar-container u-valign-top u-container-layout-3\">\n                <h4 class=\"u-blog-control u-text u-text-5\">\n                  <a class=\"u-post-header-link\" href=\"https:\/\/kolibrici.hr\/index.php\/2023\/12\/07\/cajtnot-urban-challenge-20-4-2018\/\">CAJTNOT URBAN CHALLENGE, 20.4.2018.<\/a>\n                <\/h4><a class=\"u-blog-control u-expanded-width u-image u-image-default u-image-4\" href=\"https:\/\/kolibrici.hr\/index.php\/2023\/12\/07\/cajtnot-urban-challenge-20-4-2018\/\">\n                <img decoding=\"async\" alt=\"\" class=\"u-blog-control u-expanded-width u-image u-image-default u-image-4\" src=\"https:\/\/kolibrici.hr\/wp-content\/uploads\/2023\/12\/Kolibri_logo-removebg-preview.png\"><\/a>\n                <div class=\"u-blog-control u-post-content u-text u-text-6\">Hvala organizatorima i natjecateljima!Ovaj Cajtnot imao je humanitaran karakter. \u00a0Organizatori su se odlu\u010dili \u00a0odre\u0107i 20kn po svakom \u010dlanu tima. &hellip;<\/div>\n                <a href=\"https:\/\/kolibrici.hr\/index.php\/2023\/12\/07\/cajtnot-urban-challenge-20-4-2018\/\" class=\"u-blog-control u-border-2 u-border-no-left u-border-no-right u-border-no-top u-border-palette-1-base u-btn u-btn-rectangle u-button-style u-none u-btn-3\">Read More<\/a>\n              <\/div>\n            <\/div>\n            <div class=\"u-blog-post u-invisible u-container-style u-repeater-item u-white u-repeater-item-1\">\n              <div class=\"u-container-layout u-similar-container u-valign-top u-container-layout-1\">\n                <h4 class=\"u-blog-control u-text u-text-1\">\n                  <a class=\"u-post-header-link\" href=\"https:\/\/kolibrici.hr\/index.php\/2023\/12\/07\/sasa-pavlic-nosio-kriz-od-rijeke-do-zagreba\/\">Sa\u0161a Pavli\u0107 nosio kri\u017e od Rijeke do Zagreba<\/a>\n                <\/h4><a class=\"u-blog-control u-expanded-width u-image u-image-default u-image-2\" href=\"https:\/\/kolibrici.hr\/index.php\/2023\/12\/07\/sasa-pavlic-nosio-kriz-od-rijeke-do-zagreba\/\">\n                <img decoding=\"async\" alt=\"\" class=\"u-blog-control u-expanded-width u-image u-image-default u-image-2\" src=\"https:\/\/kolibrici.hr\/wp-content\/uploads\/2023\/12\/Kolibri_logo-removebg-preview.png\"><\/a>\n                <div class=\"u-blog-control u-post-content u-text u-text-2\">Do\u010dekali smo Uskrs obeshrabreni \u010dinjenicom kako se u na\u0161oj domovini pronalazi novac za sve, osim za lije\u010denje djece inovativnim terapijama. No, jedan&hellip;<\/div>\n                <a href=\"https:\/\/kolibrici.hr\/index.php\/2023\/12\/07\/sasa-pavlic-nosio-kriz-od-rijeke-do-zagreba\/\" class=\"u-blog-control u-border-2 u-border-no-left u-border-no-right u-border-no-top u-border-palette-1-base u-btn u-btn-rectangle u-button-style u-none u-btn-1\">Read More<\/a>\n              <\/div>\n            <\/div>\n            <div class=\"u-blog-post u-invisible u-container-style u-repeater-item u-video-cover u-white\">\n              <div class=\"u-container-layout u-similar-container u-valign-top u-container-layout-2\">\n                <h4 class=\"u-blog-control u-text u-text-3\">\n                  <a class=\"u-post-header-link\" href=\"https:\/\/kolibrici.hr\/index.php\/2023\/12\/07\/plenkovic-otkrio-na-vladi-djeca-sa-spinalnom-misicnom-atrofijom-bit-ce-ukljucena-u-klinicku-studiju-i-dobiti-lijek-osigurali-smo-novac\/\">PLENKOVI\u0106 OTKRIO NA VLADI: DJECA SA SPINALNOM MI\u0160I\u0106NOM ATROFIJOM BIT \u0106E UKLJU\u010cENA U KLINI\u010cKU STUDIJU I DOBITI LIJEK, OSIGURALI SMO NOVAC<\/a>\n                <\/h4><a class=\"u-blog-control u-expanded-width u-image u-image-default u-image-3\" href=\"https:\/\/kolibrici.hr\/index.php\/2023\/12\/07\/plenkovic-otkrio-na-vladi-djeca-sa-spinalnom-misicnom-atrofijom-bit-ce-ukljucena-u-klinicku-studiju-i-dobiti-lijek-osigurali-smo-novac\/\">\n                <img decoding=\"async\" alt=\"\" class=\"u-blog-control u-expanded-width u-image u-image-default u-image-3\" src=\"https:\/\/kolibrici.hr\/wp-content\/uploads\/2023\/12\/Kolibri_logo-removebg-preview.png\"><\/a>\n                <div class=\"u-blog-control u-post-content u-text u-text-4\">Nisu osigurana sredstva za lije\u010denje spinalne mi\u0161i\u0107ne atrofije jer klini\u010dko ispitivanje ide na teret dobavlja\u010da. Radi se o lijeku koji nije do kraja &hellip;<\/div>\n                <a href=\"https:\/\/kolibrici.hr\/index.php\/2023\/12\/07\/plenkovic-otkrio-na-vladi-djeca-sa-spinalnom-misicnom-atrofijom-bit-ce-ukljucena-u-klinicku-studiju-i-dobiti-lijek-osigurali-smo-novac\/\" class=\"u-blog-control u-border-2 u-border-no-left u-border-no-right u-border-no-top u-border-palette-1-base u-btn u-btn-rectangle u-button-style u-none u-btn-2\">Read More<\/a>\n              <\/div>\n            <\/div>\n            <div class=\"u-blog-post u-invisible u-container-style u-repeater-item u-video-cover u-white\">\n              <div class=\"u-container-layout u-similar-container u-valign-top u-container-layout-3\">\n                <h4 class=\"u-blog-control u-text u-text-5\">\n                  <a class=\"u-post-header-link\" href=\"https:\/\/kolibrici.hr\/index.php\/2023\/12\/07\/kupite-lijek\/\">KUPITE LIJEK!<\/a>\n                <\/h4><a class=\"u-blog-control u-expanded-width u-image u-image-default u-image-4\" href=\"https:\/\/kolibrici.hr\/index.php\/2023\/12\/07\/kupite-lijek\/\">\n                <img decoding=\"async\" alt=\"\" class=\"u-blog-control u-expanded-width u-image u-image-default u-image-4\" src=\"https:\/\/kolibrici.hr\/wp-content\/uploads\/2023\/12\/Kolibri_logo-removebg-preview.png\"><\/a>\n                <div class=\"u-blog-control u-post-content u-text u-text-6\"><p>Do sad je dr\u017eava prona\u0161la novac samo za \u010detvero bolesne djece. Posljednja je lijek dobila Tea Matijevi\u0107. Malenoj se stanje nakon samo \u010detiri doze &hellip;<\/p><\/div>\n                <a href=\"https:\/\/kolibrici.hr\/index.php\/2023\/12\/07\/kupite-lijek\/\" class=\"u-blog-control u-border-2 u-border-no-left u-border-no-right u-border-no-top u-border-palette-1-base u-btn u-btn-rectangle u-button-style u-none u-btn-3\">Read More<\/a>\n              <\/div>\n            <\/div>\n            <div class=\"u-blog-post u-invisible u-container-style u-repeater-item u-white u-repeater-item-1\">\n              <div class=\"u-container-layout u-similar-container u-valign-top u-container-layout-1\">\n                <h4 class=\"u-blog-control u-text u-text-1\">\n                  <a class=\"u-post-header-link\" href=\"https:\/\/kolibrici.hr\/index.php\/2023\/12\/07\/futsal-lavovi-za-hrabre-kolibrice\/\">FUTSAL LAVOVI ZA HRABRE KOLIBRI\u0106E!<\/a>\n                <\/h4><a class=\"u-blog-control u-expanded-width u-image u-image-default u-image-2\" href=\"https:\/\/kolibrici.hr\/index.php\/2023\/12\/07\/futsal-lavovi-za-hrabre-kolibrice\/\">\n                <img decoding=\"async\" alt=\"\" class=\"u-blog-control u-expanded-width u-image u-image-default u-image-2\" src=\"https:\/\/kolibrici.hr\/wp-content\/uploads\/2023\/12\/Kolibri_logo-removebg-preview.png\"><\/a>\n                <div class=\"u-blog-control u-post-content u-text u-text-2\"><p>Prenosimo predivnu poruku &nbsp;Malonogometnog kluba Olmissum te im se zahvaljujemo u ime svih Kolibri\u0107a i njihovih obitelji!Da je \u017eivot jedna &hellip;<\/p><\/div>\n                <a href=\"https:\/\/kolibrici.hr\/index.php\/2023\/12\/07\/futsal-lavovi-za-hrabre-kolibrice\/\" class=\"u-blog-control u-border-2 u-border-no-left u-border-no-right u-border-no-top u-border-palette-1-base u-btn u-btn-rectangle u-button-style u-none u-btn-1\">Read More<\/a>\n              <\/div>\n            <\/div>\n            <div class=\"u-blog-post u-invisible u-container-style u-repeater-item u-video-cover u-white\">\n              <div class=\"u-container-layout u-similar-container u-valign-top u-container-layout-2\">\n                <h4 class=\"u-blog-control u-text u-text-3\">\n                  <a class=\"u-post-header-link\" href=\"https:\/\/kolibrici.hr\/index.php\/2023\/12\/07\/osnujte-fond-iz-proracuna\/\">OSNUJTE FOND IZ PRORA\u010cUNA<\/a>\n                <\/h4><a class=\"u-blog-control u-expanded-width u-image u-image-default u-image-3\" href=\"https:\/\/kolibrici.hr\/index.php\/2023\/12\/07\/osnujte-fond-iz-proracuna\/\">\n                <img decoding=\"async\" alt=\"\" class=\"u-blog-control u-expanded-width u-image u-image-default u-image-3\" src=\"https:\/\/kolibrici.hr\/wp-content\/uploads\/2023\/12\/Kolibri_logo-removebg-preview.png\"><\/a>\n                <div class=\"u-blog-control u-post-content u-text u-text-4\"><p>Ministarstvo zdravstva otvorilo je nedavno uplatni ra\u010dun za prikupljanje donacija za posebno skupe lijekove. I dalje smatramo da je Vlada ovim &hellip;<\/p><\/div>\n                <a href=\"https:\/\/kolibrici.hr\/index.php\/2023\/12\/07\/osnujte-fond-iz-proracuna\/\" class=\"u-blog-control u-border-2 u-border-no-left u-border-no-right u-border-no-top u-border-palette-1-base u-btn u-btn-rectangle u-button-style u-none u-btn-2\">Read More<\/a>\n              <\/div>\n            <\/div>\n            <div class=\"u-blog-post u-invisible u-container-style u-repeater-item u-video-cover u-white\">\n              <div class=\"u-container-layout u-similar-container u-valign-top u-container-layout-3\">\n                <h4 class=\"u-blog-control u-text u-text-5\">\n                  <a class=\"u-post-header-link\" href=\"https:\/\/kolibrici.hr\/index.php\/2023\/12\/07\/apel-vladi\/\">APEL VLADI<\/a>\n                <\/h4><a class=\"u-blog-control u-expanded-width u-image u-image-default u-image-4\" href=\"https:\/\/kolibrici.hr\/index.php\/2023\/12\/07\/apel-vladi\/\">\n                <img decoding=\"async\" alt=\"\" class=\"u-blog-control u-expanded-width u-image u-image-default u-image-4\" src=\"https:\/\/kolibrici.hr\/wp-content\/uploads\/2023\/12\/Kolibri_logo-removebg-preview.png\"><\/a>\n                <div class=\"u-blog-control u-post-content u-text u-text-6\"><p>Po\u0161tovana Vlado RH,obra\u0107amo vam se ovim otvorenim pismom kako bismo iskazali nezadovoljstvo inicijativom Ministarstva zdravstva za pokretanje &hellip;<\/p><\/div>\n                <a href=\"https:\/\/kolibrici.hr\/index.php\/2023\/12\/07\/apel-vladi\/\" class=\"u-blog-control u-border-2 u-border-no-left u-border-no-right u-border-no-top u-border-palette-1-base u-btn u-btn-rectangle u-button-style u-none u-btn-3\">Read More<\/a>\n              <\/div>\n            <\/div>\n            <div class=\"u-blog-post u-invisible u-container-style u-repeater-item u-white u-repeater-item-1\">\n              <div class=\"u-container-layout u-similar-container u-valign-top u-container-layout-1\">\n                <h4 class=\"u-blog-control u-text u-text-1\">\n                  <a class=\"u-post-header-link\" href=\"https:\/\/kolibrici.hr\/index.php\/2023\/12\/07\/bozic-2017-2018\/\">BO\u017dI\u0106 2017.\/2018.<\/a>\n                <\/h4><a class=\"u-blog-control u-expanded-width u-image u-image-default u-image-2\" href=\"https:\/\/kolibrici.hr\/index.php\/2023\/12\/07\/bozic-2017-2018\/\">\n                <img decoding=\"async\" alt=\"\" class=\"u-blog-control u-expanded-width u-image u-image-default u-image-2\" src=\"https:\/\/kolibrici.hr\/wp-content\/uploads\/2023\/12\/djed_mraz_i_sin-300x154-1.jpg\"><\/a>\n                <div class=\"u-blog-control u-post-content u-text u-text-2\"><p>Hvala svima koji su donirali bo\u017ei\u0107ne poklone za na\u0161e Kolibri\u0107e. Djed Mraz i sin su ih podijelili u nedjelju (17.12.2017.) zajedno sa slikovnicama &hellip;<\/p><\/div>\n                <a href=\"https:\/\/kolibrici.hr\/index.php\/2023\/12\/07\/bozic-2017-2018\/\" class=\"u-blog-control u-border-2 u-border-no-left u-border-no-right u-border-no-top u-border-palette-1-base u-btn u-btn-rectangle u-button-style u-none u-btn-1\">Read More<\/a>\n              <\/div>\n            <\/div>\n            <div class=\"u-blog-post u-invisible u-container-style u-repeater-item u-video-cover u-white\">\n              <div class=\"u-container-layout u-similar-container u-valign-top u-container-layout-2\">\n                <h4 class=\"u-blog-control u-text u-text-3\">\n                  <a class=\"u-post-header-link\" href=\"https:\/\/kolibrici.hr\/index.php\/2023\/12\/07\/trazimo-hitan-plan-lijecenja-za-djecu-oboljelu-od-spinalne-misicne-atrofije\/\">TRA\u017dIMO HITAN PLAN LIJE\u010cENJA ZA DJECU OBOLJELU OD SPINALNE MI\u0160I\u0106NE ATROFIJE<\/a>\n                <\/h4><a class=\"u-blog-control u-expanded-width u-image u-image-default u-image-3\" href=\"https:\/\/kolibrici.hr\/index.php\/2023\/12\/07\/trazimo-hitan-plan-lijecenja-za-djecu-oboljelu-od-spinalne-misicne-atrofije\/\">\n                <img decoding=\"async\" alt=\"\" class=\"u-blog-control u-expanded-width u-image u-image-default u-image-3\" src=\"https:\/\/kolibrici.hr\/wp-content\/uploads\/2023\/12\/Kolibri_logo-removebg-preview.png\"><\/a>\n                <div class=\"u-blog-control u-post-content u-text u-text-4\"><p>Udruga Kolibri\u0107i i Koalicija udruga u zdravstvu danas su upozorile da nisu ispunjeni njihovi zahtjevi ni obe\u0107anja premijera Andreja Plenkovi\u0107a, &hellip;<\/p><\/div>\n                <a href=\"https:\/\/kolibrici.hr\/index.php\/2023\/12\/07\/trazimo-hitan-plan-lijecenja-za-djecu-oboljelu-od-spinalne-misicne-atrofije\/\" class=\"u-blog-control u-border-2 u-border-no-left u-border-no-right u-border-no-top u-border-palette-1-base u-btn u-btn-rectangle u-button-style u-none u-btn-2\">Read More<\/a>\n              <\/div>\n            <\/div>\n            <div class=\"u-blog-post u-invisible u-container-style u-repeater-item u-video-cover u-white\">\n              <div class=\"u-container-layout u-similar-container u-valign-top u-container-layout-3\">\n                <h4 class=\"u-blog-control u-text u-text-5\">\n                  <a class=\"u-post-header-link\" href=\"https:\/\/kolibrici.hr\/index.php\/2023\/12\/07\/rtl-pomaze-djeci\/\">RTL POMA\u017dE DJECI<\/a>\n                <\/h4><a class=\"u-blog-control u-expanded-width u-image u-image-default u-image-4\" href=\"https:\/\/kolibrici.hr\/index.php\/2023\/12\/07\/rtl-pomaze-djeci\/\">\n                <img decoding=\"async\" alt=\"\" class=\"u-blog-control u-expanded-width u-image u-image-default u-image-4\" src=\"https:\/\/kolibrici.hr\/wp-content\/uploads\/2023\/12\/Kolibri_logo-removebg-preview.png\"><\/a>\n                <div class=\"u-blog-control u-post-content u-text u-text-6\">Nazovite 060 9007 i pozivom donirajte RTL poma\u017ee djeci kako bi pomogli u realizaciji projekta Udruge Kolibri\u0107i! Tim projektom nabaviti \u0107e se kamere za komunikaciju pogledom za 6 Kolibri\u0107a.\u00a0Vi\u0161e o projektu >>Za vrijeme trajanja kampanje \u201eBudi mi prijatelj\u201c...<\/div>\n                <a href=\"https:\/\/kolibrici.hr\/index.php\/2023\/12\/07\/rtl-pomaze-djeci\/\" class=\"u-blog-control u-border-2 u-border-no-left u-border-no-right u-border-no-top u-border-palette-1-base u-btn u-btn-rectangle u-button-style u-none u-btn-3\">Read More<\/a>\n              <\/div>\n            <\/div>\n            <div class=\"u-blog-post u-invisible u-container-style u-repeater-item u-white u-repeater-item-1\">\n              <div class=\"u-container-layout u-similar-container u-valign-top u-container-layout-1\">\n                <h4 class=\"u-blog-control u-text u-text-1\">\n                  <a class=\"u-post-header-link\" href=\"https:\/\/kolibrici.hr\/index.php\/2023\/12\/07\/javna-rasprava-pristup-zdravlju-pravo-ili-milost\/\">JAVNA RASPRAVA \u201ePRISTUP ZDRAVLJU \u2013 PRAVO ILI MILOST?\u201c<\/a>\n                <\/h4><a class=\"u-blog-control u-expanded-width u-image u-image-default u-image-2\" href=\"https:\/\/kolibrici.hr\/index.php\/2023\/12\/07\/javna-rasprava-pristup-zdravlju-pravo-ili-milost\/\">\n                <img decoding=\"async\" alt=\"\" class=\"u-blog-control u-expanded-width u-image u-image-default u-image-2\" src=\"https:\/\/kolibrici.hr\/wp-content\/uploads\/2023\/12\/Kolibri_logo-removebg-preview.png\"><\/a>\n                <div class=\"u-blog-control u-post-content u-text u-text-2\"><p>Srda\u010dno Vas pozivamo na javnu raspravu \u201cPristup zdravlju&nbsp;\u2013&nbsp;pravo ili milost?\u201c na kojoj \u0107e Koalicija udruga u zdravstvu predstaviti &hellip;<\/p><\/div>\n                <a href=\"https:\/\/kolibrici.hr\/index.php\/2023\/12\/07\/javna-rasprava-pristup-zdravlju-pravo-ili-milost\/\" class=\"u-blog-control u-border-2 u-border-no-left u-border-no-right u-border-no-top u-border-palette-1-base u-btn u-btn-rectangle u-button-style u-none u-btn-1\">Read More<\/a>\n              <\/div>\n            <\/div>\n            <div class=\"u-blog-post u-invisible u-container-style u-repeater-item u-video-cover u-white\">\n              <div class=\"u-container-layout u-similar-container u-valign-top u-container-layout-2\">\n                <h4 class=\"u-blog-control u-text u-text-3\">\n                  <a class=\"u-post-header-link\" href=\"https:\/\/kolibrici.hr\/index.php\/2023\/12\/07\/okrugli-stol-zbora-zdravstvenih-i-medicinskih-novinara-hnd-a\/\">OKRUGLI STOL ZBORA ZDRAVSTVENIH I MEDICINSKIH NOVINARA HND-A<\/a>\n                <\/h4><a class=\"u-blog-control u-expanded-width u-image u-image-default u-image-3\" href=\"https:\/\/kolibrici.hr\/index.php\/2023\/12\/07\/okrugli-stol-zbora-zdravstvenih-i-medicinskih-novinara-hnd-a\/\">\n                <img decoding=\"async\" alt=\"\" class=\"u-blog-control u-expanded-width u-image u-image-default u-image-3\" src=\"https:\/\/kolibrici.hr\/wp-content\/uploads\/2023\/12\/Kolibri_logo-removebg-preview.png\"><\/a>\n                <div class=\"u-blog-control u-post-content u-text u-text-4\"><p>Odr\u017ean okrugli stol s Kujund\u017ei\u0107em: Mogu li svi dobiti skupe lijekove? Pogledajte videoMINISTAR zdravstva Milan Kujund\u017ei\u0107 jutros sudjeluje na &hellip;<\/p><\/div>\n                <a href=\"https:\/\/kolibrici.hr\/index.php\/2023\/12\/07\/okrugli-stol-zbora-zdravstvenih-i-medicinskih-novinara-hnd-a\/\" class=\"u-blog-control u-border-2 u-border-no-left u-border-no-right u-border-no-top u-border-palette-1-base u-btn u-btn-rectangle u-button-style u-none u-btn-2\">Read More<\/a>\n              <\/div>\n            <\/div>\n            <div class=\"u-blog-post u-invisible u-container-style u-repeater-item u-video-cover u-white\">\n              <div class=\"u-container-layout u-similar-container u-valign-top u-container-layout-3\">\n                <h4 class=\"u-blog-control u-text u-text-5\">\n                  <a class=\"u-post-header-link\" href=\"https:\/\/kolibrici.hr\/index.php\/2023\/12\/07\/prosvjed-spinraza-sa-sve-oboljele\/\">PROSVJED \u201cSPINRAZA SA SVE OBOLJELE\u201d<\/a>\n                <\/h4><a class=\"u-blog-control u-expanded-width u-image u-image-default u-image-4\" href=\"https:\/\/kolibrici.hr\/index.php\/2023\/12\/07\/prosvjed-spinraza-sa-sve-oboljele\/\">\n                <img decoding=\"async\" alt=\"\" class=\"u-blog-control u-expanded-width u-image u-image-default u-image-4\" src=\"https:\/\/kolibrici.hr\/wp-content\/uploads\/2023\/12\/Kolibri_logo-removebg-preview.png\"><\/a>\n                <div class=\"u-blog-control u-post-content u-text u-text-6\"><p>\u201cZahvaljujem se od srca u svoje i ime svih ovih ljudi medijima i novinarima, snimateljima koji ve\u0107 \u0161est mjeseci prate na\u0161u pri\u010du i koji su pomogli &hellip;<\/p><\/div>\n                <a href=\"https:\/\/kolibrici.hr\/index.php\/2023\/12\/07\/prosvjed-spinraza-sa-sve-oboljele\/\" class=\"u-blog-control u-border-2 u-border-no-left u-border-no-right u-border-no-top u-border-palette-1-base u-btn u-btn-rectangle u-button-style u-none u-btn-3\">Read More<\/a>\n              <\/div>\n            <\/div>\n            <div class=\"u-blog-post u-invisible u-container-style u-repeater-item u-white u-repeater-item-1\">\n              <div class=\"u-container-layout u-similar-container u-valign-top u-container-layout-1\">\n                <h4 class=\"u-blog-control u-text u-text-1\">\n                  <a class=\"u-post-header-link\" href=\"https:\/\/kolibrici.hr\/index.php\/2023\/12\/07\/na-uhljebe-se-trose-milijarde-a-39-ero-djece-ceka-lijek-koji-im-treba-spasiti-zivot\/\">\u201d NA UHLJEBE SE TRO\u0160E MILIJARDE, A 39-ERO DJECE \u010cEKA LIJEK KOJI IM TREBA SPASITI \u017dIVOT\u201d<\/a>\n                <\/h4><a class=\"u-blog-control u-expanded-width u-image u-image-default u-image-2\" href=\"https:\/\/kolibrici.hr\/index.php\/2023\/12\/07\/na-uhljebe-se-trose-milijarde-a-39-ero-djece-ceka-lijek-koji-im-treba-spasiti-zivot\/\">\n                <img decoding=\"async\" alt=\"\" class=\"u-blog-control u-expanded-width u-image u-image-default u-image-2\" src=\"https:\/\/kolibrici.hr\/wp-content\/uploads\/2023\/12\/Kolibri_logo-removebg-preview.png\"><\/a>\n                <div class=\"u-blog-control u-post-content u-text u-text-2\"><p>NAKON medijskih pritisaka, dvomjese\u010dnom Niki iz Splita, koji boluje od te\u0161ke spinalne mi\u0161i\u0107ne atrofije, Ministarstvo zdravstva odobrilo je prijeko &hellip;<\/p><\/div>\n                <a href=\"https:\/\/kolibrici.hr\/index.php\/2023\/12\/07\/na-uhljebe-se-trose-milijarde-a-39-ero-djece-ceka-lijek-koji-im-treba-spasiti-zivot\/\" class=\"u-blog-control u-border-2 u-border-no-left u-border-no-right u-border-no-top u-border-palette-1-base u-btn u-btn-rectangle u-button-style u-none u-btn-1\">Read More<\/a>\n              <\/div>\n            <\/div>\n            <div class=\"u-blog-post u-invisible u-container-style u-repeater-item u-video-cover u-white\">\n              <div class=\"u-container-layout u-similar-container u-valign-top u-container-layout-2\">\n                <h4 class=\"u-blog-control u-text u-text-3\">\n                  <a class=\"u-post-header-link\" href=\"https:\/\/kolibrici.hr\/index.php\/2023\/12\/07\/46-godisnja-skupstina-eamda-european-alliance-of-neuromuscular-disorders-associations\/\">46. GODI\u0160NJA SKUP\u0160TINA EAMDA (EUROPEAN ALLIANCE OF NEUROMUSCULAR DISORDERS ASSOCIATIONS)<\/a>\n                <\/h4><a class=\"u-blog-control u-expanded-width u-image u-image-default u-image-3\" href=\"https:\/\/kolibrici.hr\/index.php\/2023\/12\/07\/46-godisnja-skupstina-eamda-european-alliance-of-neuromuscular-disorders-associations\/\">\n                <img decoding=\"async\" alt=\"\" class=\"u-blog-control u-expanded-width u-image u-image-default u-image-3\" src=\"https:\/\/kolibrici.hr\/wp-content\/uploads\/2023\/12\/Kolibri_logo-removebg-preview.png\"><\/a>\n                <div class=\"u-blog-control u-post-content u-text u-text-4\">Predavanje: \u017divot sa SMA (Ana Alapi\u0107 i Mate)U subotu, 14. listopada 2017. g. u Zagrebu u Hotelu Holiday \u010dlanovi Udruge \u201eKolibri\u0107i\u201c prisustvovali su &hellip;<\/div>\n                <a href=\"https:\/\/kolibrici.hr\/index.php\/2023\/12\/07\/46-godisnja-skupstina-eamda-european-alliance-of-neuromuscular-disorders-associations\/\" class=\"u-blog-control u-border-2 u-border-no-left u-border-no-right u-border-no-top u-border-palette-1-base u-btn u-btn-rectangle u-button-style u-none u-btn-2\">Read More<\/a>\n              <\/div>\n            <\/div>\n            <div class=\"u-blog-post u-invisible u-container-style u-repeater-item u-video-cover u-white\">\n              <div class=\"u-container-layout u-similar-container u-valign-top u-container-layout-3\">\n                <h4 class=\"u-blog-control u-text u-text-5\">\n                  <a class=\"u-post-header-link\" href=\"https:\/\/kolibrici.hr\/index.php\/2023\/12\/07\/kolibrica-tea-dobila-prvu-dozu-spinraze\/\">KOLIBRICA TEA DOBILA PRVU DOZU SPINRAZE<\/a>\n                <\/h4><a class=\"u-blog-control u-expanded-width u-image u-image-default u-image-4\" href=\"https:\/\/kolibrici.hr\/index.php\/2023\/12\/07\/kolibrica-tea-dobila-prvu-dozu-spinraze\/\">\n                <img decoding=\"async\" alt=\"\" class=\"u-blog-control u-expanded-width u-image u-image-default u-image-4\" src=\"https:\/\/kolibrici.hr\/wp-content\/uploads\/2023\/12\/Tea.jpg\"><\/a>\n                <div class=\"u-blog-control u-post-content u-text u-text-6\">Malena Tea je primila prvu dozu spasonosnog lijeka! \u017delimo joj brz oporavak i napredak.Udruga Kolibri\u0107i ima \u0161ezdesetak \u010dlanova od \u010dega je &hellip;<\/div>\n                <a href=\"https:\/\/kolibrici.hr\/index.php\/2023\/12\/07\/kolibrica-tea-dobila-prvu-dozu-spinraze\/\" class=\"u-blog-control u-border-2 u-border-no-left u-border-no-right u-border-no-top u-border-palette-1-base u-btn u-btn-rectangle u-button-style u-none u-btn-3\">Read More<\/a>\n              <\/div>\n            <\/div>\n            <div class=\"u-blog-post u-invisible u-container-style u-repeater-item u-white u-repeater-item-1\">\n              <div class=\"u-container-layout u-similar-container u-valign-top u-container-layout-1\">\n                <h4 class=\"u-blog-control u-text u-text-1\">\n                  <a class=\"u-post-header-link\" href=\"https:\/\/kolibrici.hr\/index.php\/2023\/12\/07\/osmijeh-za-osmijeh\/\">OSMIJEH ZA OSMIJEH<\/a>\n                <\/h4><a class=\"u-blog-control u-expanded-width u-image u-image-default u-image-2\" href=\"https:\/\/kolibrici.hr\/index.php\/2023\/12\/07\/osmijeh-za-osmijeh\/\">\n                <img decoding=\"async\" alt=\"\" class=\"u-blog-control u-expanded-width u-image u-image-default u-image-2\" src=\"https:\/\/kolibrici.hr\/wp-content\/uploads\/2023\/12\/spinraza-300x158-1.png\"><\/a>\n                <div class=\"u-blog-control u-post-content u-text u-text-2\">Projekt \u2018Osmijeh za osmijeh\u2019 \u00a0tvrtke EL 4 izvrsno je prihva\u0107en, zato nas ne iznena\u0111uje \u0161to je predstava \u2018Ru\u017eno pa\u010de\u2019 napunila Zagreba\u010dko kazali\u0161te &hellip;<\/div>\n                <a href=\"https:\/\/kolibrici.hr\/index.php\/2023\/12\/07\/osmijeh-za-osmijeh\/\" class=\"u-blog-control u-border-2 u-border-no-left u-border-no-right u-border-no-top u-border-palette-1-base u-btn u-btn-rectangle u-button-style u-none u-btn-1\">Read More<\/a>\n              <\/div>\n            <\/div>\n            <div class=\"u-blog-post u-invisible u-container-style u-repeater-item u-video-cover u-white\">\n              <div class=\"u-container-layout u-similar-container u-valign-top u-container-layout-2\">\n                <h4 class=\"u-blog-control u-text u-text-3\">\n                  <a class=\"u-post-header-link\" href=\"https:\/\/kolibrici.hr\/index.php\/2023\/12\/07\/obavijest-o-lijeku-spinraza-za-sma\/\">OBAVIJEST O LIJEKU SPINRAZA ZA SMA<\/a>\n                <\/h4><a class=\"u-blog-control u-expanded-width u-image u-image-default u-image-3\" href=\"https:\/\/kolibrici.hr\/index.php\/2023\/12\/07\/obavijest-o-lijeku-spinraza-za-sma\/\">\n                <img decoding=\"async\" alt=\"\" class=\"u-blog-control u-expanded-width u-image u-image-default u-image-3\" src=\"https:\/\/kolibrici.hr\/wp-content\/uploads\/2023\/12\/spinraza-300x158-1.png\"><\/a>\n                <div class=\"u-blog-control u-post-content u-text u-text-4\"><p>Dana 30. lipnja 2017. g. predstavnici udruge \u201eKolibri\u0107i\u201c Ana Alapi\u0107, Vlatka Jarni Grma\u010da i Neboj\u0161a \u0160ajatovi\u0107, te predstavnica udruge \u201eKrijesnica\u201c &hellip;<\/p><\/div>\n                <a href=\"https:\/\/kolibrici.hr\/index.php\/2023\/12\/07\/obavijest-o-lijeku-spinraza-za-sma\/\" class=\"u-blog-control u-border-2 u-border-no-left u-border-no-right u-border-no-top u-border-palette-1-base u-btn u-btn-rectangle u-button-style u-none u-btn-2\">Read More<\/a>\n              <\/div>\n            <\/div>\n            <div class=\"u-blog-post u-invisible u-container-style u-repeater-item u-video-cover u-white\">\n              <div class=\"u-container-layout u-similar-container u-valign-top u-container-layout-3\">\n                <h4 class=\"u-blog-control u-text u-text-5\">\n                  <a class=\"u-post-header-link\" href=\"https:\/\/kolibrici.hr\/index.php\/2023\/12\/07\/apel-javnosti\/\">APEL JAVNOSTI<\/a>\n                <\/h4><a class=\"u-blog-control u-expanded-width u-image u-image-default u-image-4\" href=\"https:\/\/kolibrici.hr\/index.php\/2023\/12\/07\/apel-javnosti\/\">\n                <img decoding=\"async\" alt=\"\" class=\"u-blog-control u-expanded-width u-image u-image-default u-image-4\" src=\"https:\/\/kolibrici.hr\/wp-content\/uploads\/2023\/12\/spinraza-300x158-1.png\"><\/a>\n                <div class=\"u-blog-control u-post-content u-text u-text-6\"><p>Obra\u0107am vam se u ime Udruge roditelja vitalno ugro\u017eene djece \u201eKolibri\u0107i\u201c s molbom da nam se pridru\u017eite u borbi da djeci i odraslima s dijagnozom &hellip;<\/p><\/div>\n                <a href=\"https:\/\/kolibrici.hr\/index.php\/2023\/12\/07\/apel-javnosti\/\" class=\"u-blog-control u-border-2 u-border-no-left u-border-no-right u-border-no-top u-border-palette-1-base u-btn u-btn-rectangle u-button-style u-none u-btn-3\">Read More<\/a>\n              <\/div>\n            <\/div>\n            <div class=\"u-blog-post u-invisible u-container-style u-repeater-item u-white u-repeater-item-1\">\n              <div class=\"u-container-layout u-similar-container u-valign-top u-container-layout-1\">\n                <h4 class=\"u-blog-control u-text u-text-1\">\n                  <a class=\"u-post-header-link\" href=\"https:\/\/kolibrici.hr\/index.php\/2023\/12\/07\/zivot-s-razlicitima\/\">\u017dIVOT S RAZLI\u010cITIMA<\/a>\n                <\/h4><a class=\"u-blog-control u-expanded-width u-image u-image-default u-image-2\" href=\"https:\/\/kolibrici.hr\/index.php\/2023\/12\/07\/zivot-s-razlicitima\/\">\n                <img decoding=\"async\" alt=\"\" class=\"u-blog-control u-expanded-width u-image u-image-default u-image-2\" src=\"https:\/\/kolibrici.hr\/wp-content\/uploads\/2023\/12\/Kolibri_logo-removebg-preview.png\"><\/a>\n                <div class=\"u-blog-control u-post-content u-text u-text-2\">Koriste\u0107i iskustva iz vlastitog \u017eivota Mirjana Krizmani\u0107 ilustrira i poru\u010duje kako svuda oko nas postoje druk\u010diji svjetovi, druk\u010dija \u017eiva bi\u0107a, &hellip;<\/div>\n                <a href=\"https:\/\/kolibrici.hr\/index.php\/2023\/12\/07\/zivot-s-razlicitima\/\" class=\"u-blog-control u-border-2 u-border-no-left u-border-no-right u-border-no-top u-border-palette-1-base u-btn u-btn-rectangle u-button-style u-none u-btn-1\">Read More<\/a>\n              <\/div>\n            <\/div>\n            <div class=\"u-blog-post u-invisible u-container-style u-repeater-item u-video-cover u-white\">\n              <div class=\"u-container-layout u-similar-container u-valign-top u-container-layout-2\">\n                <h4 class=\"u-blog-control u-text u-text-3\">\n                  <a class=\"u-post-header-link\" href=\"https:\/\/kolibrici.hr\/index.php\/2023\/12\/07\/brdo-iznad-oblaka\/\">BRDO IZNAD OBLAKA<\/a>\n                <\/h4><a class=\"u-blog-control u-expanded-width u-image u-image-default u-image-3\" href=\"https:\/\/kolibrici.hr\/index.php\/2023\/12\/07\/brdo-iznad-oblaka\/\">\n                <img decoding=\"async\" alt=\"\" class=\"u-blog-control u-expanded-width u-image u-image-default u-image-3\" src=\"https:\/\/kolibrici.hr\/wp-content\/uploads\/2023\/12\/Kolibri_logo-removebg-preview.png\"><\/a>\n                <div class=\"u-blog-control u-post-content u-text u-text-4\"><p>Knjiga koja sadr\u017ei elemente pripovijesti, eseja, pa i putopisa, ali je ponajprije dnevnik i ina\u010dica duhovne (auto)biografije u kojoj je Vesna &hellip;<\/p><\/div>\n                <a href=\"https:\/\/kolibrici.hr\/index.php\/2023\/12\/07\/brdo-iznad-oblaka\/\" class=\"u-blog-control u-border-2 u-border-no-left u-border-no-right u-border-no-top u-border-palette-1-base u-btn u-btn-rectangle u-button-style u-none u-btn-2\">Read More<\/a>\n              <\/div>\n            <\/div>\n            <div class=\"u-blog-post u-invisible u-container-style u-repeater-item u-video-cover u-white\">\n              <div class=\"u-container-layout u-similar-container u-valign-top u-container-layout-3\">\n                <h4 class=\"u-blog-control u-text u-text-5\">\n                  <a class=\"u-post-header-link\" href=\"https:\/\/kolibrici.hr\/index.php\/2023\/12\/07\/na-krilima-misticnog-putnika\/\">NA KRILIMA MISTI\u010cNOG PUTNIKA<\/a>\n                <\/h4><a class=\"u-blog-control u-expanded-width u-image u-image-default u-image-4\" href=\"https:\/\/kolibrici.hr\/index.php\/2023\/12\/07\/na-krilima-misticnog-putnika\/\">\n                <img decoding=\"async\" alt=\"\" class=\"u-blog-control u-expanded-width u-image u-image-default u-image-4\" src=\"https:\/\/kolibrici.hr\/wp-content\/uploads\/2023\/12\/Kolibri_logo-removebg-preview.png\"><\/a>\n                <div class=\"u-blog-control u-post-content u-text u-text-6\"><p>Kako pre\u017eivjeti gubitak djeteta? Ovo je pitanje koje je te\u0161ko postaviti, a kamoli razmi\u0161ljati o tome. Martina Kosec je mlada majka koja je izgubiv\u0161i&hellip;<\/p><\/div>\n                <a href=\"https:\/\/kolibrici.hr\/index.php\/2023\/12\/07\/na-krilima-misticnog-putnika\/\" class=\"u-blog-control u-border-2 u-border-no-left u-border-no-right u-border-no-top u-border-palette-1-base u-btn u-btn-rectangle u-button-style u-none u-btn-3\">Read More<\/a>\n              <\/div>\n            <\/div>\n            <div class=\"u-blog-post u-invisible u-container-style u-repeater-item u-white u-repeater-item-1\">\n              <div class=\"u-container-layout u-similar-container u-valign-top u-container-layout-1\">\n                <h4 class=\"u-blog-control u-text u-text-1\">\n                  <a class=\"u-post-header-link\" href=\"https:\/\/kolibrici.hr\/index.php\/2023\/12\/07\/slonica-koja-je-izgubila-srecu\/\">SLONICA KOJA JE IZGUBILA SRE\u0106U<\/a>\n                <\/h4><a class=\"u-blog-control u-expanded-width u-image u-image-default u-image-2\" href=\"https:\/\/kolibrici.hr\/index.php\/2023\/12\/07\/slonica-koja-je-izgubila-srecu\/\">\n                <img decoding=\"async\" alt=\"\" class=\"u-blog-control u-expanded-width u-image u-image-default u-image-2\" src=\"https:\/\/kolibrici.hr\/wp-content\/uploads\/2023\/12\/0fd3416c-2.jpeg\"><\/a>\n                <div class=\"u-blog-control u-post-content u-text u-text-2\"><p>Pri\u010de koje \u0107e vas nadahnuti da u\u017eivate u svakom trenutkuAutor bestselera Krava koja je plakala donosi 108 pri\u010da koje \u0107e vas nasmijati i natjerati da&hellip;<\/p><\/div>\n                <a href=\"https:\/\/kolibrici.hr\/index.php\/2023\/12\/07\/slonica-koja-je-izgubila-srecu\/\" class=\"u-blog-control u-border-2 u-border-no-left u-border-no-right u-border-no-top u-border-palette-1-base u-btn u-btn-rectangle u-button-style u-none u-btn-1\">Read More<\/a>\n              <\/div>\n            <\/div>\n            <div class=\"u-blog-post u-invisible u-container-style u-repeater-item u-video-cover u-white\">\n              <div class=\"u-container-layout u-similar-container u-valign-top u-container-layout-2\">\n                <h4 class=\"u-blog-control u-text u-text-3\">\n                  <a class=\"u-post-header-link\" href=\"https:\/\/kolibrici.hr\/index.php\/2023\/12\/07\/budizam-za-majke\/\">BUDIZAM ZA MAJKE<\/a>\n                <\/h4><a class=\"u-blog-control u-expanded-width u-image u-image-default u-image-3\" href=\"https:\/\/kolibrici.hr\/index.php\/2023\/12\/07\/budizam-za-majke\/\">\n                <img decoding=\"async\" alt=\"\" class=\"u-blog-control u-expanded-width u-image u-image-default u-image-3\" src=\"https:\/\/kolibrici.hr\/wp-content\/uploads\/2023\/12\/Kolibri_logo-removebg-preview.png\"><\/a>\n                <div class=\"u-blog-control u-post-content u-text u-text-4\"><p>Ovo je knjiga za majke optere\u0107ene balansiranjem izme\u0111u odgoja djece, karijere, obitelji i partnera. Predstavlja razne budisti\u010dke tehnike koje \u017eenama&hellip;<\/p><\/div>\n                <a href=\"https:\/\/kolibrici.hr\/index.php\/2023\/12\/07\/budizam-za-majke\/\" class=\"u-blog-control u-border-2 u-border-no-left u-border-no-right u-border-no-top u-border-palette-1-base u-btn u-btn-rectangle u-button-style u-none u-btn-2\">Read More<\/a>\n              <\/div>\n            <\/div>\n            <div class=\"u-blog-post u-invisible u-container-style u-repeater-item u-video-cover u-white\">\n              <div class=\"u-container-layout u-similar-container u-valign-top u-container-layout-3\">\n                <h4 class=\"u-blog-control u-text u-text-5\">\n                  <a class=\"u-post-header-link\" href=\"https:\/\/kolibrici.hr\/index.php\/2023\/12\/07\/kako-ovladati-stresom-kada-ste-roditelj-tesko-bolesnog-djeteta\/\">KAKO OVLADATI STRESOM KADA STE RODITELJ TE\u0160KO BOLESNOG DJETETA?<\/a>\n                <\/h4><a class=\"u-blog-control u-expanded-width u-image u-image-default u-image-4\" href=\"https:\/\/kolibrici.hr\/index.php\/2023\/12\/07\/kako-ovladati-stresom-kada-ste-roditelj-tesko-bolesnog-djeteta\/\">\n                <img decoding=\"async\" alt=\"\" class=\"u-blog-control u-expanded-width u-image u-image-default u-image-4\" src=\"https:\/\/kolibrici.hr\/wp-content\/uploads\/2023\/12\/Kolibri_logo-removebg-preview.png\"><\/a>\n                <div class=\"u-blog-control u-post-content u-text u-text-6\"><p>Autor: letak pripremila univ.spec.psych.&nbsp;Marta Benko, specijalist klini\u010dki psihologLetak mo\u017eete preuzeti ovdje<\/p><\/div>\n                <a href=\"https:\/\/kolibrici.hr\/index.php\/2023\/12\/07\/kako-ovladati-stresom-kada-ste-roditelj-tesko-bolesnog-djeteta\/\" class=\"u-blog-control u-border-2 u-border-no-left u-border-no-right u-border-no-top u-border-palette-1-base u-btn u-btn-rectangle u-button-style u-none u-btn-3\">Read More<\/a>\n              <\/div>\n            <\/div>\n            <div class=\"u-blog-post u-invisible u-container-style u-repeater-item u-white u-repeater-item-1\">\n              <div class=\"u-container-layout u-similar-container u-valign-top u-container-layout-1\">\n                <h4 class=\"u-blog-control u-text u-text-1\">\n                  <a class=\"u-post-header-link\" href=\"https:\/\/kolibrici.hr\/index.php\/2023\/12\/07\/zivot-bez-ogranicenja\/\">\u017dIVOT BEZ OGRANI\u010cENJA<\/a>\n                <\/h4><a class=\"u-blog-control u-expanded-width u-image u-image-default u-image-2\" href=\"https:\/\/kolibrici.hr\/index.php\/2023\/12\/07\/zivot-bez-ogranicenja\/\">\n                <img decoding=\"async\" alt=\"\" class=\"u-blog-control u-expanded-width u-image u-image-default u-image-2\" src=\"https:\/\/kolibrici.hr\/wp-content\/uploads\/2023\/12\/Kolibri_logo-removebg-preview.png\"><\/a>\n                <div class=\"u-blog-control u-post-content u-text u-text-2\">Nick Vujicic, ro\u0111en je u Australiji s poreme\u0107ajem poznatim kao sindrom tetra-amelia (bez ruku i nogu). U autobiografiji iskreno progovara o svim &hellip;<\/div>\n                <a href=\"https:\/\/kolibrici.hr\/index.php\/2023\/12\/07\/zivot-bez-ogranicenja\/\" class=\"u-blog-control u-border-2 u-border-no-left u-border-no-right u-border-no-top u-border-palette-1-base u-btn u-btn-rectangle u-button-style u-none u-btn-1\">Read More<\/a>\n              <\/div>\n            <\/div>\n            <div class=\"u-blog-post u-invisible u-container-style u-repeater-item u-video-cover u-white\">\n              <div class=\"u-container-layout u-similar-container u-valign-top u-container-layout-2\">\n                <h4 class=\"u-blog-control u-text u-text-3\">\n                  <a class=\"u-post-header-link\" href=\"https:\/\/kolibrici.hr\/index.php\/2023\/12\/07\/perkutana-endoskopska-gastrostoma\/\">PERKUTANA ENDOSKOPSKA GASTROSTOMA<\/a>\n                <\/h4><a class=\"u-blog-control u-expanded-width u-image u-image-default u-image-3\" href=\"https:\/\/kolibrici.hr\/index.php\/2023\/12\/07\/perkutana-endoskopska-gastrostoma\/\">\n                <img decoding=\"async\" alt=\"\" class=\"u-blog-control u-expanded-width u-image u-image-default u-image-3\" src=\"https:\/\/kolibrici.hr\/wp-content\/uploads\/2023\/12\/0fd3416c-2.jpeg\"><\/a>\n                <div class=\"u-blog-control u-post-content u-text u-text-4\"><p>Perkutana endoskopska gastrostoma &nbsp;(PEG) &nbsp;je postavljanje posebnog katetera kroz mali rez u trbu\u0161noj &nbsp;stijenci, koji slu\u017ei prehrani &hellip;<\/p><\/div>\n                <a href=\"https:\/\/kolibrici.hr\/index.php\/2023\/12\/07\/perkutana-endoskopska-gastrostoma\/\" class=\"u-blog-control u-border-2 u-border-no-left u-border-no-right u-border-no-top u-border-palette-1-base u-btn u-btn-rectangle u-button-style u-none u-btn-2\">Read More<\/a>\n              <\/div>\n            <\/div>\n            <div class=\"u-blog-post u-invisible u-container-style u-repeater-item u-video-cover u-white\">\n              <div class=\"u-container-layout u-similar-container u-valign-top u-container-layout-3\">\n                <h4 class=\"u-blog-control u-text u-text-5\">\n                  <a class=\"u-post-header-link\" href=\"https:\/\/kolibrici.hr\/index.php\/2023\/12\/07\/edukacija-kanile-skripta-jil\/\">EDUKACIJA KANILE \u2013 SKRIPTA JIL<\/a>\n                <\/h4><a class=\"u-blog-control u-expanded-width u-image u-image-default u-image-4\" href=\"https:\/\/kolibrici.hr\/index.php\/2023\/12\/07\/edukacija-kanile-skripta-jil\/\">\n                <img decoding=\"async\" alt=\"\" class=\"u-blog-control u-expanded-width u-image u-image-default u-image-4\" src=\"https:\/\/kolibrici.hr\/wp-content\/uploads\/2023\/12\/Kolibri_logo-removebg-preview.png\"><\/a>\n                <div class=\"u-blog-control u-post-content u-text u-text-6\">Skriptu je priredilo medicinsko osoblje Jedinice intenzivnog lije\u010denja, Klinike za dje\u010dje bolesti \u201eKlai\u0107eva\u201c, \u00a0kako bi roditeljima \/ njegovateljima &hellip;<\/div>\n                <a href=\"https:\/\/kolibrici.hr\/index.php\/2023\/12\/07\/edukacija-kanile-skripta-jil\/\" class=\"u-blog-control u-border-2 u-border-no-left u-border-no-right u-border-no-top u-border-palette-1-base u-btn u-btn-rectangle u-button-style u-none u-btn-3\">Read More<\/a>\n              <\/div>\n            <\/div>\n            <div class=\"u-blog-post u-invisible u-container-style u-repeater-item u-white u-repeater-item-1\">\n              <div class=\"u-container-layout u-similar-container u-valign-top u-container-layout-1\">\n                <h4 class=\"u-blog-control u-text u-text-1\">\n                  <a class=\"u-post-header-link\" href=\"https:\/\/kolibrici.hr\/index.php\/2023\/12\/07\/temeljni-hitni-medicinski-postupci\/\">TEMELJNI HITNI MEDICINSKI POSTUPCI<\/a>\n                <\/h4><a class=\"u-blog-control u-expanded-width u-image u-image-default u-image-2\" href=\"https:\/\/kolibrici.hr\/index.php\/2023\/12\/07\/temeljni-hitni-medicinski-postupci\/\">\n                <img decoding=\"async\" alt=\"\" class=\"u-blog-control u-expanded-width u-image u-image-default u-image-2\" src=\"https:\/\/kolibrici.hr\/wp-content\/uploads\/2023\/12\/0fd3416c-2.jpeg\"><\/a>\n                <div class=\"u-blog-control u-post-content u-text u-text-2\"><p>Temeljni &nbsp;hitni medicinski postupci\u201c, autorskog dvojca Miljenka Gvo\u017e\u0111aka i Branke Tomljanovi\u0107, medicinskog tehni\u010dara i doktorice medicine, &hellip;<\/p><\/div>\n                <a href=\"https:\/\/kolibrici.hr\/index.php\/2023\/12\/07\/temeljni-hitni-medicinski-postupci\/\" class=\"u-blog-control u-border-2 u-border-no-left u-border-no-right u-border-no-top u-border-palette-1-base u-btn u-btn-rectangle u-button-style u-none u-btn-1\">Read More<\/a>\n              <\/div>\n            <\/div>\n            <div class=\"u-blog-post u-invisible u-container-style u-repeater-item u-video-cover u-white\">\n              <div class=\"u-container-layout u-similar-container u-valign-top u-container-layout-2\">\n                <h4 class=\"u-blog-control u-text u-text-3\">\n                  <a class=\"u-post-header-link\" href=\"https:\/\/kolibrici.hr\/index.php\/2023\/12\/07\/upute-za-ocuvanje-zdravlja-usta-i-zuba-kod-djece-s-razvojnim-smetnjama\/\">UPUTE ZA O\u010cUVANJE ZDRAVLJA USTA I ZUBA KOD DJECE S RAZVOJNIM SMETNJAMA<\/a>\n                <\/h4><a class=\"u-blog-control u-expanded-width u-image u-image-default u-image-3\" href=\"https:\/\/kolibrici.hr\/index.php\/2023\/12\/07\/upute-za-ocuvanje-zdravlja-usta-i-zuba-kod-djece-s-razvojnim-smetnjama\/\">\n                <img decoding=\"async\" alt=\"\" class=\"u-blog-control u-expanded-width u-image u-image-default u-image-3\" src=\"https:\/\/kolibrici.hr\/wp-content\/uploads\/2023\/12\/Kolibri_logo-removebg-preview.png\"><\/a>\n                <div class=\"u-blog-control u-post-content u-text u-text-4\">Autor: sastavila prim .dr.sc. Jelka Juki\u0107, dr stom, pedodontNapomena: cjeloviti tekst\u00a0<\/div>\n                <a href=\"https:\/\/kolibrici.hr\/index.php\/2023\/12\/07\/upute-za-ocuvanje-zdravlja-usta-i-zuba-kod-djece-s-razvojnim-smetnjama\/\" class=\"u-blog-control u-border-2 u-border-no-left u-border-no-right u-border-no-top u-border-palette-1-base u-btn u-btn-rectangle u-button-style u-none u-btn-2\">Read More<\/a>\n              <\/div>\n            <\/div>\n            <div class=\"u-blog-post u-invisible u-container-style u-repeater-item u-video-cover u-white\">\n              <div class=\"u-container-layout u-similar-container u-valign-top u-container-layout-3\">\n                <h4 class=\"u-blog-control u-text u-text-5\">\n                  <a class=\"u-post-header-link\" href=\"https:\/\/kolibrici.hr\/index.php\/2023\/12\/07\/pomozimo-bolesnoj-djeci\/\">POMOZIMO BOLESNOJ DJECI<\/a>\n                <\/h4><a class=\"u-blog-control u-expanded-width u-image u-image-default u-image-4\" href=\"https:\/\/kolibrici.hr\/index.php\/2023\/12\/07\/pomozimo-bolesnoj-djeci\/\">\n                <img decoding=\"async\" alt=\"\" class=\"u-blog-control u-expanded-width u-image u-image-default u-image-4\" src=\"https:\/\/kolibrici.hr\/wp-content\/uploads\/2023\/12\/Kolibri_logo-removebg-preview.png\"><\/a>\n                <div class=\"u-blog-control u-post-content u-text u-text-6\">Autor ovom knjigom \u017eeli stru\u010dnjacima pru\u017eiti okvir i osnovu za razumijevanje i pomaganje roditeljima u njihovom prilago\u0111avanju djetetovim tegobama. &hellip;<\/div>\n                <a href=\"https:\/\/kolibrici.hr\/index.php\/2023\/12\/07\/pomozimo-bolesnoj-djeci\/\" class=\"u-blog-control u-border-2 u-border-no-left u-border-no-right u-border-no-top u-border-palette-1-base u-btn u-btn-rectangle u-button-style u-none u-btn-3\">Read More<\/a>\n              <\/div>\n            <\/div>\n            <div class=\"u-blog-post u-invisible u-container-style u-repeater-item u-white u-repeater-item-1\">\n              <div class=\"u-container-layout u-similar-container u-valign-top u-container-layout-1\">\n                <h4 class=\"u-blog-control u-text u-text-1\">\n                  <a class=\"u-post-header-link\" href=\"https:\/\/kolibrici.hr\/index.php\/2023\/12\/07\/ispravno-postupanje-s-djetetom-baby-handling\/\">ISPRAVNO POSTUPANJE S DJETETOM \u2013 BABY HANDLING<\/a>\n                <\/h4><a class=\"u-blog-control u-expanded-width u-image u-image-default u-image-2\" href=\"https:\/\/kolibrici.hr\/index.php\/2023\/12\/07\/ispravno-postupanje-s-djetetom-baby-handling\/\">\n                <img decoding=\"async\" alt=\"\" class=\"u-blog-control u-expanded-width u-image u-image-default u-image-2\" src=\"https:\/\/kolibrici.hr\/wp-content\/uploads\/2023\/12\/0fd3416c-2.jpeg\"><\/a>\n                <div class=\"u-blog-control u-post-content u-text u-text-2\"><p>Nezamjenjivi priru\u010dnik s kojim bi bilo uputno da se slu\u017ee roditelji sve djece, a posebno&nbsp;neurorizi\u010dne i djece s neurorazvojnim smetnjama. &hellip;<\/p><\/div>\n                <a href=\"https:\/\/kolibrici.hr\/index.php\/2023\/12\/07\/ispravno-postupanje-s-djetetom-baby-handling\/\" class=\"u-blog-control u-border-2 u-border-no-left u-border-no-right u-border-no-top u-border-palette-1-base u-btn u-btn-rectangle u-button-style u-none u-btn-1\">Read More<\/a>\n              <\/div>\n            <\/div>\n            <div class=\"u-blog-post u-invisible u-container-style u-repeater-item u-video-cover u-white\">\n              <div class=\"u-container-layout u-similar-container u-valign-top u-container-layout-2\">\n                <h4 class=\"u-blog-control u-text u-text-3\">\n                  <a class=\"u-post-header-link\" href=\"https:\/\/kolibrici.hr\/index.php\/2023\/12\/07\/iskustva-majke-nedonosceta\/\">ISKUSTVA MAJKE NEDONO\u0160\u010cETA<\/a>\n                <\/h4><a class=\"u-blog-control u-expanded-width u-image u-image-default u-image-3\" href=\"https:\/\/kolibrici.hr\/index.php\/2023\/12\/07\/iskustva-majke-nedonosceta\/\">\n                <img decoding=\"async\" alt=\"\" class=\"u-blog-control u-expanded-width u-image u-image-default u-image-3\" src=\"https:\/\/kolibrici.hr\/wp-content\/uploads\/2023\/12\/Kolibri_logo-removebg-preview.png\"><\/a>\n                <div class=\"u-blog-control u-post-content u-text u-text-4\"><p>Odli\u010dan priru\u010dnik \u201cIskustvo majke nedono\u0161\u010deta\u201d vlastitim iskustvima autorice Nade Bjel\u010di\u0107 daje pregled od prvih dana boravka u JINT-u do svakodnevne&hellip;<\/p><\/div>\n                <a href=\"https:\/\/kolibrici.hr\/index.php\/2023\/12\/07\/iskustva-majke-nedonosceta\/\" class=\"u-blog-control u-border-2 u-border-no-left u-border-no-right u-border-no-top u-border-palette-1-base u-btn u-btn-rectangle u-button-style u-none u-btn-2\">Read More<\/a>\n              <\/div>\n            <\/div>\n            <div class=\"u-blog-post u-invisible u-container-style u-repeater-item u-video-cover u-white\">\n              <div class=\"u-container-layout u-similar-container u-valign-top u-container-layout-3\">\n                <h4 class=\"u-blog-control u-text u-text-5\">\n                  <a class=\"u-post-header-link\" href=\"https:\/\/kolibrici.hr\/index.php\/2023\/12\/07\/bontoncic-ili-kako-svima-biti-prijatelj\/\">BONTON\u010cI\u0106 ILI KAKO SVIMA BITI PRIJATELJ<\/a>\n                <\/h4><a class=\"u-blog-control u-expanded-width u-image u-image-default u-image-4\" href=\"https:\/\/kolibrici.hr\/index.php\/2023\/12\/07\/bontoncic-ili-kako-svima-biti-prijatelj\/\">\n                <img decoding=\"async\" alt=\"\" class=\"u-blog-control u-expanded-width u-image u-image-default u-image-4\" src=\"https:\/\/kolibrici.hr\/wp-content\/uploads\/2023\/12\/Kolibri_logo-removebg-preview.png\"><\/a>\n                <div class=\"u-blog-control u-post-content u-text u-text-6\">U tvom vrti\u0107u, \u0161koli, ku\u0107i ili ulici ima djece koja imaju neko tjelesno o\u0161te\u0107enje pa se te\u017ee kre\u0107u ili ne mogu hodati, slabije \u010duju ili su gluha, &hellip;<\/div>\n                <a href=\"https:\/\/kolibrici.hr\/index.php\/2023\/12\/07\/bontoncic-ili-kako-svima-biti-prijatelj\/\" class=\"u-blog-control u-border-2 u-border-no-left u-border-no-right u-border-no-top u-border-palette-1-base u-btn u-btn-rectangle u-button-style u-none u-btn-3\">Read More<\/a>\n              <\/div>\n            <\/div>\n            <div class=\"u-blog-post u-invisible u-container-style u-repeater-item u-white u-repeater-item-1\">\n              <div class=\"u-container-layout u-similar-container u-valign-top u-container-layout-1\">\n                <h4 class=\"u-blog-control u-text u-text-1\">\n                  <a class=\"u-post-header-link\" href=\"https:\/\/kolibrici.hr\/index.php\/2023\/12\/07\/bonton-u-svakodnevnoj-komunikaciji-s-osobama-s-invaliditetom\/\">BONTON U SVAKODNEVNOJ KOMUNIKACIJI S OSOBAMA S INVALIDITETOM<\/a>\n                <\/h4><a class=\"u-blog-control u-expanded-width u-image u-image-default u-image-2\" href=\"https:\/\/kolibrici.hr\/index.php\/2023\/12\/07\/bonton-u-svakodnevnoj-komunikaciji-s-osobama-s-invaliditetom\/\">\n                <img decoding=\"async\" alt=\"\" class=\"u-blog-control u-expanded-width u-image u-image-default u-image-2\" src=\"https:\/\/kolibrici.hr\/wp-content\/uploads\/2023\/12\/Kolibri_logo-removebg-preview.png\"><\/a>\n                <div class=\"u-blog-control u-post-content u-text u-text-2\">Mo\u017eda se pitate za\u0161to nam je potreban takav bonton? Odgovor je sljede\u0107i: \u00a0iako svaka peta osoba ima neku vrstu invaliditeta, ljudi su obi\u010dno zbunjeni&hellip;<\/div>\n                <a href=\"https:\/\/kolibrici.hr\/index.php\/2023\/12\/07\/bonton-u-svakodnevnoj-komunikaciji-s-osobama-s-invaliditetom\/\" class=\"u-blog-control u-border-2 u-border-no-left u-border-no-right u-border-no-top u-border-palette-1-base u-btn u-btn-rectangle u-button-style u-none u-btn-1\">Read More<\/a>\n              <\/div>\n            <\/div>\n            <div class=\"u-blog-post u-invisible u-container-style u-repeater-item u-video-cover u-white\">\n              <div class=\"u-container-layout u-similar-container u-valign-top u-container-layout-2\">\n                <h4 class=\"u-blog-control u-text u-text-3\">\n                  <a class=\"u-post-header-link\" href=\"https:\/\/kolibrici.hr\/index.php\/2023\/12\/07\/kako-olaksati-djetetu-da-se-suoci-s-bolescu-clana-obitelji\/\">KAKO OLAK\u0160ATI DJETETU DA SE SUO\u010cI S BOLE\u0160\u0106U \u010cLANA OBITELJI?<\/a>\n                <\/h4><a class=\"u-blog-control u-expanded-width u-image u-image-default u-image-3\" href=\"https:\/\/kolibrici.hr\/index.php\/2023\/12\/07\/kako-olaksati-djetetu-da-se-suoci-s-bolescu-clana-obitelji\/\">\n                <img decoding=\"async\" alt=\"\" class=\"u-blog-control u-expanded-width u-image u-image-default u-image-3\" src=\"https:\/\/kolibrici.hr\/wp-content\/uploads\/2023\/12\/Kolibri_logo-removebg-preview.png\"><\/a>\n                <div class=\"u-blog-control u-post-content u-text u-text-4\">Djeca se na razli\u010dite na\u010dine nose s osje\u0107ajima neizvjesnosti, bespomo\u0107nosti, straha i tuge koja se javi kada ne netko od \u010dlanova njegove obitelji &hellip;<\/div>\n                <a href=\"https:\/\/kolibrici.hr\/index.php\/2023\/12\/07\/kako-olaksati-djetetu-da-se-suoci-s-bolescu-clana-obitelji\/\" class=\"u-blog-control u-border-2 u-border-no-left u-border-no-right u-border-no-top u-border-palette-1-base u-btn u-btn-rectangle u-button-style u-none u-btn-2\">Read More<\/a>\n              <\/div>\n            <\/div>\n            <div class=\"u-blog-post u-invisible u-container-style u-repeater-item u-video-cover u-white\">\n              <div class=\"u-container-layout u-similar-container u-valign-top u-container-layout-3\">\n                <h4 class=\"u-blog-control u-text u-text-5\">\n                  <a class=\"u-post-header-link\" href=\"https:\/\/kolibrici.hr\/index.php\/2023\/12\/07\/kako-pomoci-tugujucem-djetetu\/\">KAKO POMO\u0106I TUGUJU\u0106EM DJETETU?<\/a>\n                <\/h4><a class=\"u-blog-control u-expanded-width u-image u-image-default u-image-4\" href=\"https:\/\/kolibrici.hr\/index.php\/2023\/12\/07\/kako-pomoci-tugujucem-djetetu\/\">\n                <img decoding=\"async\" alt=\"\" class=\"u-blog-control u-expanded-width u-image u-image-default u-image-4\" src=\"https:\/\/kolibrici.hr\/wp-content\/uploads\/2023\/12\/Kolibri_logo-removebg-preview.png\"><\/a>\n                <div class=\"u-blog-control u-post-content u-text u-text-6\">Danas se zna da djeca do\u017eivljavaju gubitak na na\u010din razli\u010dit od onog na koji to do\u017eivljavaju odrasli. Naime djeca su ovisnija o svojoj neposrednoj &hellip;<\/div>\n                <a href=\"https:\/\/kolibrici.hr\/index.php\/2023\/12\/07\/kako-pomoci-tugujucem-djetetu\/\" class=\"u-blog-control u-border-2 u-border-no-left u-border-no-right u-border-no-top u-border-palette-1-base u-btn u-btn-rectangle u-button-style u-none u-btn-3\">Read More<\/a>\n              <\/div>\n            <\/div>\n            <div class=\"u-blog-post u-invisible u-container-style u-repeater-item u-white u-repeater-item-1\">\n              <div class=\"u-container-layout u-similar-container u-valign-top u-container-layout-1\">\n                <h4 class=\"u-blog-control u-text u-text-1\">\n                  <a class=\"u-post-header-link\" href=\"https:\/\/kolibrici.hr\/index.php\/2023\/12\/07\/obitelji-s-kronicno-bolesnom-djecom\/\">OBITELJI S KRONI\u010cNO BOLESNOM DJECOM<\/a>\n                <\/h4><a class=\"u-blog-control u-expanded-width u-image u-image-default u-image-2\" href=\"https:\/\/kolibrici.hr\/index.php\/2023\/12\/07\/obitelji-s-kronicno-bolesnom-djecom\/\">\n                <img decoding=\"async\" alt=\"\" class=\"u-blog-control u-expanded-width u-image u-image-default u-image-2\" src=\"https:\/\/kolibrici.hr\/wp-content\/uploads\/2023\/12\/Kolibri_logo-removebg-preview.png\"><\/a>\n                <div class=\"u-blog-control u-post-content u-text u-text-2\">Ova je knjiga namijenjena obiteljima s kroni\u010dno bolesnom djecom i pokriva cijeli spektar \u2014 od uro\u0111enih bolesti, kroni\u010dnih alergija, tjelesnog i &hellip;<\/div>\n                <a href=\"https:\/\/kolibrici.hr\/index.php\/2023\/12\/07\/obitelji-s-kronicno-bolesnom-djecom\/\" class=\"u-blog-control u-border-2 u-border-no-left u-border-no-right u-border-no-top u-border-palette-1-base u-btn u-btn-rectangle u-button-style u-none u-btn-1\">Read More<\/a>\n              <\/div>\n            <\/div>\n            <div class=\"u-blog-post u-invisible u-container-style u-repeater-item u-video-cover u-white\">\n              <div class=\"u-container-layout u-similar-container u-valign-top u-container-layout-2\">\n                <h4 class=\"u-blog-control u-text u-text-3\">\n                  <a class=\"u-post-header-link\" href=\"https:\/\/kolibrici.hr\/index.php\/2023\/12\/06\/hello-world\/\">Hello world!<\/a>\n                <\/h4><div class=\"none-post-image\" style=\"display: none;\"><\/div>\n                <div class=\"u-blog-control u-post-content u-text u-text-4\"><p>\nWelcome to WordPress. This is your first post. Edit or delete it, then start writing!\n<\/p><\/div>\n                <a href=\"https:\/\/kolibrici.hr\/index.php\/2023\/12\/06\/hello-world\/\" class=\"u-blog-control u-border-2 u-border-no-left u-border-no-right u-border-no-top u-border-palette-1-base u-btn u-btn-rectangle u-button-style u-none u-btn-2\">Read More<\/a>\n              <\/div>\n            <\/div>\n          <\/div>\n        <\/div>\n      <\/div>\n    <\/section>\n    \n    \n    \n    \n  \n<\/div>","protected":false},"excerpt":{"rendered":"<p>Udruga Kolibri\u0107i Udruga roditelja vitalno ugro\u017eene djece. SPINALNA MI\u0160I\u0106NA ATROFIJA (SMA) Dragi roditelji\/staratelji i zdravstveni djelatnici, posjetite odli\u010dnu i jednostavnu internetsku stranicu koja je osmi\u0161ljena kako bi vam pomogla uo\u010diti rane simptome spinalne mi\u0161i\u0107ne atrofije (SMA).Posjeti stranicu>>\u0160TO JE SMA?Spinalna mi\u0161i\u0107na atrofija (S&#8230; Read More ZAGREB FIREFIGHTER STAIR CHALLENGE 2021 Dragi na\u0161i prijatelji,s\u00a0ponosom i rado\u0161\u0107u najavljujemo [&hellip;]<\/p>\n","protected":false},"author":1,"featured_media":0,"parent":0,"menu_order":54,"comment_status":"closed","ping_status":"closed","template":"","meta":{"footnotes":""},"_links":{"self":[{"href":"https:\/\/kolibrici.hr\/index.php\/wp-json\/wp\/v2\/pages\/1667"}],"collection":[{"href":"https:\/\/kolibrici.hr\/index.php\/wp-json\/wp\/v2\/pages"}],"about":[{"href":"https:\/\/kolibrici.hr\/index.php\/wp-json\/wp\/v2\/types\/page"}],"author":[{"embeddable":true,"href":"https:\/\/kolibrici.hr\/index.php\/wp-json\/wp\/v2\/users\/1"}],"replies":[{"embeddable":true,"href":"https:\/\/kolibrici.hr\/index.php\/wp-json\/wp\/v2\/comments?post=1667"}],"version-history":[{"count":1,"href":"https:\/\/kolibrici.hr\/index.php\/wp-json\/wp\/v2\/pages\/1667\/revisions"}],"predecessor-version":[{"id":1804,"href":"https:\/\/kolibrici.hr\/index.php\/wp-json\/wp\/v2\/pages\/1667\/revisions\/1804"}],"wp:attachment":[{"href":"https:\/\/kolibrici.hr\/index.php\/wp-json\/wp\/v2\/media?parent=1667"}],"curies":[{"name":"wp","href":"https:\/\/api.w.org\/{rel}","templated":true}]}}