{"id":379,"date":"2023-12-07T09:04:03","date_gmt":"2023-12-07T09:04:03","guid":{"rendered":"https:\/\/kolibrici.hr\/index.php\/povlastice-u-unutarnjem-putn\/"},"modified":"2023-12-07T09:04:34","modified_gmt":"2023-12-07T09:04:34","slug":"povlastice-u-unutarnjem-putn","status":"publish","type":"page","link":"https:\/\/kolibrici.hr\/index.php\/povlastice-u-unutarnjem-putn\/","title":{"rendered":"Povlastice u unutarnjem putn"},"content":{"rendered":"<div class=\"\" style=\"\" >\n  \n    <section class=\"u-align-left u-clearfix u-section-1\" id=\"sec-242d\">\n      <div class=\"u-clearfix u-sheet u-valign-middle u-sheet-1\">\n        <div class=\"fr-view u-clearfix u-rich-text u-text u-text-1\">\n          <h1>\n            <span style=\"line-height: 2.0;\">\n              <span class=\"u-text-palette-3-base\">Povlastice u unutarnjem putni\u010dkom prometu<\/span>\n            <\/span>\n          <\/h1>\n          <p id=\"isPasted\">Pravo na povlasticu prema <a href=\"https:\/\/narodne-novine.nn.hr\/clanci\/sluzbeni\/2000_09_97_1910.html\" target=\"_blank\" rel=\"noopener noreferrer\"><\/a>\n            <span class=\"u-text-palette-3-base\">\n              <a href=\"https:\/\/narodne-novine.nn.hr\/clanci\/sluzbeni\/2000_09_97_1910.html\" rel=\"noopener noreferrer\" target=\"_blank\">Zakonu o povlasticama u unutarnjem putni\u010dkom prometu<\/a>\n            <\/span> (NN br. <a class=\"u-active-none u-border-none u-btn u-button-style u-hover-none u-none u-text-palette-1-base\" href=\"https:\/\/narodne-novine.nn.hr\/clanci\/sluzbeni\/2000_09_97_1910.html\" rel=\"noopener noreferrer\" target=\"_blank\"><\/a>\n            <a class=\"u-active-none u-border-none u-btn u-button-style u-hover-none u-none u-text-palette-1-base\" href=\"https:\/\/narodne-novine.nn.hr\/clanci\/sluzbeni\/2000_09_97_1910.html\" rel=\"noopener noreferrer\" target=\"_blank\">\n              <span class=\"u-text-custom-color-1\">97\/00<\/span>\n            <\/a> i 101\/00) imaju:\n          <\/p>\n          <ul style=\"box-sizing: border-box; margin: 0px 0px 20px 7px; padding: 0px; border: 0px rgb(0, 0, 0); font-style: normal; font-variant-ligatures: normal; font-variant-caps: normal; font-variant-numeric: inherit; font-variant-east-asian: inherit; font-variant-alternates: inherit; font-weight: 400; font-stretch: inherit; font-size: 17.25px; line-height: inherit; font-family: &quot;open sans&quot;, Helvetica, Arial, sans-serif; font-optical-sizing: inherit; font-kerning: inherit; font-feature-settings: inherit; font-variation-settings: inherit; vertical-align: baseline; list-style: outside disc; color: rgb(0, 0, 0); letter-spacing: normal; orphans: 2; text-align: justify; text-indent: 0px; text-transform: none; widows: 2; word-spacing: 0px; -webkit-text-stroke-width: 0px; white-space: normal; background-color: rgb(248, 248, 248); text-decoration-thickness: initial; text-decoration-style: initial; text-decoration-color: initial;\">\n            <li style=\"box-sizing: border-box; margin: 0px 0px 0px 1em; padding: 3px 0px; border: 0px rgb(0, 0, 0); font: inherit; vertical-align: baseline; text-indent: 0px;\">Slijepe osobe koje imaju do 10% sposobnosti vida, gluhe i gluhoslijepe osobe, osobe&nbsp;s mentalnom retardacijom (te\u017eom i te\u0161kom), osobe s o\u0161te\u0107enjem organa za kretanje od najmanje 70%, kroni\u010dni bubre\u017eni bolesnici na hemodijalizi, osobe koje po posebnim propisima ostvaruju pravo na doplatak za pomo\u0107 i njegu druge osobe, djeca s te\u0161ko\u0107ama u razvoju \u010diji roditelji ostvaruju pravo na dopust do osme godine djetetova \u017eivota i na rad s polovicom punog radnog vremena zbog njege djeteta s te\u017eim smetnjama u razvoju<\/li>\n          <\/ul>\n          <p>&nbsp;<\/p>\n          <ul style=\"box-sizing: border-box; margin: 0px 0px 20px 7px; padding: 0px; border: 0px rgb(0, 0, 0); font-style: normal; font-variant-ligatures: normal; font-variant-caps: normal; font-variant-numeric: inherit; font-variant-east-asian: inherit; font-variant-alternates: inherit; font-weight: 400; font-stretch: inherit; font-size: 17.25px; line-height: inherit; font-family: &quot;open sans&quot;, Helvetica, Arial, sans-serif; font-optical-sizing: inherit; font-kerning: inherit; font-feature-settings: inherit; font-variation-settings: inherit; vertical-align: baseline; list-style: outside disc; color: rgb(0, 0, 0); letter-spacing: normal; orphans: 2; text-align: justify; text-indent: 0px; text-transform: none; widows: 2; word-spacing: 0px; -webkit-text-stroke-width: 0px; white-space: normal; background-color: rgb(248, 248, 248); text-decoration-thickness: initial; text-decoration-style: initial; text-decoration-color: initial;\">\n            <li style=\"box-sizing: border-box; margin: 0px 0px 0px 1em; padding: 3px 0px; border: 0px rgb(0, 0, 0); font: inherit; vertical-align: baseline; text-indent: 0px;\">Vojni i civilni invalidi rata<\/li>\n          <\/ul>\n          <p>&nbsp;<\/p>\n          <p>Osobe s invaliditetom imaju pravo na povlasticu u unutarnjem putni\u010dkom prometu od 75% od redovne cijene vozne karte za \u010detiri putovanja godi\u0161nje \u017eeljeznicom ili brodom.<\/p>\n          <p>Korisnik povlastice ne mo\u017ee biti pratitelj osobe s invaliditetom; tj. pratnja korisniku povlastice ne smije biti osoba s invaliditetom.<\/p>\n          <p>Jednim putovanjem smatra se odlazak iz polaznog mjesta u uputno mjesto i povratak nazad, a pratnja osobi s invaliditetom ima pravo na besplatnu vo\u017enju.<\/p>\n          <p>Osobe s invaliditetom i njihova pratnja imaju pravo na povlasticu za prijevoz brodom &nbsp;i za prijevoz u prvom i drugom razredu putni\u010dkog ili brzog vlaka.<\/p>\n          <p>Osobe s invaliditetom i njihovi pratitelji koriste povlastice na temelju objave koju izdaje nadle\u017eno tijelo uprave za Grad Zagreb.<\/p>\n          <p>Dokumentacija potrebna za izdavanje objave za osobu s invaliditetom<\/p>\n          <ul style=\"box-sizing: border-box; margin: 0px 0px 20px 7px; padding: 0px; border: 0px rgb(0, 0, 0); font-style: normal; font-variant-ligatures: normal; font-variant-caps: normal; font-variant-numeric: inherit; font-variant-east-asian: inherit; font-variant-alternates: inherit; font-weight: 400; font-stretch: inherit; font-size: 17.25px; line-height: inherit; font-family: &quot;open sans&quot;, Helvetica, Arial, sans-serif; font-optical-sizing: inherit; font-kerning: inherit; font-feature-settings: inherit; font-variation-settings: inherit; vertical-align: baseline; list-style: outside disc; color: rgb(0, 0, 0); letter-spacing: normal; orphans: 2; text-align: justify; text-indent: 0px; text-transform: none; widows: 2; word-spacing: 0px; -webkit-text-stroke-width: 0px; white-space: normal; background-color: rgb(248, 248, 248); text-decoration-thickness: initial; text-decoration-style: initial; text-decoration-color: initial;\">\n            <li style=\"box-sizing: border-box; margin: 0px 0px 0px 1em; padding: 3px 0px; border: 0px rgb(0, 0, 0); font: inherit; vertical-align: baseline; text-indent: 0px;\">Preslika Rje\u0161enja o invaliditetu<\/li>\n            <li style=\"box-sizing: border-box; margin: 0px 0px 0px 1em; padding: 3px 0px; border: 0px rgb(0, 0, 0); font: inherit; vertical-align: baseline; text-indent: 0px;\">Preslika osobne iskaznice i OIB<\/li>\n          <\/ul>\n          <p>Dokumentacija potrebna za izdavanje objave za pratnju<\/p>\n          <ul style=\"box-sizing: border-box; margin: 0px 0px 20px 7px; padding: 0px; border: 0px rgb(0, 0, 0); font-style: normal; font-variant-ligatures: normal; font-variant-caps: normal; font-variant-numeric: inherit; font-variant-east-asian: inherit; font-variant-alternates: inherit; font-weight: 400; font-stretch: inherit; font-size: 17.25px; line-height: inherit; font-family: &quot;open sans&quot;, Helvetica, Arial, sans-serif; font-optical-sizing: inherit; font-kerning: inherit; font-feature-settings: inherit; font-variation-settings: inherit; vertical-align: baseline; list-style: outside disc; color: rgb(0, 0, 0); letter-spacing: normal; orphans: 2; text-align: justify; text-indent: 0px; text-transform: none; widows: 2; word-spacing: 0px; -webkit-text-stroke-width: 0px; white-space: normal; background-color: rgb(248, 248, 248); text-decoration-thickness: initial; text-decoration-style: initial; text-decoration-color: initial;\">\n            <li style=\"box-sizing: border-box; margin: 0px 0px 0px 1em; padding: 3px 0px; border: 0px rgb(0, 0, 0); font: inherit; vertical-align: baseline; text-indent: 0px;\">Preslika osobne iskaznice i OIB<\/li>\n            <li style=\"box-sizing: border-box; margin: 0px 0px 0px 1em; padding: 3px 0px; border: 0px rgb(0, 0, 0); font: inherit; vertical-align: baseline; text-indent: 0px;\">Potvrda da se osoba ne nalazi u evidenciji osoba s utvr\u0111enim tjelesnim o\u0161te\u0107enjem (Hrvatski zavod za mirovinsko osiguranje, Tvrtkova 5)<\/li>\n          <\/ul>\n          <p>&nbsp;<\/p>\n          <p>U Gradu Zagrebu, objave za osobe s invaliditetom izdaju se u&nbsp;Gradskom uredu za socijalnu za\u0161titu i osobe s invaliditetom, Odjel za za\u0161titu osoba&nbsp;s invaliditetom, Trg Stjepana Radi\u0107a 1, soba 236.<\/p>\n          <p>\n            <span class=\"u-text-palette-3-base\">Informacije: 01\/6101-236.<\/span>\n          <\/p>\n        <\/div>\n      <\/div>\n    <\/section>\n    \n    \n    \n    \n  \n<\/div>","protected":false},"excerpt":{"rendered":"<p>Povlastice u unutarnjem putni\u010dkom prometu Pravo na povlasticu prema Zakonu o povlasticama u unutarnjem putni\u010dkom prometu (NN br. 97\/00 i 101\/00) imaju: Slijepe osobe koje imaju do 10% sposobnosti vida, gluhe i gluhoslijepe osobe, osobe&nbsp;s mentalnom retardacijom (te\u017eom i te\u0161kom), osobe s o\u0161te\u0107enjem organa za kretanje od najmanje 70%, kroni\u010dni bubre\u017eni bolesnici na hemodijalizi, osobe [&hellip;]<\/p>\n","protected":false},"author":1,"featured_media":0,"parent":0,"menu_order":41,"comment_status":"closed","ping_status":"closed","template":"","meta":{"footnotes":""},"_links":{"self":[{"href":"https:\/\/kolibrici.hr\/index.php\/wp-json\/wp\/v2\/pages\/379"}],"collection":[{"href":"https:\/\/kolibrici.hr\/index.php\/wp-json\/wp\/v2\/pages"}],"about":[{"href":"https:\/\/kolibrici.hr\/index.php\/wp-json\/wp\/v2\/types\/page"}],"author":[{"embeddable":true,"href":"https:\/\/kolibrici.hr\/index.php\/wp-json\/wp\/v2\/users\/1"}],"replies":[{"embeddable":true,"href":"https:\/\/kolibrici.hr\/index.php\/wp-json\/wp\/v2\/comments?post=379"}],"version-history":[{"count":1,"href":"https:\/\/kolibrici.hr\/index.php\/wp-json\/wp\/v2\/pages\/379\/revisions"}],"predecessor-version":[{"id":516,"href":"https:\/\/kolibrici.hr\/index.php\/wp-json\/wp\/v2\/pages\/379\/revisions\/516"}],"wp:attachment":[{"href":"https:\/\/kolibrici.hr\/index.php\/wp-json\/wp\/v2\/media?parent=379"}],"curies":[{"name":"wp","href":"https:\/\/api.w.org\/{rel}","templated":true}]}}