{"id":388,"date":"2023-12-07T09:04:12","date_gmt":"2023-12-07T09:04:12","guid":{"rendered":"https:\/\/kolibrici.hr\/index.php\/znak-pristupacnosti\/"},"modified":"2023-12-07T09:04:35","modified_gmt":"2023-12-07T09:04:35","slug":"znak-pristupacnosti","status":"publish","type":"page","link":"https:\/\/kolibrici.hr\/index.php\/znak-pristupacnosti\/","title":{"rendered":"Znak pristupa\u010dnosti"},"content":{"rendered":"<div class=\"\" style=\"\" >\n  \n    <section class=\"u-align-left u-clearfix u-section-1\" id=\"sec-3f15\">\n      <div class=\"u-clearfix u-sheet u-valign-middle u-sheet-1\">\n        <div class=\"fr-view u-clearfix u-rich-text u-text u-text-1\">\n          <h1 style=\"text-align: left;\">\n            <span style=\"line-height: 2.0;\">\n              <span class=\"u-text-custom-color-1\">Znak pristupa\u010dnosti<\/span>\n            <\/span>\n          <\/h1>\n          <p id=\"isPasted\">Znak pristupa\u010dnosti omogu\u0107ava parkiranje vozila kojima se prevoze osobe s invaliditetom na parkirali\u0161na mjesta koja su za tu svrhu posebno obilje\u017eena<\/p>\n          <ul style=\"box-sizing: border-box; margin: 0px 0px 20px 7px; padding: 0px; border: 0px rgb(0, 0, 0); font-style: normal; font-variant-ligatures: normal; font-variant-caps: normal; font-variant-numeric: inherit; font-variant-east-asian: inherit; font-variant-alternates: inherit; font-weight: 400; font-stretch: inherit; font-size: 17.25px; line-height: inherit; font-family: &quot;open sans&quot;, Helvetica, Arial, sans-serif; font-optical-sizing: inherit; font-kerning: inherit; font-feature-settings: inherit; font-variation-settings: inherit; vertical-align: baseline; list-style: outside disc; color: rgb(0, 0, 0); letter-spacing: normal; orphans: 2; text-align: justify; text-indent: 0px; text-transform: none; widows: 2; word-spacing: 0px; -webkit-text-stroke-width: 0px; white-space: normal; background-color: rgb(248, 248, 248); text-decoration-thickness: initial; text-decoration-style: initial; text-decoration-color: initial;\">\n            <li style=\"box-sizing: border-box; margin: 0px 0px 0px 1em; padding: 3px 0px; border: 0px rgb(0, 0, 0); font: inherit; vertical-align: baseline; text-indent: 0px;\">\n              <span class=\"u-text-custom-color-1\">Znak pristupa\u010dnosti va\u017ei u slu\u010daju kada vozilom upravlja osoba s invaliditetom sa 80 ili vi\u0161e posto tjelesnog o\u0161te\u0107enja, odnosno osobe koje imaju o\u0161te\u0107enja donjih ekstremiteta 60 ili vi\u0161e posto, ili ako se osoba s invaliditetom nalazi u vozilu. Pravo na znak pristupa\u010dnosti tako\u0111er ima i vozilo udruge osoba s invaliditetom.<\/span>\n            <\/li>\n          <\/ul>\n          <p>&nbsp;<\/p>\n          <ul style=\"box-sizing: border-box; margin: 0px 0px 20px 7px; padding: 0px; border: 0px rgb(0, 0, 0); font-style: normal; font-variant-ligatures: normal; font-variant-caps: normal; font-variant-numeric: inherit; font-variant-east-asian: inherit; font-variant-alternates: inherit; font-weight: 400; font-stretch: inherit; font-size: 17.25px; line-height: inherit; font-family: &quot;open sans&quot;, Helvetica, Arial, sans-serif; font-optical-sizing: inherit; font-kerning: inherit; font-feature-settings: inherit; font-variation-settings: inherit; vertical-align: baseline; list-style: outside disc; color: rgb(0, 0, 0); letter-spacing: normal; orphans: 2; text-align: justify; text-indent: 0px; text-transform: none; widows: 2; word-spacing: 0px; -webkit-text-stroke-width: 0px; white-space: normal; background-color: rgb(248, 248, 248); text-decoration-thickness: initial; text-decoration-style: initial; text-decoration-color: initial;\">\n            <li style=\"box-sizing: border-box; margin: 0px 0px 0px 1em; padding: 3px 0px; border: 0px rgb(0, 0, 0); font: inherit; vertical-align: baseline; text-indent: 0px;\">Vozila osoba s invaliditetom, kao i vozila udruge osoba s invaliditetom, mogu biti obilje\u017eena me\u0111unarodnim znakom invalida, a pravo na parkiranje mogu ostvariti samo uz predo\u010denje znaka pristupa\u010dnosti.<\/li>\n          <\/ul>\n          <p>Za ostvarenje ove povlastice potrebno se obratiti u Podru\u010dni ured, Tvrtkova 5, Zagreb ili u ostale Urede dr\u017eavne uprave u \u017eupanijama&nbsp;<\/p>\n          <p>Kako bi osoba stekla pravo na kori\u0161tenje znaka pristupa\u010dnosti podnositelj zahtjeva treba prilo\u017eiti:<\/p>\n          <ul style=\"box-sizing: border-box; margin: 0px 0px 20px 7px; padding: 0px; border: 0px rgb(0, 0, 0); font-style: normal; font-variant-ligatures: normal; font-variant-caps: normal; font-variant-numeric: inherit; font-variant-east-asian: inherit; font-variant-alternates: inherit; font-weight: 400; font-stretch: inherit; font-size: 17.25px; line-height: inherit; font-family: &quot;open sans&quot;, Helvetica, Arial, sans-serif; font-optical-sizing: inherit; font-kerning: inherit; font-feature-settings: inherit; font-variation-settings: inherit; vertical-align: baseline; list-style: outside disc; color: rgb(0, 0, 0); letter-spacing: normal; orphans: 2; text-align: justify; text-indent: 0px; text-transform: none; widows: 2; word-spacing: 0px; -webkit-text-stroke-width: 0px; white-space: normal; background-color: rgb(248, 248, 248); text-decoration-thickness: initial; text-decoration-style: initial; text-decoration-color: initial;\">\n            <li style=\"box-sizing: border-box; margin: 0px 0px 0px 1em; padding: 3px 0px; border: 0px rgb(0, 0, 0); font: inherit; vertical-align: baseline; text-indent: 0px;\">zahtjev;<\/li>\n            <li style=\"box-sizing: border-box; margin: 0px 0px 0px 1em; padding: 3px 0px; border: 0px rgb(0, 0, 0); font: inherit; vertical-align: baseline; text-indent: 0px;\">35,00 kuna administrativnih biljega;<\/li>\n            <li style=\"box-sizing: border-box; margin: 0px 0px 0px 1em; padding: 3px 0px; border: 0px rgb(0, 0, 0); font: inherit; vertical-align: baseline; text-indent: 0px;\">novi nalaz i mi\u0161ljenje&nbsp;Zavoda za vje\u0161ta\u010denje, profesionalnu rehabilitaciju i zapo\u0161ljavanje osoba s invaliditetom, 60% i vi\u0161e na donje ekstremitete<\/li>\n            <li style=\"box-sizing: border-box; margin: 0px 0px 0px 1em; padding: 3px 0px; border: 0px rgb(0, 0, 0); font: inherit; vertical-align: baseline; text-indent: 0px;\">80% i vi\u0161e na ostalo;<\/li>\n            <li style=\"box-sizing: border-box; margin: 0px 0px 0px 1em; padding: 3px 0px; border: 0px rgb(0, 0, 0); font: inherit; vertical-align: baseline; text-indent: 0px;\">fotografija (1), 35 mm x 45 mm (3,5 cm x 4,5 cm).<\/li>\n          <\/ul>\n          <p>&nbsp;<\/p>\n          <p>Znak pristupa\u010dnosti i parkiranje<\/p>\n          <p>Prava koja proizlaze iz znaka pristupa\u010dnosti ne smije koristiti osoba bez invaliditeta.<\/p>\n          <p>Za fizi\u010dke osobe koje svoj znak pristupa\u010dnosti ustupe na kori\u0161tenje ili ga same koriste suprotno propisanom propisane su kazne. Fizi\u010dkoj osobi koja se dva ili vi\u0161e puta pravomo\u0107no kazni za navedene prekr\u0161aje, privremeno se oduzima znak pristupa\u010dnosti na rok od dvije godine.<\/p>\n          <p>Voza\u010d ne smije zaustaviti ili parkirati vozilo na mjestu rezerviranom za parkiranje vozila osoba s invaliditetom, a ako u\u010dini takav prekr\u0161aj kaznit \u0107e se sa 700 kuna nov\u010dane kazne. Policijski slu\u017ebenik ili slu\u017ebenik jedinice lokalne samouprave mo\u017ee narediti premje\u0161tanje vozila parkiranog ili zaustavljenog na mjestu rezerviranom za zaustavljanje i parkiranje vozila osoba s invaliditetom.<\/p>\n          <p>Policijski slu\u017ebenici na terenu nadziru nepropisnu uporabu znaka pristupa\u010dnosti, te kontinuirano obilaze parkirali\u0161na mjesta namijenjena za vozila osoba s invaliditetom i sankcioniraju sva neozna\u010dena i nepropisno parkirana vozila na takvim mjestima.\nDodatne informacije:<\/p>\n          <p>\n            <a class=\"u-active-none u-border-none u-btn u-button-style u-hover-none u-none u-text-palette-1-base\" href=\"https:\/\/sredisnjikatalogrh.gov.hr\/cadial\/searchdoc.php?action=search&amp;lang=hr&amp;query=%22Pravilnik+o+znaku+pristupa%C4%8Dnosti+%28NN+078%2F2008%29%22&amp;searchText=on&amp;searchTitle=on&amp;resultdetails=basic&amp;bid=ZCOD9cKNXRY%2fx9Xi5sCGYg%3d%3d&amp;annotate=on\" rel=\"noopener noreferrer\" target=\"_blank\">\n              <span class=\"u-text-palette-3-base\">Pravilnik o znaku pristupa\u010dnosti<\/span>\n            <\/a>\n          <\/p>\n        <\/div>\n      <\/div>\n    <\/section>\n    \n    \n    \n    \n  \n<\/div>","protected":false},"excerpt":{"rendered":"<p>Znak pristupa\u010dnosti Znak pristupa\u010dnosti omogu\u0107ava parkiranje vozila kojima se prevoze osobe s invaliditetom na parkirali\u0161na mjesta koja su za tu svrhu posebno obilje\u017eena Znak pristupa\u010dnosti va\u017ei u slu\u010daju kada vozilom upravlja osoba s invaliditetom sa 80 ili vi\u0161e posto tjelesnog o\u0161te\u0107enja, odnosno osobe koje imaju o\u0161te\u0107enja donjih ekstremiteta 60 ili vi\u0161e posto, ili ako se [&hellip;]<\/p>\n","protected":false},"author":1,"featured_media":0,"parent":0,"menu_order":50,"comment_status":"closed","ping_status":"closed","template":"","meta":{"footnotes":""},"_links":{"self":[{"href":"https:\/\/kolibrici.hr\/index.php\/wp-json\/wp\/v2\/pages\/388"}],"collection":[{"href":"https:\/\/kolibrici.hr\/index.php\/wp-json\/wp\/v2\/pages"}],"about":[{"href":"https:\/\/kolibrici.hr\/index.php\/wp-json\/wp\/v2\/types\/page"}],"author":[{"embeddable":true,"href":"https:\/\/kolibrici.hr\/index.php\/wp-json\/wp\/v2\/users\/1"}],"replies":[{"embeddable":true,"href":"https:\/\/kolibrici.hr\/index.php\/wp-json\/wp\/v2\/comments?post=388"}],"version-history":[{"count":1,"href":"https:\/\/kolibrici.hr\/index.php\/wp-json\/wp\/v2\/pages\/388\/revisions"}],"predecessor-version":[{"id":525,"href":"https:\/\/kolibrici.hr\/index.php\/wp-json\/wp\/v2\/pages\/388\/revisions\/525"}],"wp:attachment":[{"href":"https:\/\/kolibrici.hr\/index.php\/wp-json\/wp\/v2\/media?parent=388"}],"curies":[{"name":"wp","href":"https:\/\/api.w.org\/{rel}","templated":true}]}}